{"id":258,"date":"2020-04-16T10:55:19","date_gmt":"2020-04-16T10:55:19","guid":{"rendered":"https:\/\/bridge356.qodeinteractive.com\/?page_id=7"},"modified":"2025-07-21T20:24:30","modified_gmt":"2025-07-21T18:24:30","slug":"home","status":"publish","type":"page","link":"https:\/\/www.fotolibera.com\/mif\/","title":{"rendered":"Home"},"content":{"rendered":"\t\t<div data-elementor-type=\"wp-page\" data-elementor-id=\"258\" class=\"elementor elementor-258\" data-elementor-post-type=\"page\">\n\t\t\t\t\t\t<section class=\"elementor-section elementor-top-section elementor-element elementor-element-c62e8ba elementor-section-full_width elementor-section-height-default elementor-section-height-default parallax_section_no qode_elementor_container_no\" data-id=\"c62e8ba\" data-element_type=\"section\">\n\t\t\t\t\t\t<div class=\"elementor-container elementor-column-gap-no\">\n\t\t\t\t\t<div class=\"elementor-column elementor-col-100 elementor-top-column elementor-element elementor-element-6d9a38a\" data-id=\"6d9a38a\" data-element_type=\"column\">\n\t\t\t<div class=\"elementor-widget-wrap elementor-element-populated\">\n\t\t\t\t\t\t<div class=\"elementor-element elementor-element-81fc9c5 elementor-widget elementor-widget-slider_revolution\" data-id=\"81fc9c5\" data-element_type=\"widget\" data-widget_type=\"slider_revolution.default\">\n\t\t\t\t<div class=\"elementor-widget-container\">\n\t\t\t\t\t\n\t\t<div class=\"wp-block-themepunch-revslider\">\n\t\t\t<!-- START MIF 2025 REVOLUTION SLIDER 6.7.37 --><p class=\"rs-p-wp-fix\"><\/p>\n\t\t\t<rs-module-wrap id=\"rev_slider_9_1_wrapper\" data-source=\"gallery\" style=\"visibility:hidden;background:transparent;padding:0;margin:0px auto;margin-top:0;margin-bottom:0;\">\n\t\t\t\t<rs-module id=\"rev_slider_9_1\" style=\"\" data-version=\"6.7.37\">\n\t\t\t\t\t<rs-slides style=\"overflow: hidden; position: absolute;\">\n\t\t\t\t\t\t<rs-slide style=\"position: absolute;\" data-key=\"rs-35\" data-title=\"Grafica\" data-anim=\"ms:1500;\" data-in=\"o:1;x:(100%);\" data-out=\"a:false;\">\n\t\t\t\t\t\t\t<img fetchpriority=\"high\" decoding=\"async\" src=\"\/\/www.fotolibera.com\/mif\/wp-content\/plugins\/revslider\/sr6\/assets\/assets\/dummy.png\" alt=\"\" title=\"Grafdariook\" width=\"1920\" height=\"862\" class=\"rev-slidebg tp-rs-img rs-lazyload\" data-lazyload=\"\/\/www.fotolibera.com\/mif\/wp-content\/uploads\/2025\/07\/Grafdariook.jpg\" data-bg=\"p:center bottom;f:50% 100%;\" data-parallax=\"10\" data-no-retina>\n<!---->\t\t\t\t\t<\/rs-slide>\n\t\t\t\t\t\t<rs-slide style=\"position: absolute;\" data-key=\"rs-40\" data-title=\"Novelli\" data-in=\"o:1;y:100%;\" data-out=\"a:false;\">\n\t\t\t\t\t\t\t<img decoding=\"async\" src=\"\/\/www.fotolibera.com\/mif\/wp-content\/plugins\/revslider\/sr6\/assets\/assets\/dummy.png\" alt=\"\" title=\"Persone ecoseok\" width=\"1920\" height=\"862\" class=\"rev-slidebg tp-rs-img rs-lazyload\" data-lazyload=\"\/\/www.fotolibera.com\/mif\/wp-content\/uploads\/2025\/07\/Persone-ecoseok.jpg\" data-bg=\"p:center top;\" data-parallax=\"10\" data-no-retina>\n<!--\n\t\t\t\t\t\t\t--><rs-layer\n\t\t\t\t\t\t\t\tid=\"slider-9-slide-40-layer-1\" \n\t\t\t\t\t\t\t\tclass=\"News-Title\"\n\t\t\t\t\t\t\t\tdata-type=\"text\"\n\t\t\t\t\t\t\t\tdata-color=\"#ffffff||#ffffff||rgba(255,255,255,1)||rgba(255,255,255,1)\"\n\t\t\t\t\t\t\t\tdata-rsp_ch=\"on\"\n\t\t\t\t\t\t\t\tdata-xy=\"xo:80px,80px,38px,42px;yo:483px,483px,181px,81px;\"\n\t\t\t\t\t\t\t\tdata-text=\"w:normal;s:70;l:60;\"\n\t\t\t\t\t\t\t\tdata-dim=\"w:630px,630px,364px,364px;h:87px,87px,auto,auto;\"\n\t\t\t\t\t\t\t\tdata-frame_0=\"y:100%;o:1;\"\n\t\t\t\t\t\t\t\tdata-frame_0_mask=\"u:t;\"\n\t\t\t\t\t\t\t\tdata-frame_1=\"st:500;sp:1500;sR:500;\"\n\t\t\t\t\t\t\t\tdata-frame_1_mask=\"u:t;\"\n\t\t\t\t\t\t\t\tdata-frame_999=\"y:100%;e:nothing;st:w;sp:1000;sR:7000;\"\n\t\t\t\t\t\t\t\tdata-frame_999_mask=\"u:t;\"\n\t\t\t\t\t\t\t\tstyle=\"z-index:5;font-family:'Roboto Slab';\"\n\t\t\t\t\t\t\t>PERSONE E COSE \n\t\t\t\t\t\t\t<\/rs-layer><!--\n\n\t\t\t\t\t\t\t--><rs-layer\n\t\t\t\t\t\t\t\tid=\"slider-9-slide-40-layer-2\" \n\t\t\t\t\t\t\t\tdata-type=\"image\"\n\t\t\t\t\t\t\t\tdata-rsp_ch=\"on\"\n\t\t\t\t\t\t\t\tdata-xy=\"xo:77px,77px,40px,40px;yo:579px,579px,382px,282px;\"\n\t\t\t\t\t\t\t\tdata-text=\"l:4;\"\n\t\t\t\t\t\t\t\tdata-dim=\"w:293px,293px,350px,350px;h:3px,3px,4px,4px;\"\n\t\t\t\t\t\t\t\tdata-frame_0=\"x:-100%;o:1;\"\n\t\t\t\t\t\t\t\tdata-frame_0_mask=\"u:t;\"\n\t\t\t\t\t\t\t\tdata-frame_1=\"st:500;sp:1500;sR:500;\"\n\t\t\t\t\t\t\t\tdata-frame_1_mask=\"u:t;\"\n\t\t\t\t\t\t\t\tdata-frame_999=\"x:100%;st:w;sp:1000;sR:7000;\"\n\t\t\t\t\t\t\t\tdata-frame_999_mask=\"u:t;\"\n\t\t\t\t\t\t\t\tstyle=\"z-index:6;\"\n\t\t\t\t\t\t\t><img decoding=\"async\" src=\"\/\/www.fotolibera.com\/mif\/wp-content\/plugins\/revslider\/sr6\/assets\/assets\/dummy.png\" alt=\"\" class=\"tp-rs-img rs-lazyload\" width=\"350\" height=\"4\" data-lazyload=\"\/\/www.fotolibera.com\/mif\/wp-content\/uploads\/2023\/08\/1b195db9-2a73-4c1d-be3e-7a56171ceaa3.png\" data-no-retina> \n\t\t\t\t\t\t\t<\/rs-layer><!--\n\n\t\t\t\t\t\t\t--><rs-layer\n\t\t\t\t\t\t\t\tid=\"slider-9-slide-40-layer-3\" \n\t\t\t\t\t\t\t\tclass=\"News-Subtitle\"\n\t\t\t\t\t\t\t\tdata-type=\"text\"\n\t\t\t\t\t\t\t\tdata-color=\"#ffffff||#ffffff||rgba(255,255,255,1)||rgba(255,255,255,1)\"\n\t\t\t\t\t\t\t\tdata-rsp_ch=\"on\"\n\t\t\t\t\t\t\t\tdata-xy=\"xo:81px,81px,41px,41px;yo:605px,605px,401px,301px;\"\n\t\t\t\t\t\t\t\tdata-text=\"s:20,20,15,15;l:24;fw:300;\"\n\t\t\t\t\t\t\t\tdata-frame_0=\"y:-100%;o:1;\"\n\t\t\t\t\t\t\t\tdata-frame_0_mask=\"u:t;\"\n\t\t\t\t\t\t\t\tdata-frame_1=\"st:500;sp:1500;sR:500;\"\n\t\t\t\t\t\t\t\tdata-frame_1_mask=\"u:t;\"\n\t\t\t\t\t\t\t\tdata-frame_999=\"y:100%;e:nothing;st:w;sp:1000;sR:7000;\"\n\t\t\t\t\t\t\t\tdata-frame_999_mask=\"u:t;\"\n\t\t\t\t\t\t\t\tdata-frame_hover=\"c:rgba(255,255,255,0.65);bor:0,0,0px,0;bos:solid;bow:0px,0px,0px,0px;oX:50;oY:50;\"\n\t\t\t\t\t\t\t\tstyle=\"z-index:7;font-family:'Roboto Slab';cursor:pointer;\"\n\t\t\t\t\t\t\t>Una mostra di Paolo Novelli \n\t\t\t\t\t\t\t<\/rs-layer><!--\n-->\t\t\t\t\t<\/rs-slide>\n\t\t\t\t\t\t<rs-slide style=\"position: absolute;\" data-key=\"rs-38\" data-title=\"Fond.3M\" data-anim=\"ms:1500;\" data-in=\"o:1;x:(100%);\" data-out=\"a:false;\">\n\t\t\t\t\t\t\t<img loading=\"lazy\" decoding=\"async\" src=\"\/\/www.fotolibera.com\/mif\/wp-content\/plugins\/revslider\/sr6\/assets\/assets\/dummy.png\" alt=\"\" title=\"bevilacqua\" width=\"1000\" height=\"788\" class=\"rev-slidebg tp-rs-img rs-lazyload\" data-lazyload=\"\/\/www.fotolibera.com\/mif\/wp-content\/uploads\/2025\/06\/bevilacqua.jpg\" data-parallax=\"10\" data-no-retina>\n<!--\n\t\t\t\t\t\t\t--><rs-layer\n\t\t\t\t\t\t\t\tid=\"slider-9-slide-38-layer-1\" \n\t\t\t\t\t\t\t\tclass=\"News-Title\"\n\t\t\t\t\t\t\t\tdata-type=\"text\"\n\t\t\t\t\t\t\t\tdata-color=\"#ffffff||#ffffff||rgba(255,255,255,1)||rgba(255,255,255,1)\"\n\t\t\t\t\t\t\t\tdata-rsp_ch=\"on\"\n\t\t\t\t\t\t\t\tdata-xy=\"xo:75px,69px,40px,20px;yo:452px,406px,250px,142px;\"\n\t\t\t\t\t\t\t\tdata-text=\"w:normal;s:70,71,70,50;l:60,49,60,60;\"\n\t\t\t\t\t\t\t\tdata-dim=\"w:618px,519px,605px,449px;h:180px,150px,133px,133px;\"\n\t\t\t\t\t\t\t\tdata-frame_0=\"y:100%;o:1;\"\n\t\t\t\t\t\t\t\tdata-frame_0_mask=\"u:t;\"\n\t\t\t\t\t\t\t\tdata-frame_1=\"x:0,0px,0px,0px;y:0,0px,0px,0px;st:500;sp:1500;sR:500;\"\n\t\t\t\t\t\t\t\tdata-frame_1_mask=\"u:t;x:0,0px,0px,0px;y:0,0px,0px,0px;\"\n\t\t\t\t\t\t\t\tdata-frame_999=\"y:100%;e:nothing;st:w;sp:1000;sR:7000;\"\n\t\t\t\t\t\t\t\tdata-frame_999_mask=\"u:t;\"\n\t\t\t\t\t\t\t\tstyle=\"z-index:5;font-family:'Roboto Slab';\"\n\t\t\t\t\t\t\t>DIVENTERANNO\nFAMOSI \n\t\t\t\t\t\t\t<\/rs-layer><!--\n\n\t\t\t\t\t\t\t--><rs-layer\n\t\t\t\t\t\t\t\tid=\"slider-9-slide-38-layer-2\" \n\t\t\t\t\t\t\t\tdata-type=\"image\"\n\t\t\t\t\t\t\t\tdata-rsp_ch=\"on\"\n\t\t\t\t\t\t\t\tdata-xy=\"xo:80px,80px,40px,40px;yo:587px,587px,382px,282px;\"\n\t\t\t\t\t\t\t\tdata-text=\"l:4;\"\n\t\t\t\t\t\t\t\tdata-dim=\"w:612px,612px,586px,393px;h:5px,5px,4px,4px;\"\n\t\t\t\t\t\t\t\tdata-frame_0=\"x:-100%;o:1;\"\n\t\t\t\t\t\t\t\tdata-frame_0_mask=\"u:t;\"\n\t\t\t\t\t\t\t\tdata-frame_1=\"st:500;sp:1500;sR:500;\"\n\t\t\t\t\t\t\t\tdata-frame_1_mask=\"u:t;\"\n\t\t\t\t\t\t\t\tdata-frame_999=\"x:100%;st:w;sp:1000;sR:7000;\"\n\t\t\t\t\t\t\t\tdata-frame_999_mask=\"u:t;\"\n\t\t\t\t\t\t\t\tstyle=\"z-index:6;background-color:#ffffff;\"\n\t\t\t\t\t\t\t><img decoding=\"async\" src=\"\/\/www.fotolibera.com\/mif\/wp-content\/plugins\/revslider\/sr6\/assets\/assets\/dummy.png\" alt=\"\" class=\"tp-rs-img rs-lazyload\" width=\"350\" height=\"4\" data-lazyload=\"\/\/www.fotolibera.com\/mif\/wp-content\/uploads\/2023\/08\/1b195db9-2a73-4c1d-be3e-7a56171ceaa3.png\" data-no-retina> \n\t\t\t\t\t\t\t<\/rs-layer><!--\n\n\t\t\t\t\t\t\t--><rs-layer\n\t\t\t\t\t\t\t\tid=\"slider-9-slide-38-layer-3\" \n\t\t\t\t\t\t\t\tclass=\"News-Subtitle\"\n\t\t\t\t\t\t\t\tdata-type=\"text\"\n\t\t\t\t\t\t\t\tdata-color=\"#ffffff||#ffffff||rgba(255,255,255,1)||rgba(255,255,255,1)\"\n\t\t\t\t\t\t\t\tdata-rsp_ch=\"on\"\n\t\t\t\t\t\t\t\tdata-xy=\"xo:81px,81px,41px,10px;yo:604px,604px,401px,300px;\"\n\t\t\t\t\t\t\t\tdata-text=\"s:20,20,15,15;l:24;fw:300;\"\n\t\t\t\t\t\t\t\tdata-dim=\"w:625px,625px,auto,auto;h:32px,32px,auto,auto;\"\n\t\t\t\t\t\t\t\tdata-frame_0=\"y:-100%;o:1;\"\n\t\t\t\t\t\t\t\tdata-frame_0_mask=\"u:t;\"\n\t\t\t\t\t\t\t\tdata-frame_1=\"st:500;sp:1500;sR:500;\"\n\t\t\t\t\t\t\t\tdata-frame_1_mask=\"u:t;\"\n\t\t\t\t\t\t\t\tdata-frame_999=\"y:100%;e:nothing;st:w;sp:1000;sR:7000;\"\n\t\t\t\t\t\t\t\tdata-frame_999_mask=\"u:t;\"\n\t\t\t\t\t\t\t\tdata-frame_hover=\"c:rgba(255,255,255,0.65);bor:0,0,0px,0;bos:solid;bow:0px,0px,0px,0px;oX:50;oY:50;\"\n\t\t\t\t\t\t\t\tstyle=\"z-index:7;font-family:'Roboto Slab';cursor:pointer;\"\n\t\t\t\t\t\t\t>UNA MOSTRA DI FONDAZIONE 3M, A CURA DI ROBERTO MUTTI \n\t\t\t\t\t\t\t<\/rs-layer><!--\n\n\t\t\t\t\t\t\t--><rs-layer\n\t\t\t\t\t\t\t\tid=\"slider-9-slide-38-layer-5\" \n\t\t\t\t\t\t\t\tdata-type=\"image\"\n\t\t\t\t\t\t\t\tdata-rsp_ch=\"on\"\n\t\t\t\t\t\t\t\tdata-xy=\"xo:84px,69px,40px,25px;yo:637px,530px,429px,268px;\"\n\t\t\t\t\t\t\t\tdata-text=\"w:normal;s:20,16,11,6;l:0,20,14,8;\"\n\t\t\t\t\t\t\t\tdata-dim=\"w:125px,104px,77px,48px;h:63px,52px,38px,23px;\"\n\t\t\t\t\t\t\t\tdata-frame_1=\"st:500;sp:1500;sR:500;\"\n\t\t\t\t\t\t\t\tdata-frame_999=\"o:0;st:w;sp:1000;sR:7000;\"\n\t\t\t\t\t\t\t\tstyle=\"z-index:8;\"\n\t\t\t\t\t\t\t><img loading=\"lazy\" decoding=\"async\" src=\"\/\/www.fotolibera.com\/mif\/wp-content\/plugins\/revslider\/sr6\/assets\/assets\/dummy.png\" alt=\"\" class=\"tp-rs-img rs-lazyload\" width=\"258\" height=\"129\" data-lazyload=\"\/\/www.fotolibera.com\/mif\/wp-content\/uploads\/2023\/07\/8.png\" data-no-retina> \n\t\t\t\t\t\t\t<\/rs-layer><!--\n-->\t\t\t\t\t<\/rs-slide>\n\t\t\t\t\t\t<rs-slide style=\"position: absolute;\" data-key=\"rs-39\" data-title=\"Foti\" data-anim=\"ms:1500;\" data-in=\"o:1;x:(100%);\" data-out=\"a:false;\">\n\t\t\t\t\t\t\t<img loading=\"lazy\" decoding=\"async\" src=\"\/\/www.fotolibera.com\/mif\/wp-content\/plugins\/revslider\/sr6\/assets\/assets\/dummy.png\" alt=\"\" title=\"Mitempok\" width=\"1920\" height=\"862\" class=\"rev-slidebg tp-rs-img rs-lazyload\" data-lazyload=\"\/\/www.fotolibera.com\/mif\/wp-content\/uploads\/2025\/07\/Mitempok.jpg\" data-bg=\"p:center bottom;\" data-parallax=\"10\" data-no-retina>\n<!--\n\t\t\t\t\t\t\t--><rs-layer\n\t\t\t\t\t\t\t\tid=\"slider-9-slide-39-layer-1\" \n\t\t\t\t\t\t\t\tclass=\"News-Title\"\n\t\t\t\t\t\t\t\tdata-type=\"text\"\n\t\t\t\t\t\t\t\tdata-rsp_ch=\"on\"\n\t\t\t\t\t\t\t\tdata-xy=\"xo:80px,80px,37px,39px;yo:494px,494px,189px,82px;\"\n\t\t\t\t\t\t\t\tdata-text=\"w:normal;s:70;l:60;\"\n\t\t\t\t\t\t\t\tdata-dim=\"w:951px,951px,428px,387px;\"\n\t\t\t\t\t\t\t\tdata-frame_0=\"y:100%;o:1;\"\n\t\t\t\t\t\t\t\tdata-frame_0_mask=\"u:t;\"\n\t\t\t\t\t\t\t\tdata-frame_1=\"st:500;sp:1500;\"\n\t\t\t\t\t\t\t\tdata-frame_1_mask=\"u:t;\"\n\t\t\t\t\t\t\t\tdata-frame_999=\"y:100%;e:nothing;st:w;sp:1000;\"\n\t\t\t\t\t\t\t\tdata-frame_999_mask=\"u:t;\"\n\t\t\t\t\t\t\t\tstyle=\"z-index:5;font-family:'Roboto Slab';\"\n\t\t\t\t\t\t\t>MI PIACE IL TEMPO FERMO \n\t\t\t\t\t\t\t<\/rs-layer><!--\n\n\t\t\t\t\t\t\t--><rs-layer\n\t\t\t\t\t\t\t\tid=\"slider-9-slide-39-layer-2\" \n\t\t\t\t\t\t\t\tdata-type=\"image\"\n\t\t\t\t\t\t\t\tdata-rsp_ch=\"on\"\n\t\t\t\t\t\t\t\tdata-xy=\"xo:80px,80px,40px,40px;yo:587px,587px,382px,282px;\"\n\t\t\t\t\t\t\t\tdata-text=\"l:4;\"\n\t\t\t\t\t\t\t\tdata-dim=\"w:367px,367px,350px,372px;h:[&#039;4px&#039;,&#039;4px&#039;,&#039;4px&#039;,&#039;4px&#039;];\"\n\t\t\t\t\t\t\t\tdata-frame_0=\"x:-100%;o:1;\"\n\t\t\t\t\t\t\t\tdata-frame_0_mask=\"u:t;\"\n\t\t\t\t\t\t\t\tdata-frame_1=\"st:500;sp:1500;\"\n\t\t\t\t\t\t\t\tdata-frame_1_mask=\"u:t;\"\n\t\t\t\t\t\t\t\tdata-frame_999=\"x:100%;st:w;sp:1000;\"\n\t\t\t\t\t\t\t\tdata-frame_999_mask=\"u:t;\"\n\t\t\t\t\t\t\t\tstyle=\"z-index:6;\"\n\t\t\t\t\t\t\t><img decoding=\"async\" src=\"\/\/www.fotolibera.com\/mif\/wp-content\/plugins\/revslider\/sr6\/assets\/assets\/dummy.png\" alt=\"\" class=\"tp-rs-img rs-lazyload\" width=\"350\" height=\"4\" data-lazyload=\"\/\/www.fotolibera.com\/mif\/wp-content\/uploads\/2023\/08\/1b195db9-2a73-4c1d-be3e-7a56171ceaa3.png\" data-no-retina> \n\t\t\t\t\t\t\t<\/rs-layer><!--\n\n\t\t\t\t\t\t\t--><rs-layer\n\t\t\t\t\t\t\t\tid=\"slider-9-slide-39-layer-3\" \n\t\t\t\t\t\t\t\tclass=\"News-Subtitle\"\n\t\t\t\t\t\t\t\tdata-type=\"text\"\n\t\t\t\t\t\t\t\tdata-rsp_ch=\"on\"\n\t\t\t\t\t\t\t\tdata-xy=\"xo:81px,81px,41px,41px;yo:605px,605px,401px,301px;\"\n\t\t\t\t\t\t\t\tdata-text=\"s:20,20,15,15;l:24;fw:300;\"\n\t\t\t\t\t\t\t\tdata-frame_0=\"y:-100%;o:1;\"\n\t\t\t\t\t\t\t\tdata-frame_0_mask=\"u:t;\"\n\t\t\t\t\t\t\t\tdata-frame_1=\"st:500;sp:1500;\"\n\t\t\t\t\t\t\t\tdata-frame_1_mask=\"u:t;\"\n\t\t\t\t\t\t\t\tdata-frame_999=\"y:100%;e:nothing;st:w;sp:1000;\"\n\t\t\t\t\t\t\t\tdata-frame_999_mask=\"u:t;\"\n\t\t\t\t\t\t\t\tdata-frame_hover=\"c:rgba(0,0,0,0.65);bor:0,0,0px,0;bos:solid;bow:0px,0px,0px,0px;oX:50;oY:50;\"\n\t\t\t\t\t\t\t\tstyle=\"z-index:7;font-family:'Roboto Slab';cursor:pointer;\"\n\t\t\t\t\t\t\t>Una mostra di Silvia Foti \n\t\t\t\t\t\t\t<\/rs-layer><!--\n-->\t\t\t\t\t<\/rs-slide>\n\t\t\t\t\t\t<rs-slide style=\"position: absolute;\" data-key=\"rs-37\" data-title=\"Ravasio\" data-anim=\"ms:1500;\" data-in=\"o:1;x:(100%);\" data-out=\"a:false;\">\n\t\t\t\t\t\t\t<img loading=\"lazy\" decoding=\"async\" src=\"\/\/www.fotolibera.com\/mif\/wp-content\/plugins\/revslider\/sr6\/assets\/assets\/dummy.png\" alt=\"\" title=\"Senza titolo_203\" width=\"1024\" height=\"693\" class=\"rev-slidebg tp-rs-img rs-lazyload\" data-lazyload=\"\/\/www.fotolibera.com\/mif\/wp-content\/uploads\/2025\/07\/Senza-titolo_203.jpg\" data-bg=\"p:right bottom;\" data-parallax=\"10\" data-no-retina>\n<!--\n\t\t\t\t\t\t\t--><rs-layer\n\t\t\t\t\t\t\t\tid=\"slider-9-slide-37-layer-1\" \n\t\t\t\t\t\t\t\tclass=\"News-Title\"\n\t\t\t\t\t\t\t\tdata-type=\"text\"\n\t\t\t\t\t\t\t\tdata-color=\"rgba(255,255,255,1)\"\n\t\t\t\t\t\t\t\tdata-rsp_ch=\"on\"\n\t\t\t\t\t\t\t\tdata-xy=\"xo:80px,80px,37px,11px;yo:450px,450px,241px,146px;\"\n\t\t\t\t\t\t\t\tdata-text=\"w:normal;s:70;l:60;\"\n\t\t\t\t\t\t\t\tdata-dim=\"w:826px,826px,463px,449px;h:180px,180px,auto,126px;\"\n\t\t\t\t\t\t\t\tdata-frame_0=\"y:100%;o:1;\"\n\t\t\t\t\t\t\t\tdata-frame_0_mask=\"u:t;\"\n\t\t\t\t\t\t\t\tdata-frame_1=\"st:500;sp:1500;\"\n\t\t\t\t\t\t\t\tdata-frame_1_mask=\"u:t;\"\n\t\t\t\t\t\t\t\tdata-frame_999=\"y:100%;e:nothing;st:w;sp:1000;\"\n\t\t\t\t\t\t\t\tdata-frame_999_mask=\"u:t;\"\n\t\t\t\t\t\t\t\tstyle=\"z-index:5;font-family:'Roboto Slab';\"\n\t\t\t\t\t\t\t>IL PAESAGGIO DELLE COSE PERDUTE \n\t\t\t\t\t\t\t<\/rs-layer><!--\n\n\t\t\t\t\t\t\t--><rs-layer\n\t\t\t\t\t\t\t\tid=\"slider-9-slide-37-layer-2\" \n\t\t\t\t\t\t\t\tdata-type=\"image\"\n\t\t\t\t\t\t\t\tdata-rsp_ch=\"on\"\n\t\t\t\t\t\t\t\tdata-xy=\"xo:84px,84px,43px,15px;yo:587px,587px,380px,279px;\"\n\t\t\t\t\t\t\t\tdata-text=\"l:4;\"\n\t\t\t\t\t\t\t\tdata-dim=\"w:440px,440px,439px,440px;h:5px,5px,4px,4px;\"\n\t\t\t\t\t\t\t\tdata-frame_0=\"x:-100%;o:1;\"\n\t\t\t\t\t\t\t\tdata-frame_0_mask=\"u:t;\"\n\t\t\t\t\t\t\t\tdata-frame_1=\"st:500;sp:1500;\"\n\t\t\t\t\t\t\t\tdata-frame_1_mask=\"u:t;\"\n\t\t\t\t\t\t\t\tdata-frame_999=\"x:100%;st:w;sp:1000;\"\n\t\t\t\t\t\t\t\tdata-frame_999_mask=\"u:t;\"\n\t\t\t\t\t\t\t\tstyle=\"z-index:6;\"\n\t\t\t\t\t\t\t><img decoding=\"async\" src=\"\/\/www.fotolibera.com\/mif\/wp-content\/plugins\/revslider\/sr6\/assets\/assets\/dummy.png\" alt=\"\" class=\"tp-rs-img rs-lazyload\" width=\"350\" height=\"4\" data-lazyload=\"\/\/www.fotolibera.com\/mif\/wp-content\/uploads\/2023\/08\/1b195db9-2a73-4c1d-be3e-7a56171ceaa3.png\" data-no-retina> \n\t\t\t\t\t\t\t<\/rs-layer><!--\n\n\t\t\t\t\t\t\t--><rs-layer\n\t\t\t\t\t\t\t\tid=\"slider-9-slide-37-layer-3\" \n\t\t\t\t\t\t\t\tclass=\"News-Subtitle\"\n\t\t\t\t\t\t\t\tdata-type=\"text\"\n\t\t\t\t\t\t\t\tdata-color=\"rgba(255,255,255,1)\"\n\t\t\t\t\t\t\t\tdata-rsp_ch=\"on\"\n\t\t\t\t\t\t\t\tdata-xy=\"xo:81px,81px,41px,14px;yo:605px,605px,401px,293px;\"\n\t\t\t\t\t\t\t\tdata-text=\"s:20,15,15,15;l:24;fw:300;\"\n\t\t\t\t\t\t\t\tdata-frame_0=\"y:-100%;o:1;\"\n\t\t\t\t\t\t\t\tdata-frame_0_mask=\"u:t;\"\n\t\t\t\t\t\t\t\tdata-frame_1=\"st:500;sp:1500;\"\n\t\t\t\t\t\t\t\tdata-frame_1_mask=\"u:t;\"\n\t\t\t\t\t\t\t\tdata-frame_999=\"y:100%;e:nothing;st:w;sp:1000;\"\n\t\t\t\t\t\t\t\tdata-frame_999_mask=\"u:t;\"\n\t\t\t\t\t\t\t\tdata-frame_hover=\"c:rgba(255,255,255,0.65);bor:0,0,0px,0;bos:solid;bow:0px,0px,0px,0px;oX:50;oY:50;\"\n\t\t\t\t\t\t\t\tstyle=\"z-index:7;font-family:'Roboto Slab';cursor:pointer;\"\n\t\t\t\t\t\t\t>Una mostra di Luciano Ravasio \n\t\t\t\t\t\t\t<\/rs-layer><!--\n-->\t\t\t\t\t<\/rs-slide>\n\t\t\t\t\t\t<rs-slide style=\"position: absolute;\" data-key=\"rs-36\" data-title=\"Mapelli\" data-anim=\"ms:1500;\" data-in=\"o:1;x:(100%);\" data-out=\"a:false;\">\n\t\t\t\t\t\t\t<img loading=\"lazy\" decoding=\"async\" src=\"\/\/www.fotolibera.com\/mif\/wp-content\/plugins\/revslider\/sr6\/assets\/assets\/dummy.png\" alt=\"\" title=\"Aldo-Mapelli-tit-Divieto&#8212;stampa-alla-gomma-bicromatata\" width=\"1024\" height=\"733\" class=\"rev-slidebg tp-rs-img rs-lazyload\" data-lazyload=\"\/\/www.fotolibera.com\/mif\/wp-content\/uploads\/2025\/06\/Aldo-Mapelli-tit-Divieto-stampa-alla-gomma-bicromatata.jpg\" data-bg=\"p:center top;\" data-parallax=\"10\" data-no-retina>\n<!--\n\t\t\t\t\t\t\t--><rs-layer\n\t\t\t\t\t\t\t\tid=\"slider-9-slide-36-layer-1\" \n\t\t\t\t\t\t\t\tclass=\"News-Title\"\n\t\t\t\t\t\t\t\tdata-type=\"text\"\n\t\t\t\t\t\t\t\tdata-color=\"rgba(255,255,255,1)\"\n\t\t\t\t\t\t\t\tdata-rsp_ch=\"on\"\n\t\t\t\t\t\t\t\tdata-xy=\"xo:80px,80px,41px,39px;yo:450px,450px,183px,92px;\"\n\t\t\t\t\t\t\t\tdata-text=\"w:normal;s:70;l:60;\"\n\t\t\t\t\t\t\t\tdata-dim=\"w:691px,691px,443px,439px;h:180px,180px,auto,auto;\"\n\t\t\t\t\t\t\t\tdata-frame_0=\"y:100%;o:1;\"\n\t\t\t\t\t\t\t\tdata-frame_0_mask=\"u:t;\"\n\t\t\t\t\t\t\t\tdata-frame_1=\"st:500;sp:1500;sR:500;\"\n\t\t\t\t\t\t\t\tdata-frame_1_mask=\"u:t;\"\n\t\t\t\t\t\t\t\tdata-frame_999=\"y:100%;e:nothing;st:w;sp:1000;sR:7000;\"\n\t\t\t\t\t\t\t\tdata-frame_999_mask=\"u:t;\"\n\t\t\t\t\t\t\t\tstyle=\"z-index:5;font-family:'Roboto Slab';\"\n\t\t\t\t\t\t\t>ALCHIMIE DI LUCE E PIGMENTI \n\t\t\t\t\t\t\t<\/rs-layer><!--\n\n\t\t\t\t\t\t\t--><rs-layer\n\t\t\t\t\t\t\t\tid=\"slider-9-slide-36-layer-2\" \n\t\t\t\t\t\t\t\tdata-type=\"image\"\n\t\t\t\t\t\t\t\tdata-rsp_ch=\"on\"\n\t\t\t\t\t\t\t\tdata-xy=\"xo:80px,80px,40px,40px;yo:587px,587px,382px,282px;\"\n\t\t\t\t\t\t\t\tdata-text=\"l:4;\"\n\t\t\t\t\t\t\t\tdata-dim=\"w:451px,451px,425px,423px;h:5px,5px,4px,4px;\"\n\t\t\t\t\t\t\t\tdata-frame_0=\"x:-100%;o:1;\"\n\t\t\t\t\t\t\t\tdata-frame_0_mask=\"u:t;\"\n\t\t\t\t\t\t\t\tdata-frame_1=\"st:500;sp:1500;sR:500;\"\n\t\t\t\t\t\t\t\tdata-frame_1_mask=\"u:t;\"\n\t\t\t\t\t\t\t\tdata-frame_999=\"x:100%;st:w;sp:1000;sR:7000;\"\n\t\t\t\t\t\t\t\tdata-frame_999_mask=\"u:t;\"\n\t\t\t\t\t\t\t\tstyle=\"z-index:6;\"\n\t\t\t\t\t\t\t><img decoding=\"async\" src=\"\/\/www.fotolibera.com\/mif\/wp-content\/plugins\/revslider\/sr6\/assets\/assets\/dummy.png\" alt=\"\" class=\"tp-rs-img rs-lazyload\" width=\"350\" height=\"4\" data-lazyload=\"\/\/www.fotolibera.com\/mif\/wp-content\/uploads\/2023\/08\/1b195db9-2a73-4c1d-be3e-7a56171ceaa3.png\" data-no-retina> \n\t\t\t\t\t\t\t<\/rs-layer><!--\n\n\t\t\t\t\t\t\t--><rs-layer\n\t\t\t\t\t\t\t\tid=\"slider-9-slide-36-layer-3\" \n\t\t\t\t\t\t\t\tclass=\"News-Subtitle\"\n\t\t\t\t\t\t\t\tdata-type=\"text\"\n\t\t\t\t\t\t\t\tdata-color=\"rgba(255,255,255,1)\"\n\t\t\t\t\t\t\t\tdata-rsp_ch=\"on\"\n\t\t\t\t\t\t\t\tdata-xy=\"xo:82px,82px,41px,41px;yo:605px,605px,401px,293px;\"\n\t\t\t\t\t\t\t\tdata-text=\"s:20,20,15,15;l:24;fw:300;\"\n\t\t\t\t\t\t\t\tdata-dim=\"w:1131px,1131px,auto,auto;\"\n\t\t\t\t\t\t\t\tdata-frame_0=\"y:-100%;o:1;\"\n\t\t\t\t\t\t\t\tdata-frame_0_mask=\"u:t;\"\n\t\t\t\t\t\t\t\tdata-frame_1=\"st:500;sp:1500;sR:500;\"\n\t\t\t\t\t\t\t\tdata-frame_1_mask=\"u:t;\"\n\t\t\t\t\t\t\t\tdata-frame_999=\"y:100%;e:nothing;st:w;sp:1000;sR:7000;\"\n\t\t\t\t\t\t\t\tdata-frame_999_mask=\"u:t;\"\n\t\t\t\t\t\t\t\tdata-frame_hover=\"c:rgba(255,255,255,0.65);bor:0,0,0px,0;bos:solid;bow:0px,0px,0px,0px;oX:50;oY:50;\"\n\t\t\t\t\t\t\t\tstyle=\"z-index:7;font-family:'Roboto Slab';cursor:pointer;\"\n\t\t\t\t\t\t\t>Una mostra di Aldo Mapelli\n \n\t\t\t\t\t\t\t<\/rs-layer><!--\n-->\t\t\t\t\t<\/rs-slide>\n\t\t\t\t\t\t<rs-slide style=\"position: absolute;\" data-key=\"rs-42\" data-title=\"Fusaro\" data-anim=\"ms:1500;\" data-in=\"o:1;x:(100%);\" data-out=\"a:false;\">\n\t\t\t\t\t\t\t<img loading=\"lazy\" decoding=\"async\" src=\"\/\/www.fotolibera.com\/mif\/wp-content\/plugins\/revslider\/sr6\/assets\/assets\/dummy.png\" alt=\"\" title=\"Innolostok\" width=\"1920\" height=\"862\" class=\"rev-slidebg tp-rs-img rs-lazyload\" data-lazyload=\"\/\/www.fotolibera.com\/mif\/wp-content\/uploads\/2025\/07\/Innolostok.jpg\" data-bg=\"p:center bottom;\" data-parallax=\"10\" data-no-retina>\n<!--\n\t\t\t\t\t\t\t--><rs-layer\n\t\t\t\t\t\t\t\tid=\"slider-9-slide-42-layer-1\" \n\t\t\t\t\t\t\t\tclass=\"News-Title\"\n\t\t\t\t\t\t\t\tdata-type=\"text\"\n\t\t\t\t\t\t\t\tdata-color=\"#ffffff||#ffffff||rgba(255,255,255,1)||rgba(255,255,255,1)\"\n\t\t\t\t\t\t\t\tdata-rsp_ch=\"on\"\n\t\t\t\t\t\t\t\tdata-xy=\"xo:80px,80px,36px,33px;yo:450px,450px,245px,31px;\"\n\t\t\t\t\t\t\t\tdata-text=\"w:normal;s:70;l:60;\"\n\t\t\t\t\t\t\t\tdata-dim=\"w:579px,579px,468px,364px;h:133px,133px,131px,auto;\"\n\t\t\t\t\t\t\t\tdata-frame_0=\"y:100%;o:1;\"\n\t\t\t\t\t\t\t\tdata-frame_0_mask=\"u:t;\"\n\t\t\t\t\t\t\t\tdata-frame_1=\"st:500;sp:1500;\"\n\t\t\t\t\t\t\t\tdata-frame_1_mask=\"u:t;\"\n\t\t\t\t\t\t\t\tdata-frame_999=\"y:100%;e:nothing;st:w;sp:1000;\"\n\t\t\t\t\t\t\t\tdata-frame_999_mask=\"u:t;\"\n\t\t\t\t\t\t\t\tstyle=\"z-index:5;font-family:'Roboto Slab';\"\n\t\t\t\t\t\t\t>L'ATLANTE DEL TERZO EDEN \n\t\t\t\t\t\t\t<\/rs-layer><!--\n\n\t\t\t\t\t\t\t--><rs-layer\n\t\t\t\t\t\t\t\tid=\"slider-9-slide-42-layer-2\" \n\t\t\t\t\t\t\t\tdata-type=\"image\"\n\t\t\t\t\t\t\t\tdata-rsp_ch=\"on\"\n\t\t\t\t\t\t\t\tdata-xy=\"xo:84px,84px,40px,40px;yo:587px,587px,382px,282px;\"\n\t\t\t\t\t\t\t\tdata-text=\"l:4;\"\n\t\t\t\t\t\t\t\tdata-dim=\"w:444px,444px,449px,350px;h:5px,5px,4px,4px;\"\n\t\t\t\t\t\t\t\tdata-frame_0=\"x:-100%;o:1;\"\n\t\t\t\t\t\t\t\tdata-frame_0_mask=\"u:t;\"\n\t\t\t\t\t\t\t\tdata-frame_1=\"st:500;sp:1500;\"\n\t\t\t\t\t\t\t\tdata-frame_1_mask=\"u:t;\"\n\t\t\t\t\t\t\t\tdata-frame_999=\"x:100%;st:w;sp:1000;\"\n\t\t\t\t\t\t\t\tdata-frame_999_mask=\"u:t;\"\n\t\t\t\t\t\t\t\tstyle=\"z-index:6;\"\n\t\t\t\t\t\t\t><img decoding=\"async\" src=\"\/\/www.fotolibera.com\/mif\/wp-content\/plugins\/revslider\/sr6\/assets\/assets\/dummy.png\" alt=\"\" class=\"tp-rs-img rs-lazyload\" width=\"350\" height=\"4\" data-lazyload=\"\/\/www.fotolibera.com\/mif\/wp-content\/uploads\/2023\/08\/1b195db9-2a73-4c1d-be3e-7a56171ceaa3.png\" data-no-retina> \n\t\t\t\t\t\t\t<\/rs-layer><!--\n\n\t\t\t\t\t\t\t--><rs-layer\n\t\t\t\t\t\t\t\tid=\"slider-9-slide-42-layer-3\" \n\t\t\t\t\t\t\t\tclass=\"News-Subtitle\"\n\t\t\t\t\t\t\t\tdata-type=\"text\"\n\t\t\t\t\t\t\t\tdata-color=\"#ffffff||rgba(255,255,255,1)||rgba(255,255,255,1)||rgba(255,255,255,1)\"\n\t\t\t\t\t\t\t\tdata-rsp_ch=\"on\"\n\t\t\t\t\t\t\t\tdata-xy=\"xo:81px,81px,41px,41px;yo:605px,605px,401px,301px;\"\n\t\t\t\t\t\t\t\tdata-text=\"s:20,15,15,15;l:24;fw:300;\"\n\t\t\t\t\t\t\t\tdata-frame_0=\"y:-100%;o:1;\"\n\t\t\t\t\t\t\t\tdata-frame_0_mask=\"u:t;\"\n\t\t\t\t\t\t\t\tdata-frame_1=\"st:500;sp:1500;\"\n\t\t\t\t\t\t\t\tdata-frame_1_mask=\"u:t;\"\n\t\t\t\t\t\t\t\tdata-frame_999=\"y:100%;e:nothing;st:w;sp:1000;\"\n\t\t\t\t\t\t\t\tdata-frame_999_mask=\"u:t;\"\n\t\t\t\t\t\t\t\tdata-frame_hover=\"c:rgba(255,255,255,0.65);bor:0,0,0px,0;bos:solid;bow:0px,0px,0px,0px;oX:50;oY:50;\"\n\t\t\t\t\t\t\t\tstyle=\"z-index:7;font-family:'Roboto Slab';cursor:pointer;\"\n\t\t\t\t\t\t\t>Una mostra di Giacomo Fusaro \n\t\t\t\t\t\t\t<\/rs-layer><!--\n\n\t\t\t\t\t\t\t--><rs-layer\n\t\t\t\t\t\t\t\tid=\"slider-9-slide-42-layer-4\" \n\t\t\t\t\t\t\t\tclass=\"-\"\n\t\t\t\t\t\t\t\tdata-type=\"text\"\n\t\t\t\t\t\t\t\tdata-color=\"rgba(0,210,255,1)\"\n\t\t\t\t\t\t\t\tdata-rsp_ch=\"on\"\n\t\t\t\t\t\t\t\tdata-xy=\"xo:423px,423px,383px,383px;yo:607px,607px,403px,303px;\"\n\t\t\t\t\t\t\t\tdata-text=\"l:22;\"\n\t\t\t\t\t\t\t\tdata-frame_0=\"x:-100%;o:1;\"\n\t\t\t\t\t\t\t\tdata-frame_0_mask=\"u:t;\"\n\t\t\t\t\t\t\t\tdata-frame_1=\"st:500;sp:1500;\"\n\t\t\t\t\t\t\t\tdata-frame_1_mask=\"u:t;\"\n\t\t\t\t\t\t\t\tdata-frame_999=\"x:100%;st:w;sp:1000;\"\n\t\t\t\t\t\t\t\tdata-frame_999_mask=\"u:t;\"\n\t\t\t\t\t\t\t\tstyle=\"z-index:8;font-family:'Roboto';\"\n\t\t\t\t\t\t\t><i class=\"fa-caret-right\"><\/i> \n\t\t\t\t\t\t\t<\/rs-layer><!--\n-->\t\t\t\t\t<\/rs-slide>\n\t\t\t\t\t\t<rs-slide style=\"position: absolute;\" data-key=\"rs-41\" data-title=\"GIROPARCO\" data-anim=\"ms:1500;\" data-in=\"o:1;x:(100%);\" data-out=\"a:false;\">\n\t\t\t\t\t\t\t<img loading=\"lazy\" decoding=\"async\" src=\"\/\/www.fotolibera.com\/mif\/wp-content\/plugins\/revslider\/sr6\/assets\/assets\/dummy.png\" alt=\"\" title=\"Giroparcook\" width=\"1920\" height=\"862\" class=\"rev-slidebg tp-rs-img rs-lazyload\" data-lazyload=\"\/\/www.fotolibera.com\/mif\/wp-content\/uploads\/2025\/07\/Giroparcook.jpg\" data-bg=\"p:center bottom;\" data-parallax=\"10\" data-no-retina>\n<!--\n\t\t\t\t\t\t\t--><rs-layer\n\t\t\t\t\t\t\t\tid=\"slider-9-slide-41-layer-1\" \n\t\t\t\t\t\t\t\tclass=\"News-Title\"\n\t\t\t\t\t\t\t\tdata-type=\"text\"\n\t\t\t\t\t\t\t\tdata-color=\"#ffffff||#ffffff||rgba(255,255,255,1)||rgba(255,255,255,1)\"\n\t\t\t\t\t\t\t\tdata-rsp_ch=\"on\"\n\t\t\t\t\t\t\t\tdata-xy=\"xo:77px,82px,40px,40px;yo:453px,503px,250px,150px;\"\n\t\t\t\t\t\t\t\tdata-text=\"w:normal;s:60,60,70,70;l:60;\"\n\t\t\t\t\t\t\t\tdata-dim=\"w:689px,689px,364px,364px;h:180px,180px,133px,133px;\"\n\t\t\t\t\t\t\t\tdata-frame_0=\"y:100%;o:1;\"\n\t\t\t\t\t\t\t\tdata-frame_0_mask=\"u:t;\"\n\t\t\t\t\t\t\t\tdata-frame_1=\"st:500;sp:1500;\"\n\t\t\t\t\t\t\t\tdata-frame_1_mask=\"u:t;\"\n\t\t\t\t\t\t\t\tdata-frame_999=\"y:100%;e:nothing;st:w;sp:1000;\"\n\t\t\t\t\t\t\t\tdata-frame_999_mask=\"u:t;\"\n\t\t\t\t\t\t\t\tstyle=\"z-index:5;font-family:'Roboto Slab';\"\n\t\t\t\t\t\t\t>IL GIRO DEL PARCO IN 80 SCATTI \n\t\t\t\t\t\t\t<\/rs-layer><!--\n\n\t\t\t\t\t\t\t--><rs-layer\n\t\t\t\t\t\t\t\tid=\"slider-9-slide-41-layer-2\" \n\t\t\t\t\t\t\t\tdata-type=\"image\"\n\t\t\t\t\t\t\t\tdata-rsp_ch=\"on\"\n\t\t\t\t\t\t\t\tdata-xy=\"xo:84px,84px,40px,40px;yo:587px,587px,382px,282px;\"\n\t\t\t\t\t\t\t\tdata-text=\"l:4;\"\n\t\t\t\t\t\t\t\tdata-dim=\"w:386px,386px,350px,173px;h:5px,5px,4px,4px;\"\n\t\t\t\t\t\t\t\tdata-frame_0=\"x:-100%;o:1;\"\n\t\t\t\t\t\t\t\tdata-frame_0_mask=\"u:t;\"\n\t\t\t\t\t\t\t\tdata-frame_1=\"st:500;sp:1500;\"\n\t\t\t\t\t\t\t\tdata-frame_1_mask=\"u:t;\"\n\t\t\t\t\t\t\t\tdata-frame_999=\"x:100%;st:w;sp:1000;\"\n\t\t\t\t\t\t\t\tdata-frame_999_mask=\"u:t;\"\n\t\t\t\t\t\t\t\tstyle=\"z-index:6;\"\n\t\t\t\t\t\t\t><img decoding=\"async\" src=\"\/\/www.fotolibera.com\/mif\/wp-content\/plugins\/revslider\/sr6\/assets\/assets\/dummy.png\" alt=\"\" class=\"tp-rs-img rs-lazyload\" width=\"350\" height=\"4\" data-lazyload=\"\/\/www.fotolibera.com\/mif\/wp-content\/uploads\/2023\/08\/1b195db9-2a73-4c1d-be3e-7a56171ceaa3.png\" data-no-retina> \n\t\t\t\t\t\t\t<\/rs-layer><!--\n\n\t\t\t\t\t\t\t--><rs-layer\n\t\t\t\t\t\t\t\tid=\"slider-9-slide-41-layer-3\" \n\t\t\t\t\t\t\t\tclass=\"News-Subtitle\"\n\t\t\t\t\t\t\t\tdata-type=\"text\"\n\t\t\t\t\t\t\t\tdata-color=\"#ffffff||rgba(255,255,255,1)||rgba(255,255,255,1)||rgba(255,255,255,1)\"\n\t\t\t\t\t\t\t\tdata-rsp_ch=\"on\"\n\t\t\t\t\t\t\t\tdata-xy=\"xo:81px,81px,41px,41px;yo:605px,605px,401px,301px;\"\n\t\t\t\t\t\t\t\tdata-text=\"s:20,15,15,15;l:24;fw:300;\"\n\t\t\t\t\t\t\t\tdata-frame_0=\"y:-100%;o:1;\"\n\t\t\t\t\t\t\t\tdata-frame_0_mask=\"u:t;\"\n\t\t\t\t\t\t\t\tdata-frame_1=\"st:500;sp:1500;\"\n\t\t\t\t\t\t\t\tdata-frame_1_mask=\"u:t;\"\n\t\t\t\t\t\t\t\tdata-frame_999=\"y:100%;e:nothing;st:w;sp:1000;\"\n\t\t\t\t\t\t\t\tdata-frame_999_mask=\"u:t;\"\n\t\t\t\t\t\t\t\tdata-frame_hover=\"c:rgba(255,255,255,0.65);bor:0,0,0px,0;bos:solid;bow:0px,0px,0px,0px;oX:50;oY:50;\"\n\t\t\t\t\t\t\t\tstyle=\"z-index:7;font-family:'Roboto Slab';cursor:pointer;\"\n\t\t\t\t\t\t\t>Una mostra di FotoLibera A.P.S. \n\t\t\t\t\t\t\t<\/rs-layer><!--\n\n\t\t\t\t\t\t\t--><rs-layer\n\t\t\t\t\t\t\t\tid=\"slider-9-slide-41-layer-4\" \n\t\t\t\t\t\t\t\tclass=\"-\"\n\t\t\t\t\t\t\t\tdata-type=\"text\"\n\t\t\t\t\t\t\t\tdata-color=\"rgba(0,210,255,1)\"\n\t\t\t\t\t\t\t\tdata-rsp_ch=\"on\"\n\t\t\t\t\t\t\t\tdata-xy=\"xo:423px,423px,383px,383px;yo:607px,607px,403px,303px;\"\n\t\t\t\t\t\t\t\tdata-text=\"l:22;\"\n\t\t\t\t\t\t\t\tdata-frame_0=\"x:-100%;o:1;\"\n\t\t\t\t\t\t\t\tdata-frame_0_mask=\"u:t;\"\n\t\t\t\t\t\t\t\tdata-frame_1=\"st:500;sp:1500;\"\n\t\t\t\t\t\t\t\tdata-frame_1_mask=\"u:t;\"\n\t\t\t\t\t\t\t\tdata-frame_999=\"x:100%;st:w;sp:1000;\"\n\t\t\t\t\t\t\t\tdata-frame_999_mask=\"u:t;\"\n\t\t\t\t\t\t\t\tstyle=\"z-index:8;font-family:'Roboto';\"\n\t\t\t\t\t\t\t><i class=\"fa-caret-right\"><\/i> \n\t\t\t\t\t\t\t<\/rs-layer><!--\n-->\t\t\t\t\t<\/rs-slide>\n\t\t\t\t\t\t<rs-slide style=\"position: absolute;\" data-key=\"rs-44\" data-title=\"Ronconi\" data-anim=\"ms:1500;\" data-in=\"o:1;x:(100%);\" data-out=\"a:false;\">\n\t\t\t\t\t\t\t<img loading=\"lazy\" decoding=\"async\" src=\"\/\/www.fotolibera.com\/mif\/wp-content\/plugins\/revslider\/sr6\/assets\/assets\/dummy.png\" alt=\"\" title=\"Erbavanigliaok\" width=\"1920\" height=\"862\" class=\"rev-slidebg tp-rs-img rs-lazyload\" data-lazyload=\"\/\/www.fotolibera.com\/mif\/wp-content\/uploads\/2025\/07\/Erbavanigliaok.jpg\" data-bg=\"p:center bottom;\" data-parallax=\"10\" data-no-retina>\n<!--\n\t\t\t\t\t\t\t--><rs-layer\n\t\t\t\t\t\t\t\tid=\"slider-9-slide-44-layer-1\" \n\t\t\t\t\t\t\t\tclass=\"News-Title\"\n\t\t\t\t\t\t\t\tdata-type=\"text\"\n\t\t\t\t\t\t\t\tdata-color=\"#ffffff||#ffffff||rgba(255,255,255,1)||rgba(255,255,255,1)\"\n\t\t\t\t\t\t\t\tdata-rsp_ch=\"on\"\n\t\t\t\t\t\t\t\tdata-xy=\"xo:79px,82px,40px,40px;yo:505px,503px,250px,150px;\"\n\t\t\t\t\t\t\t\tdata-text=\"w:normal;s:60,60,70,70;l:60;\"\n\t\t\t\t\t\t\t\tdata-dim=\"w:689px,689px,364px,364px;h:78px,78px,133px,133px;\"\n\t\t\t\t\t\t\t\tdata-frame_0=\"y:100%;o:1;\"\n\t\t\t\t\t\t\t\tdata-frame_0_mask=\"u:t;\"\n\t\t\t\t\t\t\t\tdata-frame_1=\"st:500;sp:1500;\"\n\t\t\t\t\t\t\t\tdata-frame_1_mask=\"u:t;\"\n\t\t\t\t\t\t\t\tdata-frame_999=\"y:100%;e:nothing;st:w;sp:1000;\"\n\t\t\t\t\t\t\t\tdata-frame_999_mask=\"u:t;\"\n\t\t\t\t\t\t\t\tstyle=\"z-index:5;font-family:'Roboto Slab';\"\n\t\t\t\t\t\t\t>ERBA E VANIGLIA \n\t\t\t\t\t\t\t<\/rs-layer><!--\n\n\t\t\t\t\t\t\t--><rs-layer\n\t\t\t\t\t\t\t\tid=\"slider-9-slide-44-layer-2\" \n\t\t\t\t\t\t\t\tdata-type=\"image\"\n\t\t\t\t\t\t\t\tdata-rsp_ch=\"on\"\n\t\t\t\t\t\t\t\tdata-xy=\"xo:84px,84px,40px,40px;yo:587px,587px,382px,282px;\"\n\t\t\t\t\t\t\t\tdata-text=\"l:4;\"\n\t\t\t\t\t\t\t\tdata-dim=\"w:386px,386px,350px,173px;h:5px,5px,4px,4px;\"\n\t\t\t\t\t\t\t\tdata-frame_0=\"x:-100%;o:1;\"\n\t\t\t\t\t\t\t\tdata-frame_0_mask=\"u:t;\"\n\t\t\t\t\t\t\t\tdata-frame_1=\"st:500;sp:1500;\"\n\t\t\t\t\t\t\t\tdata-frame_1_mask=\"u:t;\"\n\t\t\t\t\t\t\t\tdata-frame_999=\"x:100%;st:w;sp:1000;\"\n\t\t\t\t\t\t\t\tdata-frame_999_mask=\"u:t;\"\n\t\t\t\t\t\t\t\tstyle=\"z-index:6;\"\n\t\t\t\t\t\t\t><img decoding=\"async\" src=\"\/\/www.fotolibera.com\/mif\/wp-content\/plugins\/revslider\/sr6\/assets\/assets\/dummy.png\" alt=\"\" class=\"tp-rs-img rs-lazyload\" width=\"350\" height=\"4\" data-lazyload=\"\/\/www.fotolibera.com\/mif\/wp-content\/uploads\/2023\/08\/1b195db9-2a73-4c1d-be3e-7a56171ceaa3.png\" data-no-retina> \n\t\t\t\t\t\t\t<\/rs-layer><!--\n\n\t\t\t\t\t\t\t--><rs-layer\n\t\t\t\t\t\t\t\tid=\"slider-9-slide-44-layer-3\" \n\t\t\t\t\t\t\t\tclass=\"News-Subtitle\"\n\t\t\t\t\t\t\t\tdata-type=\"text\"\n\t\t\t\t\t\t\t\tdata-color=\"#ffffff||rgba(255,255,255,1)||rgba(255,255,255,1)||rgba(255,255,255,1)\"\n\t\t\t\t\t\t\t\tdata-rsp_ch=\"on\"\n\t\t\t\t\t\t\t\tdata-xy=\"xo:81px,81px,41px,41px;yo:605px,605px,401px,301px;\"\n\t\t\t\t\t\t\t\tdata-text=\"s:20,15,15,15;l:24;fw:300;\"\n\t\t\t\t\t\t\t\tdata-frame_0=\"y:-100%;o:1;\"\n\t\t\t\t\t\t\t\tdata-frame_0_mask=\"u:t;\"\n\t\t\t\t\t\t\t\tdata-frame_1=\"st:500;sp:1500;\"\n\t\t\t\t\t\t\t\tdata-frame_1_mask=\"u:t;\"\n\t\t\t\t\t\t\t\tdata-frame_999=\"y:100%;e:nothing;st:w;sp:1000;\"\n\t\t\t\t\t\t\t\tdata-frame_999_mask=\"u:t;\"\n\t\t\t\t\t\t\t\tdata-frame_hover=\"c:rgba(255,255,255,0.65);bor:0,0,0px,0;bos:solid;bow:0px,0px,0px,0px;oX:50;oY:50;\"\n\t\t\t\t\t\t\t\tstyle=\"z-index:7;font-family:'Roboto Slab';cursor:pointer;\"\n\t\t\t\t\t\t\t>Una mostra di Letizia Ronconi \n\t\t\t\t\t\t\t<\/rs-layer><!--\n\n\t\t\t\t\t\t\t--><rs-layer\n\t\t\t\t\t\t\t\tid=\"slider-9-slide-44-layer-4\" \n\t\t\t\t\t\t\t\tclass=\"-\"\n\t\t\t\t\t\t\t\tdata-type=\"text\"\n\t\t\t\t\t\t\t\tdata-color=\"rgba(0,210,255,1)\"\n\t\t\t\t\t\t\t\tdata-rsp_ch=\"on\"\n\t\t\t\t\t\t\t\tdata-xy=\"xo:423px,423px,383px,383px;yo:607px,607px,403px,303px;\"\n\t\t\t\t\t\t\t\tdata-text=\"l:22;\"\n\t\t\t\t\t\t\t\tdata-frame_0=\"x:-100%;o:1;\"\n\t\t\t\t\t\t\t\tdata-frame_0_mask=\"u:t;\"\n\t\t\t\t\t\t\t\tdata-frame_1=\"st:500;sp:1500;\"\n\t\t\t\t\t\t\t\tdata-frame_1_mask=\"u:t;\"\n\t\t\t\t\t\t\t\tdata-frame_999=\"x:100%;st:w;sp:1000;\"\n\t\t\t\t\t\t\t\tdata-frame_999_mask=\"u:t;\"\n\t\t\t\t\t\t\t\tstyle=\"z-index:8;font-family:'Roboto';\"\n\t\t\t\t\t\t\t><i class=\"fa-caret-right\"><\/i> \n\t\t\t\t\t\t\t<\/rs-layer><!--\n-->\t\t\t\t\t<\/rs-slide>\n\t\t\t\t\t<\/rs-slides>\n\t\t\t\t\t<rs-static-layers><!--\n\t\t\t\t\t--><\/rs-static-layers>\n\t\t\t\t<\/rs-module>\n\t\t\t\t<script>\n\t\t\t\t\tsetREVStartSize({c: 'rev_slider_9_1',rl:[1240,1024,778,480],el:[720,720,480,360],gw:[1230,1024,767,480],gh:[720,720,480,360],type:'standard',justify:'',layout:'fullwidth',mh:\"0\"});if (window.RS_MODULES!==undefined && window.RS_MODULES.modules!==undefined && window.RS_MODULES.modules[\"revslider91\"]!==undefined) {window.RS_MODULES.modules[\"revslider91\"].once = false;window.revapi9 = undefined;if (window.RS_MODULES.checkMinimal!==undefined) window.RS_MODULES.checkMinimal()}\n\t\t\t\t<\/script>\n\t\t\t<\/rs-module-wrap>\n\t\t\t<!-- END REVOLUTION SLIDER -->\n<\/div>\n\n\t\t\t\t\t\t<\/div>\n\t\t\t\t<\/div>\n\t\t\t\t\t<\/div>\n\t\t<\/div>\n\t\t\t\t\t<\/div>\n\t\t<\/section>\n\t\t\t\t<section class=\"elementor-section elementor-top-section elementor-element elementor-element-cae7517 elementor-section-full_width elementor-section-height-default elementor-section-height-default parallax_section_no qode_elementor_container_no\" data-id=\"cae7517\" data-element_type=\"section\">\n\t\t\t\t\t\t<div class=\"elementor-container elementor-column-gap-no\">\n\t\t\t\t\t<div class=\"elementor-column elementor-col-50 elementor-top-column elementor-element elementor-element-e6cd827\" data-id=\"e6cd827\" data-element_type=\"column\">\n\t\t\t<div class=\"elementor-widget-wrap elementor-element-populated\">\n\t\t\t\t\t\t<div class=\"elementor-element elementor-element-a74b6a5 elementor-widget elementor-widget-spacer\" data-id=\"a74b6a5\" data-element_type=\"widget\" data-widget_type=\"spacer.default\">\n\t\t\t\t<div class=\"elementor-widget-container\">\n\t\t\t\t\t\t\t<div class=\"elementor-spacer\">\n\t\t\t<div class=\"elementor-spacer-inner\"><\/div>\n\t\t<\/div>\n\t\t\t\t\t\t<\/div>\n\t\t\t\t<\/div>\n\t\t\t\t<div class=\"elementor-element elementor-element-6ed4cfc elementor-widget elementor-widget-image\" data-id=\"6ed4cfc\" data-element_type=\"widget\" data-widget_type=\"image.default\">\n\t\t\t\t<div class=\"elementor-widget-container\">\n\t\t\t\t\t\t\t\t\t\t\t\t\t\t\t<img decoding=\"async\" width=\"689\" height=\"97\" data-src=\"https:\/\/www.fotolibera.com\/mif\/wp-content\/uploads\/2024\/06\/M.I.F.png\" class=\"attachment-full size-full wp-image-1438 lazyload\" alt=\"\" data-srcset=\"https:\/\/www.fotolibera.com\/mif\/wp-content\/uploads\/2024\/06\/M.I.F.png 689w, https:\/\/www.fotolibera.com\/mif\/wp-content\/uploads\/2024\/06\/M.I.F-300x42.png 300w\" data-sizes=\"(max-width: 689px) 100vw, 689px\" src=\"data:image\/svg+xml;base64,PHN2ZyB3aWR0aD0iMSIgaGVpZ2h0PSIxIiB4bWxucz0iaHR0cDovL3d3dy53My5vcmcvMjAwMC9zdmciPjwvc3ZnPg==\" style=\"--smush-placeholder-width: 689px; --smush-placeholder-aspect-ratio: 689\/97;\" \/>\t\t\t\t\t\t\t\t\t\t\t\t\t\t\t<\/div>\n\t\t\t\t<\/div>\n\t\t\t\t<div class=\"elementor-element elementor-element-d0b8d12 elementor-widget elementor-widget-text-editor\" data-id=\"d0b8d12\" data-element_type=\"widget\" data-widget_type=\"text-editor.default\">\n\t\t\t\t<div class=\"elementor-widget-container\">\n\t\t\t\t\t\t\t\t\t<h1>Merate Incontra la Fotografia\u00a0<\/h1><h1>Dal 04 Ottobre al 26 Ottobre 2025<\/h1>\t\t\t\t\t\t\t\t<\/div>\n\t\t\t\t<\/div>\n\t\t\t\t<div class=\"elementor-element elementor-element-7af6fb3 elementor-widget elementor-widget-text-editor\" data-id=\"7af6fb3\" data-element_type=\"widget\" data-widget_type=\"text-editor.default\">\n\t\t\t\t<div class=\"elementor-widget-container\">\n\t\t\t\t\t\t\t\t\t<h4>Merate incontra la fotografia dal 2014 ad oggi, ha attratto un pubblico sempre pi\u00f9 attento e sensibile alla visione fotografica del mondo, attraverso la presenza di autori e mostre di alto livello, ma anche promuovendo autori emergenti e di talento.<\/h4>\t\t\t\t\t\t\t\t<\/div>\n\t\t\t\t<\/div>\n\t\t\t\t<div class=\"elementor-element elementor-element-40741e8 elementor-widget elementor-widget-bridge_button\" data-id=\"40741e8\" data-element_type=\"widget\" data-widget_type=\"bridge_button.default\">\n\t\t\t\t<div class=\"elementor-widget-container\">\n\t\t\t\t\t<a  itemprop=\"url\" href=\"https:\/\/www.fotolibera.com\/mif\/history\/\" target=\"_self\"  class=\"qbutton  medium default\" style=\"color: #BD1C1C; \">Scopri la nostra storia<\/a>\t\t\t\t<\/div>\n\t\t\t\t<\/div>\n\t\t\t\t\t<\/div>\n\t\t<\/div>\n\t\t\t\t<div class=\"elementor-column elementor-col-50 elementor-top-column elementor-element elementor-element-6f42668\" data-id=\"6f42668\" data-element_type=\"column\">\n\t\t\t<div class=\"elementor-widget-wrap elementor-element-populated\">\n\t\t\t\t\t\t<div class=\"elementor-element elementor-element-90f13e2 elementor-widget elementor-widget-spacer\" data-id=\"90f13e2\" data-element_type=\"widget\" data-widget_type=\"spacer.default\">\n\t\t\t\t<div class=\"elementor-widget-container\">\n\t\t\t\t\t\t\t<div class=\"elementor-spacer\">\n\t\t\t<div class=\"elementor-spacer-inner\"><\/div>\n\t\t<\/div>\n\t\t\t\t\t\t<\/div>\n\t\t\t\t<\/div>\n\t\t\t\t<section class=\"elementor-section elementor-inner-section elementor-element elementor-element-066ad01 elementor-section-full_width elementor-section-height-default elementor-section-height-default parallax_section_no qode_elementor_container_no\" data-id=\"066ad01\" data-element_type=\"section\">\n\t\t\t\t\t\t<div class=\"elementor-container elementor-column-gap-no\">\n\t\t\t\t\t<div class=\"elementor-column elementor-col-33 elementor-inner-column elementor-element elementor-element-7f2b215\" data-id=\"7f2b215\" data-element_type=\"column\">\n\t\t\t<div class=\"elementor-widget-wrap elementor-element-populated\">\n\t\t\t\t\t\t<div class=\"elementor-element elementor-element-ec27f91 elementor-widget elementor-widget-text-editor\" data-id=\"ec27f91\" data-element_type=\"widget\" data-widget_type=\"text-editor.default\">\n\t\t\t\t<div class=\"elementor-widget-container\">\n\t\t\t\t\t\t\t\t\t<h4>Contatti<\/h4>\t\t\t\t\t\t\t\t<\/div>\n\t\t\t\t<\/div>\n\t\t\t\t<div class=\"elementor-element elementor-element-203d12a elementor-widget elementor-widget-text-editor\" data-id=\"203d12a\" data-element_type=\"widget\" data-widget_type=\"text-editor.default\">\n\t\t\t\t<div class=\"elementor-widget-container\">\n\t\t\t\t\t\t\t\t\t<h5><a href=\"mailto:info@fotolibera.com\">info@fotolibera.com<\/a><\/h5>\t\t\t\t\t\t\t\t<\/div>\n\t\t\t\t<\/div>\n\t\t\t\t<div class=\"elementor-element elementor-element-91dfae9 elementor-widget elementor-widget-text-editor\" data-id=\"91dfae9\" data-element_type=\"widget\" data-widget_type=\"text-editor.default\">\n\t\t\t\t<div class=\"elementor-widget-container\">\n\t\t\t\t\t\t\t\t\t<h5>Segreteria 3479760899<\/h5>\t\t\t\t\t\t\t\t<\/div>\n\t\t\t\t<\/div>\n\t\t\t\t<div class=\"elementor-element elementor-element-f78f534 elementor-widget elementor-widget-text-editor\" data-id=\"f78f534\" data-element_type=\"widget\" data-widget_type=\"text-editor.default\">\n\t\t\t\t<div class=\"elementor-widget-container\">\n\t\t\t\t\t\t\t\t\t<h5>Organizzazione 3479649677<\/h5>\t\t\t\t\t\t\t\t<\/div>\n\t\t\t\t<\/div>\n\t\t\t\t\t<\/div>\n\t\t<\/div>\n\t\t\t\t<div class=\"elementor-column elementor-col-33 elementor-inner-column elementor-element elementor-element-9adf83f\" data-id=\"9adf83f\" data-element_type=\"column\">\n\t\t\t<div class=\"elementor-widget-wrap elementor-element-populated\">\n\t\t\t\t\t\t<div class=\"elementor-element elementor-element-d4a5b90 elementor-widget elementor-widget-text-editor\" data-id=\"d4a5b90\" data-element_type=\"widget\" data-widget_type=\"text-editor.default\">\n\t\t\t\t<div class=\"elementor-widget-container\">\n\t\t\t\t\t\t\t\t\t<h4>Sedi espositive<\/h4>\t\t\t\t\t\t\t\t<\/div>\n\t\t\t\t<\/div>\n\t\t\t\t<div class=\"elementor-element elementor-element-ccd419b elementor-widget elementor-widget-text-editor\" data-id=\"ccd419b\" data-element_type=\"widget\" data-widget_type=\"text-editor.default\">\n\t\t\t\t<div class=\"elementor-widget-container\">\n\t\t\t\t\t\t\t\t\t<h5>Villa Confalonieri<\/h5>\t\t\t\t\t\t\t\t<\/div>\n\t\t\t\t<\/div>\n\t\t\t\t<div class=\"elementor-element elementor-element-41d8fe9 elementor-widget elementor-widget-text-editor\" data-id=\"41d8fe9\" data-element_type=\"widget\" data-widget_type=\"text-editor.default\">\n\t\t\t\t<div class=\"elementor-widget-container\">\n\t\t\t\t\t\t\t\t\t<h5>Atrio Comunale<\/h5>\t\t\t\t\t\t\t\t<\/div>\n\t\t\t\t<\/div>\n\t\t\t\t<div class=\"elementor-element elementor-element-c6c98ce elementor-widget elementor-widget-text-editor\" data-id=\"c6c98ce\" data-element_type=\"widget\" data-widget_type=\"text-editor.default\">\n\t\t\t\t<div class=\"elementor-widget-container\">\n\t\t\t\t\t\t\t\t\t<h5>Biblioteca Civica A. Manzoni<\/h5>\t\t\t\t\t\t\t\t<\/div>\n\t\t\t\t<\/div>\n\t\t\t\t<div class=\"elementor-element elementor-element-c6821ec elementor-widget elementor-widget-text-editor\" data-id=\"c6821ec\" data-element_type=\"widget\" data-widget_type=\"text-editor.default\">\n\t\t\t\t<div class=\"elementor-widget-container\">\n\t\t\t\t\t\t\t\t\t<h5>C.S. Regina Teodolinda<\/h5>\t\t\t\t\t\t\t\t<\/div>\n\t\t\t\t<\/div>\n\t\t\t\t<div class=\"elementor-element elementor-element-3839854 elementor-widget elementor-widget-text-editor\" data-id=\"3839854\" data-element_type=\"widget\" data-widget_type=\"text-editor.default\">\n\t\t\t\t<div class=\"elementor-widget-container\">\n\t\t\t\t\t\t\t\t\t<h5>Gelateria Spini<\/h5>\t\t\t\t\t\t\t\t<\/div>\n\t\t\t\t<\/div>\n\t\t\t\t\t<\/div>\n\t\t<\/div>\n\t\t\t\t<div class=\"elementor-column elementor-col-33 elementor-inner-column elementor-element elementor-element-89e4b32\" data-id=\"89e4b32\" data-element_type=\"column\">\n\t\t\t<div class=\"elementor-widget-wrap elementor-element-populated\">\n\t\t\t\t\t\t<div class=\"elementor-element elementor-element-58e7901 elementor-widget elementor-widget-text-editor\" data-id=\"58e7901\" data-element_type=\"widget\" data-widget_type=\"text-editor.default\">\n\t\t\t\t<div class=\"elementor-widget-container\">\n\t\t\t\t\t\t\t\t\t<h4>Ingressi<\/h4>\t\t\t\t\t\t\t\t<\/div>\n\t\t\t\t<\/div>\n\t\t\t\t<div class=\"elementor-element elementor-element-c4daa82 elementor-widget elementor-widget-text-editor\" data-id=\"c4daa82\" data-element_type=\"widget\" data-widget_type=\"text-editor.default\">\n\t\t\t\t<div class=\"elementor-widget-container\">\n\t\t\t\t\t\t\t\t\t<h5>Tutti gli eventi sono a ingresso libero e gratuito\u00a0\u00a0<\/h5>\t\t\t\t\t\t\t\t<\/div>\n\t\t\t\t<\/div>\n\t\t\t\t\t<\/div>\n\t\t<\/div>\n\t\t\t\t\t<\/div>\n\t\t<\/section>\n\t\t\t\t\t<\/div>\n\t\t<\/div>\n\t\t\t\t\t<\/div>\n\t\t<\/section>\n\t\t\t\t<section style=\"background-image:inherit;\" class=\"parallax_section_holder elementor-section elementor-top-section elementor-element elementor-element-6f3cda0 elementor-section-full_width parallax_section_holder elementor-section-height-default elementor-section-height-default qode_elementor_container_no lazyload\" data-speed=\"0\" data-id=\"6f3cda0\" data-element_type=\"section\" data-settings=\"{&quot;qode_parallax_image&quot;:{&quot;url&quot;:&quot;https:\\\/\\\/www.fotolibera.com\\\/mif\\\/wp-content\\\/uploads\\\/2025\\\/07\\\/volo2.jpg&quot;,&quot;id&quot;:2508,&quot;size&quot;:&quot;&quot;,&quot;alt&quot;:&quot;&quot;,&quot;source&quot;:&quot;library&quot;},&quot;background_background&quot;:&quot;classic&quot;}\" data-bg-image=\"url(https:\/\/www.fotolibera.com\/mif\/wp-content\/uploads\/2025\/07\/volo2.jpg)\">\n\t\t\t\t\t\t<div class=\"elementor-container elementor-column-gap-no\">\n\t\t\t\t\t<div class=\"elementor-column elementor-col-100 elementor-top-column elementor-element elementor-element-f9d3004\" data-id=\"f9d3004\" data-element_type=\"column\">\n\t\t\t<div class=\"elementor-widget-wrap elementor-element-populated\">\n\t\t\t\t\t\t<div class=\"elementor-element elementor-element-56e1b9d elementor-widget elementor-widget-heading\" data-id=\"56e1b9d\" data-element_type=\"widget\" data-widget_type=\"heading.default\">\n\t\t\t\t<div class=\"elementor-widget-container\">\n\t\t\t\t\t<h2 class=\"elementor-heading-title elementor-size-default\">Contest \"Scatti di Luce\" in collaborazione con E.T.S. \"Il Volo\" <\/h2>\t\t\t\t<\/div>\n\t\t\t\t<\/div>\n\t\t\t\t<div class=\"elementor-element elementor-element-496f5a9 elementor-widget elementor-widget-text-editor\" data-id=\"496f5a9\" data-element_type=\"widget\" data-widget_type=\"text-editor.default\">\n\t\t\t\t<div class=\"elementor-widget-container\">\n\t\t\t\t\t\t\t\t\t<div class=\"elementor-element elementor-element-6b2effe elementor-widget__width-auto elementor-widget-tablet__width-initial elementor-widget-mobile__width-initial elementor-align-left elementor-icon-list--layout-traditional elementor-list-item-link-full_width elementor-widget elementor-widget-icon-list elementor-motion-effects-parent animated fadeInUp\" data-id=\"6b2effe\" data-element_type=\"widget\" data-settings=\"{&quot;motion_fx_motion_fx_scrolling&quot;:&quot;yes&quot;,&quot;motion_fx_scale_effect&quot;:&quot;yes&quot;,&quot;motion_fx_scale_speed&quot;:{&quot;unit&quot;:&quot;px&quot;,&quot;size&quot;:-4,&quot;sizes&quot;:[]},&quot;motion_fx_scale_range&quot;:{&quot;unit&quot;:&quot;%&quot;,&quot;size&quot;:&quot;&quot;,&quot;sizes&quot;:{&quot;start&quot;:80,&quot;end&quot;:100}},&quot;_animation&quot;:&quot;fadeInUp&quot;,&quot;motion_fx_scale_direction&quot;:&quot;out-in&quot;,&quot;motion_fx_devices&quot;:[&quot;desktop&quot;,&quot;tablet&quot;,&quot;mobile&quot;]}\" data-widget_type=\"icon-list.default\"><div class=\"elementor-widget-container elementor-motion-effects-element\"><h3 style=\"text-align: center;\"><strong style=\"color: #ffffff;\">Il contest fotografico \u00e8 a partecipazione gratuita.<\/strong><\/h3><\/div><\/div><div class=\"elementor-element elementor-element-e775cc2 animated-slow elementor-widget-tablet__width-initial elementor-widget elementor-widget-text-editor animated fadeInLeft\" data-id=\"e775cc2\" data-element_type=\"widget\" data-settings=\"{&quot;_animation&quot;:&quot;fadeInLeft&quot;}\" data-widget_type=\"text-editor.default\"><div class=\"elementor-widget-container\"><h3 class=\"p1\" style=\"text-align: center;\"><span style=\"color: #ffffff;\">Scarica il regolamento per la partecipazione al contest. <\/span><\/h3><h3 class=\"p1\" style=\"text-align: center;\"><span style=\"color: #ffffff;\">A<\/span><span style=\"color: #ffffff;\">ll\u2019interno una parte dedicata alla spiegazione del tema, alla sua contestualizzazione. <\/span><\/h3><h3 class=\"p1\" style=\"text-align: center;\"><span style=\"color: #ffffff;\">Compila il modulo di iscrizione e invialo alla mail indicata con le tue fotografie.<\/span><\/h3><p>\u00a0<\/p><h3 class=\"p1\" style=\"text-align: center;\"><span style=\"color: #ffffff;\"><strong>Il termine per la partecipazione \u00e8 il 15 settembre 2025<\/strong><\/span><\/h3><\/div><\/div>\t\t\t\t\t\t\t\t<\/div>\n\t\t\t\t<\/div>\n\t\t\t\t<div class=\"elementor-element elementor-element-2155acc elementor-button-info elementor-align-center elementor-widget elementor-widget-button\" data-id=\"2155acc\" data-element_type=\"widget\" data-widget_type=\"button.default\">\n\t\t\t\t<div class=\"elementor-widget-container\">\n\t\t\t\t\t\t\t\t\t<div class=\"elementor-button-wrapper\">\n\t\t\t\t\t<a class=\"elementor-button elementor-button-link elementor-size-sm\" href=\"\" target=\"_blank\" rel=\"nofollow\">\n\t\t\t\t\t\t<span class=\"elementor-button-content-wrapper\">\n\t\t\t\t\t\t<span class=\"elementor-button-icon\">\n\t\t\t\t<i aria-hidden=\"true\" class=\"far fa-hand-point-right\"><\/i>\t\t\t<\/span>\n\t\t\t\t\t\t\t\t\t<span class=\"elementor-button-text\">PARTECIPA<\/span>\n\t\t\t\t\t<\/span>\n\t\t\t\t\t<\/a>\n\t\t\t\t<\/div>\n\t\t\t\t\t\t\t\t<\/div>\n\t\t\t\t<\/div>\n\t\t\t\t\t<\/div>\n\t\t<\/div>\n\t\t\t\t\t<\/div>\n\t\t<\/section>\n\t\t\t\t<section class=\"elementor-section elementor-top-section elementor-element elementor-element-6e5ef5c elementor-section-full_width elementor-section-height-default elementor-section-height-default parallax_section_no qode_elementor_container_no\" data-id=\"6e5ef5c\" data-element_type=\"section\">\n\t\t\t\t\t\t<div class=\"elementor-container elementor-column-gap-no\">\n\t\t\t\t\t<div class=\"elementor-column elementor-col-50 elementor-top-column elementor-element elementor-element-94bf670\" data-id=\"94bf670\" data-element_type=\"column\">\n\t\t\t<div class=\"elementor-widget-wrap elementor-element-populated\">\n\t\t\t\t\t\t<div class=\"elementor-element elementor-element-76cb37f elementor-widget-divider--view-line elementor-widget elementor-widget-divider\" data-id=\"76cb37f\" data-element_type=\"widget\" data-widget_type=\"divider.default\">\n\t\t\t\t<div class=\"elementor-widget-container\">\n\t\t\t\t\t\t\t<div class=\"elementor-divider\">\n\t\t\t<span class=\"elementor-divider-separator\">\n\t\t\t\t\t\t<\/span>\n\t\t<\/div>\n\t\t\t\t\t\t<\/div>\n\t\t\t\t<\/div>\n\t\t\t\t<section class=\"elementor-section elementor-inner-section elementor-element elementor-element-6f4c3a5 elementor-section-boxed elementor-section-height-default elementor-section-height-default parallax_section_no qode_elementor_container_no\" data-id=\"6f4c3a5\" data-element_type=\"section\">\n\t\t\t\t\t\t<div class=\"elementor-container elementor-column-gap-default\">\n\t\t\t\t\t<div class=\"elementor-column elementor-col-50 elementor-inner-column elementor-element elementor-element-3b3d1db\" data-id=\"3b3d1db\" data-element_type=\"column\">\n\t\t\t<div class=\"elementor-widget-wrap elementor-element-populated\">\n\t\t\t\t\t\t<div class=\"elementor-element elementor-element-11a03fc elementor-cta--skin-cover elementor-animated-content elementor-bg-transform elementor-bg-transform-zoom-in elementor-widget elementor-widget-call-to-action\" data-id=\"11a03fc\" data-element_type=\"widget\" data-widget_type=\"call-to-action.default\">\n\t\t\t\t<div class=\"elementor-widget-container\">\n\t\t\t\t\t\t\t<a class=\"elementor-cta\" href=\"https:\/\/www.fotolibera.com\/mif\/mostre\/\">\n\t\t\t\t\t<div class=\"elementor-cta__bg-wrapper\">\n\t\t\t\t<div class=\"elementor-cta__bg elementor-bg lazyload\" style=\"background-image:inherit;\" role=\"img\" aria-label=\"2\" data-bg-image=\"url(https:\/\/www.fotolibera.com\/mif\/wp-content\/uploads\/2025\/07\/2.png)\"><\/div>\n\t\t\t\t<div class=\"elementor-cta__bg-overlay\"><\/div>\n\t\t\t<\/div>\n\t\t\t\t\t\t\t<div class=\"elementor-cta__content\">\n\t\t\t\t\n\t\t\t\t\n\t\t\t\t\n\t\t\t\t\t\t\t\t\t<div class=\"elementor-cta__button-wrapper elementor-cta__content-item elementor-content-item elementor-animated-item--grow\">\n\t\t\t\t\t<span class=\"elementor-cta__button elementor-button elementor-size-\">\n\t\t\t\t\t\t.\t\t\t\t\t<\/span>\n\t\t\t\t\t<\/div>\n\t\t\t\t\t\t\t<\/div>\n\t\t\t\t\t\t<\/a>\n\t\t\t\t\t\t<\/div>\n\t\t\t\t<\/div>\n\t\t\t\t<div class=\"elementor-element elementor-element-da5007d elementor-cta--skin-cover elementor-animated-content elementor-bg-transform elementor-bg-transform-zoom-in elementor-widget elementor-widget-call-to-action\" data-id=\"da5007d\" data-element_type=\"widget\" data-widget_type=\"call-to-action.default\">\n\t\t\t\t<div class=\"elementor-widget-container\">\n\t\t\t\t\t\t\t<a class=\"elementor-cta\" href=\"https:\/\/www.fotolibera.com\/mif\/2025\/07\/06\/sotto-la-superficie\/\">\n\t\t\t\t\t<div class=\"elementor-cta__bg-wrapper\">\n\t\t\t\t<div class=\"elementor-cta__bg elementor-bg lazyload\" style=\"background-image:inherit;\" role=\"img\" aria-label=\"5\" data-bg-image=\"url(https:\/\/www.fotolibera.com\/mif\/wp-content\/uploads\/2025\/07\/5.png)\"><\/div>\n\t\t\t\t<div class=\"elementor-cta__bg-overlay\"><\/div>\n\t\t\t<\/div>\n\t\t\t\t\t\t\t<div class=\"elementor-cta__content\">\n\t\t\t\t\n\t\t\t\t\n\t\t\t\t\n\t\t\t\t\t\t\t\t\t<div class=\"elementor-cta__button-wrapper elementor-cta__content-item elementor-content-item elementor-animated-item--grow\">\n\t\t\t\t\t<span class=\"elementor-cta__button elementor-button elementor-size-\">\n\t\t\t\t\t\t.\t\t\t\t\t<\/span>\n\t\t\t\t\t<\/div>\n\t\t\t\t\t\t\t<\/div>\n\t\t\t\t\t\t\t<div class=\"elementor-ribbon\">\n\t\t\t\t<div class=\"elementor-ribbon-inner\">\n\t\t\t\t\tiscriviti\t\t\t\t<\/div>\n\t\t\t<\/div>\n\t\t\t\t<\/a>\n\t\t\t\t\t\t<\/div>\n\t\t\t\t<\/div>\n\t\t\t\t\t<\/div>\n\t\t<\/div>\n\t\t\t\t<div class=\"elementor-column elementor-col-50 elementor-inner-column elementor-element elementor-element-023fc86\" data-id=\"023fc86\" data-element_type=\"column\">\n\t\t\t<div class=\"elementor-widget-wrap elementor-element-populated\">\n\t\t\t\t\t\t<div class=\"elementor-element elementor-element-55af62f elementor-cta--skin-cover elementor-animated-content elementor-bg-transform elementor-bg-transform-zoom-in elementor-widget elementor-widget-call-to-action\" data-id=\"55af62f\" data-element_type=\"widget\" data-widget_type=\"call-to-action.default\">\n\t\t\t\t<div class=\"elementor-widget-container\">\n\t\t\t\t\t\t\t<a class=\"elementor-cta\" href=\"https:\/\/www.fotolibera.com\/mif\/2025\/07\/12\/maurizio-galimberti-lectio-magistrali\/\">\n\t\t\t\t\t<div class=\"elementor-cta__bg-wrapper\">\n\t\t\t\t<div class=\"elementor-cta__bg elementor-bg lazyload\" style=\"background-image:inherit;\" role=\"img\" aria-label=\"7\" data-bg-image=\"url(https:\/\/www.fotolibera.com\/mif\/wp-content\/uploads\/2025\/07\/7.png)\"><\/div>\n\t\t\t\t<div class=\"elementor-cta__bg-overlay\"><\/div>\n\t\t\t<\/div>\n\t\t\t\t\t\t\t<div class=\"elementor-cta__content\">\n\t\t\t\t\n\t\t\t\t\n\t\t\t\t\n\t\t\t\t\t\t\t\t\t<div class=\"elementor-cta__button-wrapper elementor-cta__content-item elementor-content-item elementor-animated-item--grow\">\n\t\t\t\t\t<span class=\"elementor-cta__button elementor-button elementor-size-\">\n\t\t\t\t\t\t.\t\t\t\t\t<\/span>\n\t\t\t\t\t<\/div>\n\t\t\t\t\t\t\t<\/div>\n\t\t\t\t\t\t<\/a>\n\t\t\t\t\t\t<\/div>\n\t\t\t\t<\/div>\n\t\t\t\t<div class=\"elementor-element elementor-element-7bfe52d elementor-cta--skin-cover elementor-animated-content elementor-bg-transform elementor-bg-transform-zoom-in elementor-widget elementor-widget-call-to-action\" data-id=\"7bfe52d\" data-element_type=\"widget\" data-widget_type=\"call-to-action.default\">\n\t\t\t\t<div class=\"elementor-widget-container\">\n\t\t\t\t\t\t\t<a class=\"elementor-cta\" href=\"https:\/\/www.fotolibera.com\/mif\/visite-guidate\/\">\n\t\t\t\t\t<div class=\"elementor-cta__bg-wrapper\">\n\t\t\t\t<div class=\"elementor-cta__bg elementor-bg lazyload\" style=\"background-image:inherit;\" role=\"img\" aria-label=\"9\" data-bg-image=\"url(https:\/\/www.fotolibera.com\/mif\/wp-content\/uploads\/2025\/07\/9.png)\"><\/div>\n\t\t\t\t<div class=\"elementor-cta__bg-overlay\"><\/div>\n\t\t\t<\/div>\n\t\t\t\t\t\t\t<div class=\"elementor-cta__content\">\n\t\t\t\t\n\t\t\t\t\n\t\t\t\t\n\t\t\t\t\t\t\t\t\t<div class=\"elementor-cta__button-wrapper elementor-cta__content-item elementor-content-item elementor-animated-item--grow\">\n\t\t\t\t\t<span class=\"elementor-cta__button elementor-button elementor-size-\">\n\t\t\t\t\t\t.\t\t\t\t\t<\/span>\n\t\t\t\t\t<\/div>\n\t\t\t\t\t\t\t<\/div>\n\t\t\t\t\t\t\t<div class=\"elementor-ribbon\">\n\t\t\t\t<div class=\"elementor-ribbon-inner\">\n\t\t\t\t\tprenota\t\t\t\t<\/div>\n\t\t\t<\/div>\n\t\t\t\t<\/a>\n\t\t\t\t\t\t<\/div>\n\t\t\t\t<\/div>\n\t\t\t\t\t<\/div>\n\t\t<\/div>\n\t\t\t\t\t<\/div>\n\t\t<\/section>\n\t\t\t\t<div class=\"elementor-element elementor-element-8e83343 elementor-widget-divider--view-line elementor-widget elementor-widget-divider\" data-id=\"8e83343\" data-element_type=\"widget\" data-widget_type=\"divider.default\">\n\t\t\t\t<div class=\"elementor-widget-container\">\n\t\t\t\t\t\t\t<div class=\"elementor-divider\">\n\t\t\t<span class=\"elementor-divider-separator\">\n\t\t\t\t\t\t<\/span>\n\t\t<\/div>\n\t\t\t\t\t\t<\/div>\n\t\t\t\t<\/div>\n\t\t\t\t\t<\/div>\n\t\t<\/div>\n\t\t\t\t<div class=\"elementor-column elementor-col-50 elementor-top-column elementor-element elementor-element-a624605\" data-id=\"a624605\" data-element_type=\"column\">\n\t\t\t<div class=\"elementor-widget-wrap elementor-element-populated\">\n\t\t\t\t\t\t<div class=\"elementor-element elementor-element-49fcc33 elementor-widget-divider--view-line elementor-widget elementor-widget-divider\" data-id=\"49fcc33\" data-element_type=\"widget\" data-widget_type=\"divider.default\">\n\t\t\t\t<div class=\"elementor-widget-container\">\n\t\t\t\t\t\t\t<div class=\"elementor-divider\">\n\t\t\t<span class=\"elementor-divider-separator\">\n\t\t\t\t\t\t<\/span>\n\t\t<\/div>\n\t\t\t\t\t\t<\/div>\n\t\t\t\t<\/div>\n\t\t\t\t<section class=\"elementor-section elementor-inner-section elementor-element elementor-element-649c05d elementor-section-boxed elementor-section-height-default elementor-section-height-default parallax_section_no qode_elementor_container_no\" data-id=\"649c05d\" data-element_type=\"section\">\n\t\t\t\t\t\t<div class=\"elementor-container elementor-column-gap-default\">\n\t\t\t\t\t<div class=\"elementor-column elementor-col-50 elementor-inner-column elementor-element elementor-element-ff66e53\" data-id=\"ff66e53\" data-element_type=\"column\">\n\t\t\t<div class=\"elementor-widget-wrap elementor-element-populated\">\n\t\t\t\t\t\t<div class=\"elementor-element elementor-element-8642ffa elementor-cta--skin-cover elementor-animated-content elementor-bg-transform elementor-bg-transform-zoom-in elementor-widget elementor-widget-call-to-action\" data-id=\"8642ffa\" data-element_type=\"widget\" data-widget_type=\"call-to-action.default\">\n\t\t\t\t<div class=\"elementor-widget-container\">\n\t\t\t\t\t\t\t<a class=\"elementor-cta\" href=\"https:\/\/www.fotolibera.com\/mif\/2025\/07\/12\/dialoghi-tra-fotografia-e-pittura-2\/\">\n\t\t\t\t\t<div class=\"elementor-cta__bg-wrapper\">\n\t\t\t\t<div class=\"elementor-cta__bg elementor-bg lazyload\" style=\"background-image:inherit;\" role=\"img\" aria-label=\"Black Grey Minimalist Clean Creative Portfolio Presentation (800 x 359 px)\" data-bg-image=\"url(https:\/\/www.fotolibera.com\/mif\/wp-content\/uploads\/2025\/07\/Black-Grey-Minimalist-Clean-Creative-Portfolio-Presentation-800-x-359-px-1.png)\"><\/div>\n\t\t\t\t<div class=\"elementor-cta__bg-overlay\"><\/div>\n\t\t\t<\/div>\n\t\t\t\t\t\t\t<div class=\"elementor-cta__content\">\n\t\t\t\t\n\t\t\t\t\n\t\t\t\t\n\t\t\t\t\t\t\t\t\t<div class=\"elementor-cta__button-wrapper elementor-cta__content-item elementor-content-item elementor-animated-item--grow\">\n\t\t\t\t\t<span class=\"elementor-cta__button elementor-button elementor-size-\">\n\t\t\t\t\t\t.\t\t\t\t\t<\/span>\n\t\t\t\t\t<\/div>\n\t\t\t\t\t\t\t<\/div>\n\t\t\t\t\t\t<\/a>\n\t\t\t\t\t\t<\/div>\n\t\t\t\t<\/div>\n\t\t\t\t<div class=\"elementor-element elementor-element-288e74e elementor-cta--skin-cover elementor-animated-content elementor-bg-transform elementor-bg-transform-zoom-in elementor-widget elementor-widget-call-to-action\" data-id=\"288e74e\" data-element_type=\"widget\" data-widget_type=\"call-to-action.default\">\n\t\t\t\t<div class=\"elementor-widget-container\">\n\t\t\t\t\t\t\t<a class=\"elementor-cta\" href=\"https:\/\/www.ilvolo.com\/scatti-di-luce\/\">\n\t\t\t\t\t<div class=\"elementor-cta__bg-wrapper\">\n\t\t\t\t<div class=\"elementor-cta__bg elementor-bg lazyload\" style=\"background-image:inherit;\" role=\"img\" aria-label=\"4\" data-bg-image=\"url(https:\/\/www.fotolibera.com\/mif\/wp-content\/uploads\/2025\/07\/4.png)\"><\/div>\n\t\t\t\t<div class=\"elementor-cta__bg-overlay\"><\/div>\n\t\t\t<\/div>\n\t\t\t\t\t\t\t<div class=\"elementor-cta__content\">\n\t\t\t\t\n\t\t\t\t\n\t\t\t\t\n\t\t\t\t\t\t\t\t\t<div class=\"elementor-cta__button-wrapper elementor-cta__content-item elementor-content-item elementor-animated-item--grow\">\n\t\t\t\t\t<span class=\"elementor-cta__button elementor-button elementor-size-\">\n\t\t\t\t\t\t.\t\t\t\t\t<\/span>\n\t\t\t\t\t<\/div>\n\t\t\t\t\t\t\t<\/div>\n\t\t\t\t\t\t\t<div class=\"elementor-ribbon\">\n\t\t\t\t<div class=\"elementor-ribbon-inner\">\n\t\t\t\t\tpartecipa\t\t\t\t<\/div>\n\t\t\t<\/div>\n\t\t\t\t<\/a>\n\t\t\t\t\t\t<\/div>\n\t\t\t\t<\/div>\n\t\t\t\t\t<\/div>\n\t\t<\/div>\n\t\t\t\t<div class=\"elementor-column elementor-col-50 elementor-inner-column elementor-element elementor-element-ef61e0d\" data-id=\"ef61e0d\" data-element_type=\"column\">\n\t\t\t<div class=\"elementor-widget-wrap elementor-element-populated\">\n\t\t\t\t\t\t<div class=\"elementor-element elementor-element-a42ab44 elementor-cta--skin-cover elementor-animated-content elementor-bg-transform elementor-bg-transform-zoom-in elementor-widget elementor-widget-call-to-action\" data-id=\"a42ab44\" data-element_type=\"widget\" data-widget_type=\"call-to-action.default\">\n\t\t\t\t<div class=\"elementor-widget-container\">\n\t\t\t\t\t\t\t<a class=\"elementor-cta\" href=\"https:\/\/www.fotolibera.com\/mif\/proiezioni\/\">\n\t\t\t\t\t<div class=\"elementor-cta__bg-wrapper\">\n\t\t\t\t<div class=\"elementor-cta__bg elementor-bg lazyload\" style=\"background-image:inherit;\" role=\"img\" aria-label=\"6\" data-bg-image=\"url(https:\/\/www.fotolibera.com\/mif\/wp-content\/uploads\/2025\/07\/6.png)\"><\/div>\n\t\t\t\t<div class=\"elementor-cta__bg-overlay\"><\/div>\n\t\t\t<\/div>\n\t\t\t\t\t\t\t<div class=\"elementor-cta__content\">\n\t\t\t\t\n\t\t\t\t\n\t\t\t\t\n\t\t\t\t\t\t\t\t\t<div class=\"elementor-cta__button-wrapper elementor-cta__content-item elementor-content-item elementor-animated-item--grow\">\n\t\t\t\t\t<span class=\"elementor-cta__button elementor-button elementor-size-\">\n\t\t\t\t\t\t.\t\t\t\t\t<\/span>\n\t\t\t\t\t<\/div>\n\t\t\t\t\t\t\t<\/div>\n\t\t\t\t\t\t<\/a>\n\t\t\t\t\t\t<\/div>\n\t\t\t\t<\/div>\n\t\t\t\t<div class=\"elementor-element elementor-element-0a7c2b7 elementor-cta--skin-cover elementor-animated-content elementor-widget elementor-widget-call-to-action\" data-id=\"0a7c2b7\" data-element_type=\"widget\" data-widget_type=\"call-to-action.default\">\n\t\t\t\t<div class=\"elementor-widget-container\">\n\t\t\t\t\t\t\t<a class=\"elementor-cta\" href=\"https:\/\/www.fotolibera.com\/mif\/portfolio-in-villa\/\">\n\t\t\t\t\t<div class=\"elementor-cta__bg-wrapper\">\n\t\t\t\t<div class=\"elementor-cta__bg elementor-bg lazyload\" style=\"background-image:inherit;\" role=\"img\" aria-label=\"Black Grey Minimalist Clean Creative Portfolio Presentation (800 x 359 px)\" data-bg-image=\"url(https:\/\/www.fotolibera.com\/mif\/wp-content\/uploads\/2025\/07\/Black-Grey-Minimalist-Clean-Creative-Portfolio-Presentation-800-x-359-px.png)\"><\/div>\n\t\t\t\t<div class=\"elementor-cta__bg-overlay\"><\/div>\n\t\t\t<\/div>\n\t\t\t\t\t\t\t<div class=\"elementor-cta__content\">\n\t\t\t\t\n\t\t\t\t\n\t\t\t\t\n\t\t\t\t\t\t\t\t\t<div class=\"elementor-cta__button-wrapper elementor-cta__content-item elementor-content-item elementor-animated-item--grow\">\n\t\t\t\t\t<span class=\"elementor-cta__button elementor-button elementor-size-\">\n\t\t\t\t\t\t.\t\t\t\t\t<\/span>\n\t\t\t\t\t<\/div>\n\t\t\t\t\t\t\t<\/div>\n\t\t\t\t\t\t\t<div class=\"elementor-ribbon\">\n\t\t\t\t<div class=\"elementor-ribbon-inner\">\n\t\t\t\t\tiscriviti\t\t\t\t<\/div>\n\t\t\t<\/div>\n\t\t\t\t<\/a>\n\t\t\t\t\t\t<\/div>\n\t\t\t\t<\/div>\n\t\t\t\t\t<\/div>\n\t\t<\/div>\n\t\t\t\t\t<\/div>\n\t\t<\/section>\n\t\t\t\t<div class=\"elementor-element elementor-element-da88c46 elementor-widget-divider--view-line elementor-widget elementor-widget-divider\" data-id=\"da88c46\" data-element_type=\"widget\" data-widget_type=\"divider.default\">\n\t\t\t\t<div class=\"elementor-widget-container\">\n\t\t\t\t\t\t\t<div class=\"elementor-divider\">\n\t\t\t<span class=\"elementor-divider-separator\">\n\t\t\t\t\t\t<\/span>\n\t\t<\/div>\n\t\t\t\t\t\t<\/div>\n\t\t\t\t<\/div>\n\t\t\t\t\t<\/div>\n\t\t<\/div>\n\t\t\t\t\t<\/div>\n\t\t<\/section>\n\t\t\t\t<section class=\"elementor-section elementor-top-section elementor-element elementor-element-021b63f elementor-section-full_width elementor-section-height-default elementor-section-height-default parallax_section_no qode_elementor_container_no\" data-id=\"021b63f\" data-element_type=\"section\">\n\t\t\t\t\t\t<div class=\"elementor-container elementor-column-gap-no\">\n\t\t\t\t\t<div class=\"elementor-column elementor-col-50 elementor-top-column elementor-element elementor-element-496002a\" data-id=\"496002a\" data-element_type=\"column\">\n\t\t\t<div class=\"elementor-widget-wrap elementor-element-populated\">\n\t\t\t\t\t\t<div class=\"elementor-element elementor-element-dcbb860 elementor-widget elementor-widget-spacer\" data-id=\"dcbb860\" data-element_type=\"widget\" data-widget_type=\"spacer.default\">\n\t\t\t\t<div class=\"elementor-widget-container\">\n\t\t\t\t\t\t\t<div class=\"elementor-spacer\">\n\t\t\t<div class=\"elementor-spacer-inner\"><\/div>\n\t\t<\/div>\n\t\t\t\t\t\t<\/div>\n\t\t\t\t<\/div>\n\t\t\t\t<div class=\"elementor-element elementor-element-4d6f760 elementor-widget elementor-widget-image\" data-id=\"4d6f760\" data-element_type=\"widget\" data-widget_type=\"image.default\">\n\t\t\t\t<div class=\"elementor-widget-container\">\n\t\t\t\t\t\t\t\t\t\t\t\t\t\t\t<img decoding=\"async\" width=\"689\" height=\"97\" data-src=\"https:\/\/www.fotolibera.com\/mif\/wp-content\/uploads\/2024\/06\/M.I.F.png\" class=\"attachment-full size-full wp-image-1438 lazyload\" alt=\"\" data-srcset=\"https:\/\/www.fotolibera.com\/mif\/wp-content\/uploads\/2024\/06\/M.I.F.png 689w, https:\/\/www.fotolibera.com\/mif\/wp-content\/uploads\/2024\/06\/M.I.F-300x42.png 300w\" data-sizes=\"(max-width: 689px) 100vw, 689px\" src=\"data:image\/svg+xml;base64,PHN2ZyB3aWR0aD0iMSIgaGVpZ2h0PSIxIiB4bWxucz0iaHR0cDovL3d3dy53My5vcmcvMjAwMC9zdmciPjwvc3ZnPg==\" style=\"--smush-placeholder-width: 689px; --smush-placeholder-aspect-ratio: 689\/97;\" \/>\t\t\t\t\t\t\t\t\t\t\t\t\t\t\t<\/div>\n\t\t\t\t<\/div>\n\t\t\t\t<div class=\"elementor-element elementor-element-d7d83fa elementor-widget elementor-widget-text-editor\" data-id=\"d7d83fa\" data-element_type=\"widget\" data-widget_type=\"text-editor.default\">\n\t\t\t\t<div class=\"elementor-widget-container\">\n\t\t\t\t\t\t\t\t\t<h1>Le nostre proposte 2025<\/h1>\t\t\t\t\t\t\t\t<\/div>\n\t\t\t\t<\/div>\n\t\t\t\t\t<\/div>\n\t\t<\/div>\n\t\t\t\t<div class=\"elementor-column elementor-col-50 elementor-top-column elementor-element elementor-element-1ae28eb\" data-id=\"1ae28eb\" data-element_type=\"column\">\n\t\t\t<div class=\"elementor-widget-wrap elementor-element-populated\">\n\t\t\t\t\t\t<div class=\"elementor-element elementor-element-41907c7 elementor-widget elementor-widget-search\" data-id=\"41907c7\" data-element_type=\"widget\" data-settings=\"{&quot;submit_trigger&quot;:&quot;click_submit&quot;,&quot;pagination_type_options&quot;:&quot;none&quot;}\" data-widget_type=\"search.default\">\n\t\t\t\t<div class=\"elementor-widget-container\">\n\t\t\t\t\t\t\t<search class=\"e-search hidden\" role=\"search\">\n\t\t\t<form class=\"e-search-form\" action=\"https:\/\/www.fotolibera.com\/mif\" method=\"get\">\n\n\t\t\t\t\n\t\t\t\t<label class=\"e-search-label\" for=\"search-41907c7\">\n\t\t\t\t\t<span class=\"elementor-screen-only\">\n\t\t\t\t\t\tCerca\t\t\t\t\t<\/span>\n\t\t\t\t\t\t\t\t\t<\/label>\n\n\t\t\t\t<div class=\"e-search-input-wrapper\">\n\t\t\t\t\t<input id=\"search-41907c7\" placeholder=\"Scrivi per iniziare la ricerca...\" class=\"e-search-input\" type=\"search\" name=\"s\" value=\"\" autocomplete=\"on\" role=\"combobox\" aria-autocomplete=\"list\" aria-expanded=\"false\" aria-controls=\"results-41907c7\" aria-haspopup=\"listbox\">\n\t\t\t\t\t<i aria-hidden=\"true\" class=\"fas fa-times\"><\/i>\t\t\t\t\t\t\t\t\t\t<output id=\"results-41907c7\" class=\"e-search-results-container hide-loader\" aria-live=\"polite\" aria-atomic=\"true\" aria-label=\"Risultati della ricerca\" tabindex=\"0\">\n\t\t\t\t\t\t<div class=\"e-search-results\"><\/div>\n\t\t\t\t\t\t\t\t\t\t\t<\/output>\n\t\t\t\t\t\t\t\t\t<\/div>\n\t\t\t\t\n\t\t\t\t\n\t\t\t\t<button class=\"e-search-submit  \" type=\"submit\">\n\t\t\t\t\t\n\t\t\t\t\t\t\t\t\t\t<span class=\"\">\n\t\t\t\t\t\tCerca\t\t\t\t\t<\/span>\n\t\t\t\t\t\t\t\t\t<\/button>\n\t\t\t\t<input type=\"hidden\" name=\"e_search_props\" value=\"41907c7-258\">\n\t\t\t<\/form>\n\t\t<\/search>\n\t\t\t\t\t\t<\/div>\n\t\t\t\t<\/div>\n\t\t\t\t\t<\/div>\n\t\t<\/div>\n\t\t\t\t\t<\/div>\n\t\t<\/section>\n\t\t\t\t<section class=\"elementor-section elementor-top-section elementor-element elementor-element-a526e65 elementor-section-full_width elementor-section-height-default elementor-section-height-default parallax_section_no qode_elementor_container_no\" data-id=\"a526e65\" data-element_type=\"section\" data-settings=\"{&quot;background_background&quot;:&quot;classic&quot;}\">\n\t\t\t\t\t\t<div class=\"elementor-container elementor-column-gap-no\">\n\t\t\t\t\t<div class=\"elementor-column elementor-col-100 elementor-top-column elementor-element elementor-element-ecbf383\" data-id=\"ecbf383\" data-element_type=\"column\">\n\t\t\t<div class=\"elementor-widget-wrap elementor-element-populated\">\n\t\t\t\t\t\t<div class=\"elementor-element elementor-element-5e9e4e1 elementor-cta--skin-classic elementor-animated-content elementor-bg-transform elementor-bg-transform-zoom-in elementor-widget elementor-widget-call-to-action\" data-id=\"5e9e4e1\" data-element_type=\"widget\" data-widget_type=\"call-to-action.default\">\n\t\t\t\t<div class=\"elementor-widget-container\">\n\t\t\t\t\t\t\t<div class=\"elementor-cta\">\n\t\t\t\t\t<div class=\"elementor-cta__bg-wrapper\">\n\t\t\t\t<div class=\"elementor-cta__bg elementor-bg lazyload\" style=\"background-image:inherit;\" role=\"img\" aria-label=\"Foto Lab. 1\" data-bg-image=\"url(https:\/\/www.fotolibera.com\/mif\/wp-content\/uploads\/2025\/07\/Foto-Lab.-1-1024x683.jpg)\"><\/div>\n\t\t\t\t<div class=\"elementor-cta__bg-overlay\"><\/div>\n\t\t\t<\/div>\n\t\t\t\t\t\t\t<div class=\"elementor-cta__content\">\n\t\t\t\t\n\t\t\t\t\t\t\t\t\t<h2 class=\"elementor-cta__title elementor-cta__content-item elementor-content-item\">\n\t\t\t\t\t\t\"Sotto la superficie\"\t\t\t\t\t<\/h2>\n\t\t\t\t\n\t\t\t\t\t\t\t\t\t<div class=\"elementor-cta__description elementor-cta__content-item elementor-content-item\">\n\t\t\t\t\t\t\nLaboratorio di fotografia terapeutica per conoscersi, raccontarsi, trasformarsi\t\t\t\t\t<\/div>\n\t\t\t\t\n\t\t\t\t\t\t\t\t\t<div class=\"elementor-cta__button-wrapper elementor-cta__content-item elementor-content-item \">\n\t\t\t\t\t<a class=\"elementor-cta__button elementor-button elementor-size-\" href=\"https:\/\/www.fotolibera.com\/mif\/2025\/07\/06\/sotto-la-superficie\/\">\n\t\t\t\t\t\tApprofondisci e iscriviti\t\t\t\t\t<\/a>\n\t\t\t\t\t<\/div>\n\t\t\t\t\t\t\t<\/div>\n\t\t\t\t\t\t\t<div class=\"elementor-ribbon\">\n\t\t\t\t<div class=\"elementor-ribbon-inner\">\n\t\t\t\t\tPosti limitati\t\t\t\t<\/div>\n\t\t\t<\/div>\n\t\t\t\t<\/div>\n\t\t\t\t\t\t<\/div>\n\t\t\t\t<\/div>\n\t\t\t\t<div class=\"elementor-element elementor-element-d86da08 elementor-widget-divider--view-line elementor-widget elementor-widget-divider\" data-id=\"d86da08\" data-element_type=\"widget\" data-widget_type=\"divider.default\">\n\t\t\t\t<div class=\"elementor-widget-container\">\n\t\t\t\t\t\t\t<div class=\"elementor-divider\">\n\t\t\t<span class=\"elementor-divider-separator\">\n\t\t\t\t\t\t<\/span>\n\t\t<\/div>\n\t\t\t\t\t\t<\/div>\n\t\t\t\t<\/div>\n\t\t\t\t<div class=\"elementor-element elementor-element-10c08c9 elementor-grid-6 elementor-grid-tablet-2 elementor-grid-mobile-1 elementor-posts--thumbnail-top elementor-card-shadow-yes elementor-posts__hover-gradient elementor-widget elementor-widget-posts\" data-id=\"10c08c9\" data-element_type=\"widget\" data-settings=\"{&quot;cards_columns&quot;:&quot;6&quot;,&quot;pagination_type&quot;:&quot;prev_next&quot;,&quot;cards_columns_tablet&quot;:&quot;2&quot;,&quot;cards_columns_mobile&quot;:&quot;1&quot;,&quot;cards_row_gap&quot;:{&quot;unit&quot;:&quot;px&quot;,&quot;size&quot;:35,&quot;sizes&quot;:[]},&quot;cards_row_gap_tablet&quot;:{&quot;unit&quot;:&quot;px&quot;,&quot;size&quot;:&quot;&quot;,&quot;sizes&quot;:[]},&quot;cards_row_gap_mobile&quot;:{&quot;unit&quot;:&quot;px&quot;,&quot;size&quot;:&quot;&quot;,&quot;sizes&quot;:[]}}\" data-widget_type=\"posts.cards\">\n\t\t\t\t<div class=\"elementor-widget-container\">\n\t\t\t\t\t\t\t<div class=\"elementor-posts-container elementor-posts elementor-posts--skin-cards elementor-grid\" role=\"list\">\n\t\t\t\t<article class=\"elementor-post elementor-grid-item post-3028 post type-post status-publish format-standard has-post-thumbnail hentry category-157 category-villa-confalonieri category-visite-guidate tag-arianna-mancini tag-fotolibera tag-merate tag-mif\" role=\"listitem\">\n\t\t\t<div class=\"elementor-post__card\">\n\t\t\t\t<a class=\"elementor-post__thumbnail__link\" href=\"https:\/\/www.fotolibera.com\/mif\/2025\/08\/30\/arte-in-movimento-2\/\" tabindex=\"-1\" ><div class=\"elementor-post__thumbnail\"><img decoding=\"async\" width=\"300\" height=\"200\" data-src=\"https:\/\/www.fotolibera.com\/mif\/wp-content\/uploads\/2024\/07\/48866614532_797b5f5443_c-300x200.jpg\" class=\"attachment-medium size-medium wp-image-2162 lazyload\" alt=\"\" data-srcset=\"https:\/\/www.fotolibera.com\/mif\/wp-content\/uploads\/2024\/07\/48866614532_797b5f5443_c-300x200.jpg 300w, https:\/\/www.fotolibera.com\/mif\/wp-content\/uploads\/2024\/07\/48866614532_797b5f5443_c-768x512.jpg 768w, https:\/\/www.fotolibera.com\/mif\/wp-content\/uploads\/2024\/07\/48866614532_797b5f5443_c-700x467.jpg 700w, https:\/\/www.fotolibera.com\/mif\/wp-content\/uploads\/2024\/07\/48866614532_797b5f5443_c.jpg 799w\" data-sizes=\"(max-width: 300px) 100vw, 300px\" src=\"data:image\/svg+xml;base64,PHN2ZyB3aWR0aD0iMSIgaGVpZ2h0PSIxIiB4bWxucz0iaHR0cDovL3d3dy53My5vcmcvMjAwMC9zdmciPjwvc3ZnPg==\" style=\"--smush-placeholder-width: 300px; --smush-placeholder-aspect-ratio: 300\/200;\" \/><\/div><\/a>\n\t\t\t\t<div class=\"elementor-post__text\">\n\t\t\t\t<h4 class=\"elementor-post__title\">\n\t\t\t<a href=\"https:\/\/www.fotolibera.com\/mif\/2025\/08\/30\/arte-in-movimento-2\/\" >\n\t\t\t\tArte in movimento\t\t\t<\/a>\n\t\t<\/h4>\n\t\t\t\t<div class=\"elementor-post__excerpt\">\n\t\t\t<p>Arte in Movimento: un viaggio tra nordic walking e fotografia<\/p> <p>A Merate e nelle sue frazioni, si svolger\u00e0 un evento unico nel suo genere, capace di unire l\u2019energia del nordic walking con la bellezza della fotografia \u201cArte in Movimento\u201d.<\/p> <p>Questo\t\t<\/div>\n\t\t\t\t\t<div class=\"elementor-post__read-more-wrapper\">\n\t\t\n\t\t<a class=\"elementor-post__read-more\" href=\"https:\/\/www.fotolibera.com\/mif\/2025\/08\/30\/arte-in-movimento-2\/\" aria-label=\"Leggi tutto Arte in movimento\" tabindex=\"-1\" >\n\t\t\tLeggi Tutto \u00bb\t\t<\/a>\n\n\t\t\t\t\t<\/div>\n\t\t\t\t<\/div>\n\t\t\t\t\t<\/div>\n\t\t<\/article>\n\t\t\t\t<article class=\"elementor-post elementor-grid-item post-2963 post type-post status-publish format-standard has-post-thumbnail hentry category-165 category-mostre category-mostre-2025 category-villa-confalonieri tag-fotolibera tag-merate tag-mif tag-passione-fotografia-galbiate tag-questi-siamo-noi\" role=\"listitem\">\n\t\t\t<div class=\"elementor-post__card\">\n\t\t\t\t<a class=\"elementor-post__thumbnail__link\" href=\"https:\/\/www.fotolibera.com\/mif\/2025\/07\/28\/questi-siamo-noi\/\" tabindex=\"-1\" ><div class=\"elementor-post__thumbnail\"><img decoding=\"async\" width=\"300\" height=\"214\" data-src=\"https:\/\/www.fotolibera.com\/mif\/wp-content\/uploads\/2025\/07\/Lab-Caravaggio__AMP4394-300x214.jpg\" class=\"attachment-medium size-medium wp-image-2964 lazyload\" alt=\"\" data-srcset=\"https:\/\/www.fotolibera.com\/mif\/wp-content\/uploads\/2025\/07\/Lab-Caravaggio__AMP4394-300x214.jpg 300w, https:\/\/www.fotolibera.com\/mif\/wp-content\/uploads\/2025\/07\/Lab-Caravaggio__AMP4394-768x548.jpg 768w, https:\/\/www.fotolibera.com\/mif\/wp-content\/uploads\/2025\/07\/Lab-Caravaggio__AMP4394-700x500.jpg 700w, https:\/\/www.fotolibera.com\/mif\/wp-content\/uploads\/2025\/07\/Lab-Caravaggio__AMP4394.jpg 1024w\" data-sizes=\"(max-width: 300px) 100vw, 300px\" src=\"data:image\/svg+xml;base64,PHN2ZyB3aWR0aD0iMSIgaGVpZ2h0PSIxIiB4bWxucz0iaHR0cDovL3d3dy53My5vcmcvMjAwMC9zdmciPjwvc3ZnPg==\" style=\"--smush-placeholder-width: 300px; --smush-placeholder-aspect-ratio: 300\/214;\" \/><\/div><\/a>\n\t\t\t\t<div class=\"elementor-post__text\">\n\t\t\t\t<h4 class=\"elementor-post__title\">\n\t\t\t<a href=\"https:\/\/www.fotolibera.com\/mif\/2025\/07\/28\/questi-siamo-noi\/\" >\n\t\t\t\tQuesti Siamo Noi\t\t\t<\/a>\n\t\t<\/h4>\n\t\t\t\t<div class=\"elementor-post__excerpt\">\n\t\t\t<p>Il progetto nasce dalla voglia di fermare un momento, di restituire un\u2019immagine sincera, ironica e potente di chi fa parte delle due associazioni fotografiche FotoLibera Merate e Passione Fotografia Galbiate, che da anni promuovono il MIF &#8211; Merate Incontra la\t\t<\/div>\n\t\t\t\t\t<div class=\"elementor-post__read-more-wrapper\">\n\t\t\n\t\t<a class=\"elementor-post__read-more\" href=\"https:\/\/www.fotolibera.com\/mif\/2025\/07\/28\/questi-siamo-noi\/\" aria-label=\"Leggi tutto Questi Siamo Noi\" tabindex=\"-1\" >\n\t\t\tLeggi Tutto \u00bb\t\t<\/a>\n\n\t\t\t\t\t<\/div>\n\t\t\t\t<\/div>\n\t\t\t\t\t<\/div>\n\t\t<\/article>\n\t\t\t\t<article class=\"elementor-post elementor-grid-item post-2923 post type-post status-publish format-standard has-post-thumbnail hentry category-165 category-centro-sociale-anziani-merate category-inaugurazioni-2025 tag-centro-anziani-merate tag-fotolibera tag-luciano-ravasio tag-merate tag-mif\" role=\"listitem\">\n\t\t\t<div class=\"elementor-post__card\">\n\t\t\t\t<a class=\"elementor-post__thumbnail__link\" href=\"https:\/\/www.fotolibera.com\/mif\/2025\/07\/21\/inaugurazione-mostra-il-giro-del-parco-in-80-scatti\/\" tabindex=\"-1\" ><div class=\"elementor-post__thumbnail\"><img decoding=\"async\" width=\"300\" height=\"200\" data-src=\"https:\/\/www.fotolibera.com\/mif\/wp-content\/uploads\/2025\/07\/I4A8595-copia-300x200.jpg\" class=\"attachment-medium size-medium wp-image-2399 lazyload\" alt=\"\" data-srcset=\"https:\/\/www.fotolibera.com\/mif\/wp-content\/uploads\/2025\/07\/I4A8595-copia-300x200.jpg 300w, https:\/\/www.fotolibera.com\/mif\/wp-content\/uploads\/2025\/07\/I4A8595-copia-768x512.jpg 768w, https:\/\/www.fotolibera.com\/mif\/wp-content\/uploads\/2025\/07\/I4A8595-copia-700x467.jpg 700w, https:\/\/www.fotolibera.com\/mif\/wp-content\/uploads\/2025\/07\/I4A8595-copia.jpg 1024w\" data-sizes=\"(max-width: 300px) 100vw, 300px\" src=\"data:image\/svg+xml;base64,PHN2ZyB3aWR0aD0iMSIgaGVpZ2h0PSIxIiB4bWxucz0iaHR0cDovL3d3dy53My5vcmcvMjAwMC9zdmciPjwvc3ZnPg==\" style=\"--smush-placeholder-width: 300px; --smush-placeholder-aspect-ratio: 300\/200;\" \/><\/div><\/a>\n\t\t\t\t<div class=\"elementor-post__text\">\n\t\t\t\t<h4 class=\"elementor-post__title\">\n\t\t\t<a href=\"https:\/\/www.fotolibera.com\/mif\/2025\/07\/21\/inaugurazione-mostra-il-giro-del-parco-in-80-scatti\/\" >\n\t\t\t\tInaugurazione mostra &#8220;Il Giro del Parco in 80 Scatti&#8221;\t\t\t<\/a>\n\t\t<\/h4>\n\t\t\t\t<div class=\"elementor-post__excerpt\">\n\t\t\t<p>Si svolger\u00e0 sabato 11 Ottobre, alle ore 16,30 presso il Centro Sociale Regina Teodolinda Di Merate l\u2019inaugurazione della mostra &#8220;Il Giro del Parco in 80 Scatti&#8221; di FotoLibera A.P.S., uno sguardo particolare sui vari aspetti del Parco Regionale di Montevecchia\t\t<\/div>\n\t\t\t\t\t<div class=\"elementor-post__read-more-wrapper\">\n\t\t\n\t\t<a class=\"elementor-post__read-more\" href=\"https:\/\/www.fotolibera.com\/mif\/2025\/07\/21\/inaugurazione-mostra-il-giro-del-parco-in-80-scatti\/\" aria-label=\"Leggi tutto Inaugurazione mostra &#8220;Il Giro del Parco in 80 Scatti&#8221;\" tabindex=\"-1\" >\n\t\t\tLeggi Tutto \u00bb\t\t<\/a>\n\n\t\t\t\t\t<\/div>\n\t\t\t\t<\/div>\n\t\t\t\t\t<\/div>\n\t\t<\/article>\n\t\t\t\t<article class=\"elementor-post elementor-grid-item post-2918 post type-post status-publish format-standard has-post-thumbnail hentry category-gelateria-spini-robbiate category-mostre category-mostre-2025 tag-fotolibera tag-gelateria-spini tag-merate tag-mif tag-robbiate\" role=\"listitem\">\n\t\t\t<div class=\"elementor-post__card\">\n\t\t\t\t<a class=\"elementor-post__thumbnail__link\" href=\"https:\/\/www.fotolibera.com\/mif\/2025\/07\/21\/scatti-dautore-flavia-fusilli\/\" tabindex=\"-1\" ><div class=\"elementor-post__thumbnail\"><img decoding=\"async\" width=\"259\" height=\"300\" data-src=\"https:\/\/www.fotolibera.com\/mif\/wp-content\/uploads\/2025\/07\/7.1.ridim_-1-259x300.jpg\" class=\"attachment-medium size-medium wp-image-2910 lazyload\" alt=\"\" data-srcset=\"https:\/\/www.fotolibera.com\/mif\/wp-content\/uploads\/2025\/07\/7.1.ridim_-1-259x300.jpg 259w, https:\/\/www.fotolibera.com\/mif\/wp-content\/uploads\/2025\/07\/7.1.ridim_-1.jpg 883w, https:\/\/www.fotolibera.com\/mif\/wp-content\/uploads\/2025\/07\/7.1.ridim_-1-768x890.jpg 768w, https:\/\/www.fotolibera.com\/mif\/wp-content\/uploads\/2025\/07\/7.1.ridim_-1-700x811.jpg 700w\" data-sizes=\"(max-width: 259px) 100vw, 259px\" src=\"data:image\/svg+xml;base64,PHN2ZyB3aWR0aD0iMSIgaGVpZ2h0PSIxIiB4bWxucz0iaHR0cDovL3d3dy53My5vcmcvMjAwMC9zdmciPjwvc3ZnPg==\" style=\"--smush-placeholder-width: 259px; --smush-placeholder-aspect-ratio: 259\/300;\" \/><\/div><\/a>\n\t\t\t\t<div class=\"elementor-post__text\">\n\t\t\t\t<h4 class=\"elementor-post__title\">\n\t\t\t<a href=\"https:\/\/www.fotolibera.com\/mif\/2025\/07\/21\/scatti-dautore-flavia-fusilli\/\" >\n\t\t\t\t\u201cScatti d&#8217;Autore\u201d Flavia Fusilli\t\t\t<\/a>\n\t\t<\/h4>\n\t\t\t\t<div class=\"elementor-post__excerpt\">\n\t\t\t<p>Caratteristica comune di ogni ritratto, che sia fotografico o pittorico, \u00e8 congelare un solo ma eterno istante, immutabile davanti allo scorrere del tempo. In quel singolo attimo sono racchiusi anche i pensieri, le emozioni e i desideri del soggetto, prigionieri\t\t<\/div>\n\t\t\t\t\t<div class=\"elementor-post__read-more-wrapper\">\n\t\t\n\t\t<a class=\"elementor-post__read-more\" href=\"https:\/\/www.fotolibera.com\/mif\/2025\/07\/21\/scatti-dautore-flavia-fusilli\/\" aria-label=\"Leggi tutto \u201cScatti d&#8217;Autore\u201d Flavia Fusilli\" tabindex=\"-1\" >\n\t\t\tLeggi Tutto \u00bb\t\t<\/a>\n\n\t\t\t\t\t<\/div>\n\t\t\t\t<\/div>\n\t\t\t\t\t<\/div>\n\t\t<\/article>\n\t\t\t\t<article class=\"elementor-post elementor-grid-item post-2908 post type-post status-publish format-standard has-post-thumbnail hentry category-165 category-gelateria-spini-robbiate category-inaugurazioni-2025 category-senza-categoria tag-fotolibera tag-merate tag-mif tag-robbiate\" role=\"listitem\">\n\t\t\t<div class=\"elementor-post__card\">\n\t\t\t\t<a class=\"elementor-post__thumbnail__link\" href=\"https:\/\/www.fotolibera.com\/mif\/2025\/07\/21\/inaugurazione-mostra-gelateria-spini\/\" tabindex=\"-1\" ><div class=\"elementor-post__thumbnail\"><img decoding=\"async\" width=\"259\" height=\"300\" data-src=\"https:\/\/www.fotolibera.com\/mif\/wp-content\/uploads\/2025\/07\/7.1.ridim_-259x300.jpg\" class=\"attachment-medium size-medium wp-image-2909 lazyload\" alt=\"\" data-srcset=\"https:\/\/www.fotolibera.com\/mif\/wp-content\/uploads\/2025\/07\/7.1.ridim_-259x300.jpg 259w, https:\/\/www.fotolibera.com\/mif\/wp-content\/uploads\/2025\/07\/7.1.ridim_.jpg 883w, https:\/\/www.fotolibera.com\/mif\/wp-content\/uploads\/2025\/07\/7.1.ridim_-768x890.jpg 768w, https:\/\/www.fotolibera.com\/mif\/wp-content\/uploads\/2025\/07\/7.1.ridim_-700x811.jpg 700w\" data-sizes=\"(max-width: 259px) 100vw, 259px\" src=\"data:image\/svg+xml;base64,PHN2ZyB3aWR0aD0iMSIgaGVpZ2h0PSIxIiB4bWxucz0iaHR0cDovL3d3dy53My5vcmcvMjAwMC9zdmciPjwvc3ZnPg==\" style=\"--smush-placeholder-width: 259px; --smush-placeholder-aspect-ratio: 259\/300;\" \/><\/div><\/a>\n\t\t\t\t<div class=\"elementor-post__text\">\n\t\t\t\t<h4 class=\"elementor-post__title\">\n\t\t\t<a href=\"https:\/\/www.fotolibera.com\/mif\/2025\/07\/21\/inaugurazione-mostra-gelateria-spini\/\" >\n\t\t\t\tInaugurazione mostra &#8220;Gelateria Spini&#8221;\t\t\t<\/a>\n\t\t<\/h4>\n\t\t\t\t<div class=\"elementor-post__excerpt\">\n\t\t\t<p>Si svolger\u00e0 Venerdi 10 Ottobre 2025, alle ore 21, presso la gelateria &#8220;Spini&#8221; di Robbiate l&#8217;inaugurazione delle mostra legata a Merate Incontra la Fotografia 2025. Come ogni anno la preziosa collaborazione della storica e rinomata gelateria ci permette di ampliare\t\t<\/div>\n\t\t\t\t\t<div class=\"elementor-post__read-more-wrapper\">\n\t\t\n\t\t<a class=\"elementor-post__read-more\" href=\"https:\/\/www.fotolibera.com\/mif\/2025\/07\/21\/inaugurazione-mostra-gelateria-spini\/\" aria-label=\"Leggi tutto Inaugurazione mostra &#8220;Gelateria Spini&#8221;\" tabindex=\"-1\" >\n\t\t\tLeggi Tutto \u00bb\t\t<\/a>\n\n\t\t\t\t\t<\/div>\n\t\t\t\t<\/div>\n\t\t\t\t\t<\/div>\n\t\t<\/article>\n\t\t\t\t<article class=\"elementor-post elementor-grid-item post-2866 post type-post status-publish format-standard has-post-thumbnail hentry category-165 category-auditorium-comunale-giusi-spezzaferri category-proiezioni-2025 tag-audiovisivi tag-lorenzo-de-francesco tag-luigi-erba tag-merate tag-proiezioni\" role=\"listitem\">\n\t\t\t<div class=\"elementor-post__card\">\n\t\t\t\t<a class=\"elementor-post__thumbnail__link\" href=\"https:\/\/www.fotolibera.com\/mif\/2025\/07\/19\/uno-sguardo-inquieto\/\" tabindex=\"-1\" ><div class=\"elementor-post__thumbnail\"><img decoding=\"async\" width=\"300\" height=\"238\" data-src=\"https:\/\/www.fotolibera.com\/mif\/wp-content\/uploads\/2025\/07\/logo-300x238.jpg\" class=\"attachment-medium size-medium wp-image-2867 lazyload\" alt=\"\" data-srcset=\"https:\/\/www.fotolibera.com\/mif\/wp-content\/uploads\/2025\/07\/logo-300x238.jpg 300w, https:\/\/www.fotolibera.com\/mif\/wp-content\/uploads\/2025\/07\/logo-1024x814.jpg 1024w, https:\/\/www.fotolibera.com\/mif\/wp-content\/uploads\/2025\/07\/logo-768x610.jpg 768w, https:\/\/www.fotolibera.com\/mif\/wp-content\/uploads\/2025\/07\/logo-1536x1220.jpg 1536w, https:\/\/www.fotolibera.com\/mif\/wp-content\/uploads\/2025\/07\/logo-700x556.jpg 700w, https:\/\/www.fotolibera.com\/mif\/wp-content\/uploads\/2025\/07\/logo-1320x1049.jpg 1320w, https:\/\/www.fotolibera.com\/mif\/wp-content\/uploads\/2025\/07\/logo.jpg 1289w\" data-sizes=\"(max-width: 300px) 100vw, 300px\" src=\"data:image\/svg+xml;base64,PHN2ZyB3aWR0aD0iMSIgaGVpZ2h0PSIxIiB4bWxucz0iaHR0cDovL3d3dy53My5vcmcvMjAwMC9zdmciPjwvc3ZnPg==\" style=\"--smush-placeholder-width: 300px; --smush-placeholder-aspect-ratio: 300\/238;\" \/><\/div><\/a>\n\t\t\t\t<div class=\"elementor-post__text\">\n\t\t\t\t<h4 class=\"elementor-post__title\">\n\t\t\t<a href=\"https:\/\/www.fotolibera.com\/mif\/2025\/07\/19\/uno-sguardo-inquieto\/\" >\n\t\t\t\t&#8220;Uno Sguardo Inquieto&#8221;\t\t\t<\/a>\n\t\t<\/h4>\n\t\t\t\t<div class=\"elementor-post__excerpt\">\n\t\t\t<p>\u201cUno sguardo inquieto\u201d visioni e narrazioni sul paesaggio, sulla storia, su vicende personali; cio\u00e8 opere non convenzionali ma che in qualche modo pongano degli interrogativi<\/p>\t\t<\/div>\n\t\t\t\t\t<div class=\"elementor-post__read-more-wrapper\">\n\t\t\n\t\t<a class=\"elementor-post__read-more\" href=\"https:\/\/www.fotolibera.com\/mif\/2025\/07\/19\/uno-sguardo-inquieto\/\" aria-label=\"Leggi tutto &#8220;Uno Sguardo Inquieto&#8221;\" tabindex=\"-1\" >\n\t\t\tLeggi Tutto \u00bb\t\t<\/a>\n\n\t\t\t\t\t<\/div>\n\t\t\t\t<\/div>\n\t\t\t\t\t<\/div>\n\t\t<\/article>\n\t\t\t\t<article class=\"elementor-post elementor-grid-item post-2858 post type-post status-publish format-standard has-post-thumbnail hentry category-165 category-auditorium-comunale-giusi-spezzaferri category-proiezioni-2025 tag-audiovisivi tag-lorenzo-de-francesco tag-luigi-erba tag-merate tag-proiezioni\" role=\"listitem\">\n\t\t\t<div class=\"elementor-post__card\">\n\t\t\t\t<a class=\"elementor-post__thumbnail__link\" href=\"https:\/\/www.fotolibera.com\/mif\/2025\/07\/19\/documentario-su-luigi-erba\/\" tabindex=\"-1\" ><div class=\"elementor-post__thumbnail\"><img decoding=\"async\" width=\"300\" height=\"169\" data-src=\"https:\/\/www.fotolibera.com\/mif\/wp-content\/uploads\/2025\/07\/Luigi-Erba_01-300x169.jpg\" class=\"attachment-medium size-medium wp-image-2959 lazyload\" alt=\"\" data-srcset=\"https:\/\/www.fotolibera.com\/mif\/wp-content\/uploads\/2025\/07\/Luigi-Erba_01-300x169.jpg 300w, https:\/\/www.fotolibera.com\/mif\/wp-content\/uploads\/2025\/07\/Luigi-Erba_01-1024x576.jpg 1024w, https:\/\/www.fotolibera.com\/mif\/wp-content\/uploads\/2025\/07\/Luigi-Erba_01-768x432.jpg 768w, https:\/\/www.fotolibera.com\/mif\/wp-content\/uploads\/2025\/07\/Luigi-Erba_01-1536x864.jpg 1536w, https:\/\/www.fotolibera.com\/mif\/wp-content\/uploads\/2025\/07\/Luigi-Erba_01-700x394.jpg 700w, https:\/\/www.fotolibera.com\/mif\/wp-content\/uploads\/2025\/07\/Luigi-Erba_01-539x303.jpg 539w, https:\/\/www.fotolibera.com\/mif\/wp-content\/uploads\/2025\/07\/Luigi-Erba_01-1320x742.jpg 1320w, https:\/\/www.fotolibera.com\/mif\/wp-content\/uploads\/2025\/07\/Luigi-Erba_01.jpg 1860w\" data-sizes=\"(max-width: 300px) 100vw, 300px\" src=\"data:image\/svg+xml;base64,PHN2ZyB3aWR0aD0iMSIgaGVpZ2h0PSIxIiB4bWxucz0iaHR0cDovL3d3dy53My5vcmcvMjAwMC9zdmciPjwvc3ZnPg==\" style=\"--smush-placeholder-width: 300px; --smush-placeholder-aspect-ratio: 300\/169;\" \/><\/div><\/a>\n\t\t\t\t<div class=\"elementor-post__text\">\n\t\t\t\t<h4 class=\"elementor-post__title\">\n\t\t\t<a href=\"https:\/\/www.fotolibera.com\/mif\/2025\/07\/19\/documentario-su-luigi-erba\/\" >\n\t\t\t\tDocumentario su Luigi Erba\t\t\t<\/a>\n\t\t<\/h4>\n\t\t\t\t<div class=\"elementor-post__excerpt\">\n\t\t\t<p>A differenza degli autori trattati sinora, documentare l\u2019attivit\u00e0 artistica di Luigi Erba ha richiesto una particolare immedesimazione personale, andata via via sviluppandosi nel corso della realizzazione, per assimilarne la poetica ed i contenuti e cercare di renderli attraverso un montaggio\t\t<\/div>\n\t\t\t\t\t<div class=\"elementor-post__read-more-wrapper\">\n\t\t\n\t\t<a class=\"elementor-post__read-more\" href=\"https:\/\/www.fotolibera.com\/mif\/2025\/07\/19\/documentario-su-luigi-erba\/\" aria-label=\"Leggi tutto Documentario su Luigi Erba\" tabindex=\"-1\" >\n\t\t\tLeggi Tutto \u00bb\t\t<\/a>\n\n\t\t\t\t\t<\/div>\n\t\t\t\t<\/div>\n\t\t\t\t\t<\/div>\n\t\t<\/article>\n\t\t\t\t<article class=\"elementor-post elementor-grid-item post-2826 post type-post status-publish format-standard has-post-thumbnail hentry category-165 category-mostre category-mostre-2025 category-villa-confalonieri tag-fotolibera tag-merate tag-mif\" role=\"listitem\">\n\t\t\t<div class=\"elementor-post__card\">\n\t\t\t\t<a class=\"elementor-post__thumbnail__link\" href=\"https:\/\/www.fotolibera.com\/mif\/2025\/07\/17\/stereoscopia-lu_ma\/\" tabindex=\"-1\" ><div class=\"elementor-post__thumbnail\"><img decoding=\"async\" width=\"300\" height=\"167\" data-src=\"https:\/\/www.fotolibera.com\/mif\/wp-content\/uploads\/2025\/07\/1290px-Company_of_ladies_watching_stereoscopic_photographs_by_Jacob_Spoel_1820-1868-1170x650-1-300x167.jpg\" class=\"attachment-medium size-medium wp-image-2828 lazyload\" alt=\"\" data-srcset=\"https:\/\/www.fotolibera.com\/mif\/wp-content\/uploads\/2025\/07\/1290px-Company_of_ladies_watching_stereoscopic_photographs_by_Jacob_Spoel_1820-1868-1170x650-1-300x167.jpg 300w, https:\/\/www.fotolibera.com\/mif\/wp-content\/uploads\/2025\/07\/1290px-Company_of_ladies_watching_stereoscopic_photographs_by_Jacob_Spoel_1820-1868-1170x650-1-1024x569.jpg 1024w, https:\/\/www.fotolibera.com\/mif\/wp-content\/uploads\/2025\/07\/1290px-Company_of_ladies_watching_stereoscopic_photographs_by_Jacob_Spoel_1820-1868-1170x650-1-768x427.jpg 768w, https:\/\/www.fotolibera.com\/mif\/wp-content\/uploads\/2025\/07\/1290px-Company_of_ladies_watching_stereoscopic_photographs_by_Jacob_Spoel_1820-1868-1170x650-1-700x389.jpg 700w, https:\/\/www.fotolibera.com\/mif\/wp-content\/uploads\/2025\/07\/1290px-Company_of_ladies_watching_stereoscopic_photographs_by_Jacob_Spoel_1820-1868-1170x650-1.jpg 1170w\" data-sizes=\"(max-width: 300px) 100vw, 300px\" src=\"data:image\/svg+xml;base64,PHN2ZyB3aWR0aD0iMSIgaGVpZ2h0PSIxIiB4bWxucz0iaHR0cDovL3d3dy53My5vcmcvMjAwMC9zdmciPjwvc3ZnPg==\" style=\"--smush-placeholder-width: 300px; --smush-placeholder-aspect-ratio: 300\/167;\" \/><\/div><\/a>\n\t\t\t\t<div class=\"elementor-post__text\">\n\t\t\t\t<h4 class=\"elementor-post__title\">\n\t\t\t<a href=\"https:\/\/www.fotolibera.com\/mif\/2025\/07\/17\/stereoscopia-lu_ma\/\" >\n\t\t\t\tStereoscopia Lu_Ma\t\t\t<\/a>\n\t\t<\/h4>\n\t\t\t\t<div class=\"elementor-post__excerpt\">\n\t\t\t<p>Nella sala che ospita la biblioteca di Villa Confalonieri troverete ben sei postazioni per ammirare tutte le serie di vedute stereoscopiche realizzate negli anni da Lu_Ma. paesaggi, ritratti, e fotografie realizzate in studio, mediante l\u2019ausilio di apparecchi stereoscopici analogici, cosi\t\t<\/div>\n\t\t\t\t\t<div class=\"elementor-post__read-more-wrapper\">\n\t\t\n\t\t<a class=\"elementor-post__read-more\" href=\"https:\/\/www.fotolibera.com\/mif\/2025\/07\/17\/stereoscopia-lu_ma\/\" aria-label=\"Leggi tutto Stereoscopia Lu_Ma\" tabindex=\"-1\" >\n\t\t\tLeggi Tutto \u00bb\t\t<\/a>\n\n\t\t\t\t\t<\/div>\n\t\t\t\t<\/div>\n\t\t\t\t\t<\/div>\n\t\t<\/article>\n\t\t\t\t<article class=\"elementor-post elementor-grid-item post-2816 post type-post status-publish format-standard has-post-thumbnail hentry category-165 category-mostre category-mostre-2025 category-villa-confalonieri tag-fotolibera tag-il-volo-monticello-brianza tag-merate tag-mif tag-salute-mentale\" role=\"listitem\">\n\t\t\t<div class=\"elementor-post__card\">\n\t\t\t\t<a class=\"elementor-post__thumbnail__link\" href=\"https:\/\/www.fotolibera.com\/mif\/2025\/07\/17\/contest-scatti-di-luce\/\" tabindex=\"-1\" ><div class=\"elementor-post__thumbnail\"><img decoding=\"async\" width=\"210\" height=\"300\" data-src=\"https:\/\/www.fotolibera.com\/mif\/wp-content\/uploads\/2025\/07\/MIFIL-VOLO_-locandina_v2_01-210x300.jpg\" class=\"attachment-medium size-medium wp-image-2818 lazyload\" alt=\"\" data-srcset=\"https:\/\/www.fotolibera.com\/mif\/wp-content\/uploads\/2025\/07\/MIFIL-VOLO_-locandina_v2_01-210x300.jpg 210w, https:\/\/www.fotolibera.com\/mif\/wp-content\/uploads\/2025\/07\/MIFIL-VOLO_-locandina_v2_01-scaled.jpg 718w, https:\/\/www.fotolibera.com\/mif\/wp-content\/uploads\/2025\/07\/MIFIL-VOLO_-locandina_v2_01-768x1095.jpg 768w, https:\/\/www.fotolibera.com\/mif\/wp-content\/uploads\/2025\/07\/MIFIL-VOLO_-locandina_v2_01-1078x1536.jpg 1078w, https:\/\/www.fotolibera.com\/mif\/wp-content\/uploads\/2025\/07\/MIFIL-VOLO_-locandina_v2_01-1437x2048.jpg 1437w, https:\/\/www.fotolibera.com\/mif\/wp-content\/uploads\/2025\/07\/MIFIL-VOLO_-locandina_v2_01-700x998.jpg 700w, https:\/\/www.fotolibera.com\/mif\/wp-content\/uploads\/2025\/07\/MIFIL-VOLO_-locandina_v2_01-1320x1881.jpg 1320w\" data-sizes=\"(max-width: 210px) 100vw, 210px\" src=\"data:image\/svg+xml;base64,PHN2ZyB3aWR0aD0iMSIgaGVpZ2h0PSIxIiB4bWxucz0iaHR0cDovL3d3dy53My5vcmcvMjAwMC9zdmciPjwvc3ZnPg==\" style=\"--smush-placeholder-width: 210px; --smush-placeholder-aspect-ratio: 210\/300;\" \/><\/div><\/a>\n\t\t\t\t<div class=\"elementor-post__text\">\n\t\t\t\t<h4 class=\"elementor-post__title\">\n\t\t\t<a href=\"https:\/\/www.fotolibera.com\/mif\/2025\/07\/17\/contest-scatti-di-luce\/\" >\n\t\t\t\tContest &#8220;Scatti di Luce&#8221;\t\t\t<\/a>\n\t\t<\/h4>\n\t\t\t\t<div class=\"elementor-post__excerpt\">\n\t\t\t<p>\u00abC\u2019\u00e8 una luce speciale che risiede in ognuno di noi. Non \u00e8 sempre visibile, a volte si nasconde tra le ombre delle giornate difficili, ma \u00e8 l\u00ec: la luce della salute mentale. Non si parla solo dell\u2019assenza di un problema,\t\t<\/div>\n\t\t\t\t\t<div class=\"elementor-post__read-more-wrapper\">\n\t\t\n\t\t<a class=\"elementor-post__read-more\" href=\"https:\/\/www.fotolibera.com\/mif\/2025\/07\/17\/contest-scatti-di-luce\/\" aria-label=\"Leggi tutto Contest &#8220;Scatti di Luce&#8221;\" tabindex=\"-1\" >\n\t\t\tLeggi Tutto \u00bb\t\t<\/a>\n\n\t\t\t\t\t<\/div>\n\t\t\t\t<\/div>\n\t\t\t\t\t<\/div>\n\t\t<\/article>\n\t\t\t\t<article class=\"elementor-post elementor-grid-item post-2661 post type-post status-publish format-standard has-post-thumbnail hentry category-165 category-inaugurazioni-2025 category-villa-confalonieri tag-fotolibera tag-merate tag-mif\" role=\"listitem\">\n\t\t\t<div class=\"elementor-post__card\">\n\t\t\t\t<a class=\"elementor-post__thumbnail__link\" href=\"https:\/\/www.fotolibera.com\/mif\/2025\/07\/15\/inaugurazione-m-i-f-11-edizione\/\" tabindex=\"-1\" ><div class=\"elementor-post__thumbnail\"><img decoding=\"async\" width=\"300\" height=\"192\" data-src=\"https:\/\/www.fotolibera.com\/mif\/wp-content\/uploads\/2024\/06\/6-1-300x192.png\" class=\"attachment-medium size-medium wp-image-1476 lazyload\" alt=\"\" data-srcset=\"https:\/\/www.fotolibera.com\/mif\/wp-content\/uploads\/2024\/06\/6-1-300x192.png 300w, https:\/\/www.fotolibera.com\/mif\/wp-content\/uploads\/2024\/06\/6-1.png 358w\" data-sizes=\"(max-width: 300px) 100vw, 300px\" src=\"data:image\/svg+xml;base64,PHN2ZyB3aWR0aD0iMSIgaGVpZ2h0PSIxIiB4bWxucz0iaHR0cDovL3d3dy53My5vcmcvMjAwMC9zdmciPjwvc3ZnPg==\" style=\"--smush-placeholder-width: 300px; --smush-placeholder-aspect-ratio: 300\/192;\" \/><\/div><\/a>\n\t\t\t\t<div class=\"elementor-post__text\">\n\t\t\t\t<h4 class=\"elementor-post__title\">\n\t\t\t<a href=\"https:\/\/www.fotolibera.com\/mif\/2025\/07\/15\/inaugurazione-m-i-f-11-edizione\/\" >\n\t\t\t\tInaugurazione M.I.F. 11\u00b0 Edizione\t\t\t<\/a>\n\t\t<\/h4>\n\t\t\t\t<div class=\"elementor-post__excerpt\">\n\t\t\t<p>Si svolger\u00e0 sabato 04 Ottobre alle ore 15,30 presso la stupenda location di Villa Confalonieri a Merate l&#8217;inaugurazione dell&#8217;undicesima edizione di merate Incontra la Fotografia.<\/p>\t\t<\/div>\n\t\t\t\t\t<div class=\"elementor-post__read-more-wrapper\">\n\t\t\n\t\t<a class=\"elementor-post__read-more\" href=\"https:\/\/www.fotolibera.com\/mif\/2025\/07\/15\/inaugurazione-m-i-f-11-edizione\/\" aria-label=\"Leggi tutto Inaugurazione M.I.F. 11\u00b0 Edizione\" tabindex=\"-1\" >\n\t\t\tLeggi Tutto \u00bb\t\t<\/a>\n\n\t\t\t\t\t<\/div>\n\t\t\t\t<\/div>\n\t\t\t\t\t<\/div>\n\t\t<\/article>\n\t\t\t\t<article class=\"elementor-post elementor-grid-item post-2644 post type-post status-publish format-standard has-post-thumbnail hentry category-165 category-mostre category-sede-fotolibera-a-p-s tag-fotolibera tag-merate tag-mif\" role=\"listitem\">\n\t\t\t<div class=\"elementor-post__card\">\n\t\t\t\t<a class=\"elementor-post__thumbnail__link\" href=\"https:\/\/www.fotolibera.com\/mif\/2025\/07\/15\/merate-incontra-la-fotografia-11-edizione\/\" tabindex=\"-1\" ><div class=\"elementor-post__thumbnail\"><img decoding=\"async\" width=\"300\" height=\"135\" data-src=\"https:\/\/www.fotolibera.com\/mif\/wp-content\/uploads\/2025\/07\/Persone-ecoseok-300x135.jpg\" class=\"attachment-medium size-medium wp-image-2448 lazyload\" alt=\"\" data-srcset=\"https:\/\/www.fotolibera.com\/mif\/wp-content\/uploads\/2025\/07\/Persone-ecoseok-300x135.jpg 300w, https:\/\/www.fotolibera.com\/mif\/wp-content\/uploads\/2025\/07\/Persone-ecoseok-1024x460.jpg 1024w, https:\/\/www.fotolibera.com\/mif\/wp-content\/uploads\/2025\/07\/Persone-ecoseok-768x345.jpg 768w, https:\/\/www.fotolibera.com\/mif\/wp-content\/uploads\/2025\/07\/Persone-ecoseok-1536x690.jpg 1536w, https:\/\/www.fotolibera.com\/mif\/wp-content\/uploads\/2025\/07\/Persone-ecoseok-700x314.jpg 700w, https:\/\/www.fotolibera.com\/mif\/wp-content\/uploads\/2025\/07\/Persone-ecoseok-1320x593.jpg 1320w, https:\/\/www.fotolibera.com\/mif\/wp-content\/uploads\/2025\/07\/Persone-ecoseok.jpg 1920w\" data-sizes=\"(max-width: 300px) 100vw, 300px\" src=\"data:image\/svg+xml;base64,PHN2ZyB3aWR0aD0iMSIgaGVpZ2h0PSIxIiB4bWxucz0iaHR0cDovL3d3dy53My5vcmcvMjAwMC9zdmciPjwvc3ZnPg==\" style=\"--smush-placeholder-width: 300px; --smush-placeholder-aspect-ratio: 300\/135;\" \/><\/div><\/a>\n\t\t\t\t<div class=\"elementor-post__text\">\n\t\t\t\t<h4 class=\"elementor-post__title\">\n\t\t\t<a href=\"https:\/\/www.fotolibera.com\/mif\/2025\/07\/15\/merate-incontra-la-fotografia-11-edizione\/\" >\n\t\t\t\tMerate Incontra la Fotografia 11\u00b0 Edizione\t\t\t<\/a>\n\t\t<\/h4>\n\t\t\t\t<div class=\"elementor-post__excerpt\">\n\t\t\t<p>Giunge alla sua undicesima edizione il MIF, confermandosi come uno degli appuntamenti pi\u00f9<br \/> significativi del panorama fotografico sul nostro territorio.<br \/> Dal 4 al 26 ottobre 2025, la suggestiva cornice di Villa Confalonieri di Merate (Lc) accoglie un<br \/>\t\t<\/div>\n\t\t\t\t\t<div class=\"elementor-post__read-more-wrapper\">\n\t\t\n\t\t<a class=\"elementor-post__read-more\" href=\"https:\/\/www.fotolibera.com\/mif\/2025\/07\/15\/merate-incontra-la-fotografia-11-edizione\/\" aria-label=\"Leggi tutto Merate Incontra la Fotografia 11\u00b0 Edizione\" tabindex=\"-1\" >\n\t\t\tLeggi Tutto \u00bb\t\t<\/a>\n\n\t\t\t\t\t<\/div>\n\t\t\t\t<\/div>\n\t\t\t\t\t<\/div>\n\t\t<\/article>\n\t\t\t\t<article class=\"elementor-post elementor-grid-item post-2601 post type-post status-publish format-standard has-post-thumbnail hentry category-165 category-auditorium-comunale-giusi-spezzaferri category-conferenze category-eventi-2025 tag-fotolibera tag-maurizio-galimberti tag-merate tag-mif\" role=\"listitem\">\n\t\t\t<div class=\"elementor-post__card\">\n\t\t\t\t<a class=\"elementor-post__thumbnail__link\" href=\"https:\/\/www.fotolibera.com\/mif\/2025\/07\/12\/maurizio-galimberti-lectio-magistralis\/\" tabindex=\"-1\" ><div class=\"elementor-post__thumbnail\"><img decoding=\"async\" width=\"200\" height=\"300\" data-src=\"https:\/\/www.fotolibera.com\/mif\/wp-content\/uploads\/2025\/07\/MAURIZIO-GALIMBERTI55555-RITRATTI59296_resize-200x300.jpg\" class=\"attachment-medium size-medium wp-image-2602 lazyload\" alt=\"\" data-srcset=\"https:\/\/www.fotolibera.com\/mif\/wp-content\/uploads\/2025\/07\/MAURIZIO-GALIMBERTI55555-RITRATTI59296_resize-200x300.jpg 200w, https:\/\/www.fotolibera.com\/mif\/wp-content\/uploads\/2025\/07\/MAURIZIO-GALIMBERTI55555-RITRATTI59296_resize.jpg 683w, https:\/\/www.fotolibera.com\/mif\/wp-content\/uploads\/2025\/07\/MAURIZIO-GALIMBERTI55555-RITRATTI59296_resize-768x1152.jpg 768w, https:\/\/www.fotolibera.com\/mif\/wp-content\/uploads\/2025\/07\/MAURIZIO-GALIMBERTI55555-RITRATTI59296_resize-1024x1536.jpg 1024w, https:\/\/www.fotolibera.com\/mif\/wp-content\/uploads\/2025\/07\/MAURIZIO-GALIMBERTI55555-RITRATTI59296_resize-700x1050.jpg 700w\" data-sizes=\"(max-width: 200px) 100vw, 200px\" src=\"data:image\/svg+xml;base64,PHN2ZyB3aWR0aD0iMSIgaGVpZ2h0PSIxIiB4bWxucz0iaHR0cDovL3d3dy53My5vcmcvMjAwMC9zdmciPjwvc3ZnPg==\" style=\"--smush-placeholder-width: 200px; --smush-placeholder-aspect-ratio: 200\/300;\" \/><\/div><\/a>\n\t\t\t\t<div class=\"elementor-post__text\">\n\t\t\t\t<h4 class=\"elementor-post__title\">\n\t\t\t<a href=\"https:\/\/www.fotolibera.com\/mif\/2025\/07\/12\/maurizio-galimberti-lectio-magistralis\/\" >\n\t\t\t\tMaurizio Galimberti Lectio Magistralis\t\t\t<\/a>\n\t\t<\/h4>\n\t\t\t\t<div class=\"elementor-post__excerpt\">\n\t\t\t<p>La lectio si svolger\u00e0 con Maurizio che far\u00e0 un racconto<br \/> della sua carriera da fotografo, illustrando i suoi pi\u00f9<br \/> celebri lavori, dai primi sino a quelli pi\u00f9 recenti,<br \/> raccontando parte della sua ricerca e delle sue<br \/>\t\t<\/div>\n\t\t\t\t\t<div class=\"elementor-post__read-more-wrapper\">\n\t\t\n\t\t<a class=\"elementor-post__read-more\" href=\"https:\/\/www.fotolibera.com\/mif\/2025\/07\/12\/maurizio-galimberti-lectio-magistralis\/\" aria-label=\"Leggi tutto Maurizio Galimberti Lectio Magistralis\" tabindex=\"-1\" >\n\t\t\tLeggi Tutto \u00bb\t\t<\/a>\n\n\t\t\t\t\t<\/div>\n\t\t\t\t<\/div>\n\t\t\t\t\t<\/div>\n\t\t<\/article>\n\t\t\t\t<article class=\"elementor-post elementor-grid-item post-2592 post type-post status-publish format-standard has-post-thumbnail hentry category-165 category-mostre category-mostre-2025 category-villa-confalonieri tag-fotolibera tag-istituto-italiano-di-fotografia tag-merate tag-mif tag-roberto-mutti\" role=\"listitem\">\n\t\t\t<div class=\"elementor-post__card\">\n\t\t\t\t<a class=\"elementor-post__thumbnail__link\" href=\"https:\/\/www.fotolibera.com\/mif\/2025\/07\/12\/cambio-di-rotta-le-cose-che-gli-umani-non-possono-immaginare\/\" tabindex=\"-1\" ><div class=\"elementor-post__thumbnail\"><img decoding=\"async\" width=\"300\" height=\"233\" data-src=\"https:\/\/www.fotolibera.com\/mif\/wp-content\/uploads\/2025\/07\/IIF-300x233.jpg\" class=\"attachment-medium size-medium wp-image-2593 lazyload\" alt=\"\" data-srcset=\"https:\/\/www.fotolibera.com\/mif\/wp-content\/uploads\/2025\/07\/IIF-300x233.jpg 300w, https:\/\/www.fotolibera.com\/mif\/wp-content\/uploads\/2025\/07\/IIF-768x597.jpg 768w, https:\/\/www.fotolibera.com\/mif\/wp-content\/uploads\/2025\/07\/IIF-700x544.jpg 700w, https:\/\/www.fotolibera.com\/mif\/wp-content\/uploads\/2025\/07\/IIF.jpg 1024w\" data-sizes=\"(max-width: 300px) 100vw, 300px\" src=\"data:image\/svg+xml;base64,PHN2ZyB3aWR0aD0iMSIgaGVpZ2h0PSIxIiB4bWxucz0iaHR0cDovL3d3dy53My5vcmcvMjAwMC9zdmciPjwvc3ZnPg==\" style=\"--smush-placeholder-width: 300px; --smush-placeholder-aspect-ratio: 300\/233;\" \/><\/div><\/a>\n\t\t\t\t<div class=\"elementor-post__text\">\n\t\t\t\t<h4 class=\"elementor-post__title\">\n\t\t\t<a href=\"https:\/\/www.fotolibera.com\/mif\/2025\/07\/12\/cambio-di-rotta-le-cose-che-gli-umani-non-possono-immaginare\/\" >\n\t\t\t\t&#8220;Cambio di rotta. Le cose che gli umani non possono immaginare&#8221;\t\t\t<\/a>\n\t\t<\/h4>\n\t\t\t\t<div class=\"elementor-post__excerpt\">\n\t\t\t<p>&#8220;Cambio di rotta. Le cose che gli umani non possono immaginare\u201d \u00e8 una mostra collettiva che coinvolge un folto gruppo di giovani autori dell\u2019Istituto Italiano di Fotografia. Nel loro ultimo anno hanno partecipato al seminario su Fotografia e letteratura che\t\t<\/div>\n\t\t\t\t\t<div class=\"elementor-post__read-more-wrapper\">\n\t\t\n\t\t<a class=\"elementor-post__read-more\" href=\"https:\/\/www.fotolibera.com\/mif\/2025\/07\/12\/cambio-di-rotta-le-cose-che-gli-umani-non-possono-immaginare\/\" aria-label=\"Leggi tutto &#8220;Cambio di rotta. Le cose che gli umani non possono immaginare&#8221;\" tabindex=\"-1\" >\n\t\t\tLeggi Tutto \u00bb\t\t<\/a>\n\n\t\t\t\t\t<\/div>\n\t\t\t\t<\/div>\n\t\t\t\t\t<\/div>\n\t\t<\/article>\n\t\t\t\t<article class=\"elementor-post elementor-grid-item post-2560 post type-post status-publish format-standard has-post-thumbnail hentry category-165 category-eventi-2025 category-mostre category-mostre-2025 category-villa-confalonieri tag-arianna-mancini tag-artemeta tag-fotolibera tag-merate tag-mif\" role=\"listitem\">\n\t\t\t<div class=\"elementor-post__card\">\n\t\t\t\t<a class=\"elementor-post__thumbnail__link\" href=\"https:\/\/www.fotolibera.com\/mif\/2025\/07\/12\/dialoghi-tra-fotografia-e-pittura-2\/\" tabindex=\"-1\" ><div class=\"elementor-post__thumbnail\"><img decoding=\"async\" width=\"169\" height=\"300\" data-src=\"https:\/\/www.fotolibera.com\/mif\/wp-content\/uploads\/2025\/07\/WhatsApp-Image-2025-07-13-at-20.49.28-169x300.jpeg\" class=\"attachment-medium size-medium wp-image-2629 lazyload\" alt=\"\" data-srcset=\"https:\/\/www.fotolibera.com\/mif\/wp-content\/uploads\/2025\/07\/WhatsApp-Image-2025-07-13-at-20.49.28-169x300.jpeg 169w, https:\/\/www.fotolibera.com\/mif\/wp-content\/uploads\/2025\/07\/WhatsApp-Image-2025-07-13-at-20.49.28.jpeg 576w, https:\/\/www.fotolibera.com\/mif\/wp-content\/uploads\/2025\/07\/WhatsApp-Image-2025-07-13-at-20.49.28-768x1366.jpeg 768w, https:\/\/www.fotolibera.com\/mif\/wp-content\/uploads\/2025\/07\/WhatsApp-Image-2025-07-13-at-20.49.28-864x1536.jpeg 864w, https:\/\/www.fotolibera.com\/mif\/wp-content\/uploads\/2025\/07\/WhatsApp-Image-2025-07-13-at-20.49.28-700x1245.jpeg 700w\" data-sizes=\"(max-width: 169px) 100vw, 169px\" src=\"data:image\/svg+xml;base64,PHN2ZyB3aWR0aD0iMSIgaGVpZ2h0PSIxIiB4bWxucz0iaHR0cDovL3d3dy53My5vcmcvMjAwMC9zdmciPjwvc3ZnPg==\" style=\"--smush-placeholder-width: 169px; --smush-placeholder-aspect-ratio: 169\/300;\" \/><\/div><\/a>\n\t\t\t\t<div class=\"elementor-post__text\">\n\t\t\t\t<h4 class=\"elementor-post__title\">\n\t\t\t<a href=\"https:\/\/www.fotolibera.com\/mif\/2025\/07\/12\/dialoghi-tra-fotografia-e-pittura-2\/\" >\n\t\t\t\tDIALOGHI tra fotografia e pittura\t\t\t<\/a>\n\t\t<\/h4>\n\t\t\t\t<div class=\"elementor-post__excerpt\">\n\t\t\t<p>La mostra &#8220;DIALOGHI, tra Fotografia e Pittura&#8221; presenta un innovativo progetto espositivo che indaga il dialogo tra fotografia e pittura attraverso un&#8217;esperienza artistica unica nel suo genere. Dal 4 al 25 ottobre 2025, Villa Confalonieri a Merate ospiter\u00e0 una performance\t\t<\/div>\n\t\t\t\t\t<div class=\"elementor-post__read-more-wrapper\">\n\t\t\n\t\t<a class=\"elementor-post__read-more\" href=\"https:\/\/www.fotolibera.com\/mif\/2025\/07\/12\/dialoghi-tra-fotografia-e-pittura-2\/\" aria-label=\"Leggi tutto DIALOGHI tra fotografia e pittura\" tabindex=\"-1\" >\n\t\t\tLeggi Tutto \u00bb\t\t<\/a>\n\n\t\t\t\t\t<\/div>\n\t\t\t\t<\/div>\n\t\t\t\t\t<\/div>\n\t\t<\/article>\n\t\t\t\t<article class=\"elementor-post elementor-grid-item post-2488 post type-post status-publish format-standard has-post-thumbnail hentry category-165 category-laboratori category-sede-fotolibera-a-p-s tag-camilla-tiranini tag-collettivo-frammenti tag-fotolibera tag-lara-frassine tag-merate tag-sotto-la-superficie\" role=\"listitem\">\n\t\t\t<div class=\"elementor-post__card\">\n\t\t\t\t<a class=\"elementor-post__thumbnail__link\" href=\"https:\/\/www.fotolibera.com\/mif\/2025\/07\/06\/sotto-la-superficie\/\" tabindex=\"-1\" ><div class=\"elementor-post__thumbnail\"><img decoding=\"async\" width=\"300\" height=\"200\" data-src=\"https:\/\/www.fotolibera.com\/mif\/wp-content\/uploads\/2025\/07\/Foto-Lab.-1-300x200.jpg\" class=\"attachment-medium size-medium wp-image-2622 lazyload\" alt=\"\" data-srcset=\"https:\/\/www.fotolibera.com\/mif\/wp-content\/uploads\/2025\/07\/Foto-Lab.-1-300x200.jpg 300w, https:\/\/www.fotolibera.com\/mif\/wp-content\/uploads\/2025\/07\/Foto-Lab.-1-1024x683.jpg 1024w, https:\/\/www.fotolibera.com\/mif\/wp-content\/uploads\/2025\/07\/Foto-Lab.-1-768x513.jpg 768w, https:\/\/www.fotolibera.com\/mif\/wp-content\/uploads\/2025\/07\/Foto-Lab.-1-1536x1025.jpg 1536w, https:\/\/www.fotolibera.com\/mif\/wp-content\/uploads\/2025\/07\/Foto-Lab.-1-700x467.jpg 700w, https:\/\/www.fotolibera.com\/mif\/wp-content\/uploads\/2025\/07\/Foto-Lab.-1-1320x881.jpg 1320w, https:\/\/www.fotolibera.com\/mif\/wp-content\/uploads\/2025\/07\/Foto-Lab.-1.jpg 1534w\" data-sizes=\"(max-width: 300px) 100vw, 300px\" src=\"data:image\/svg+xml;base64,PHN2ZyB3aWR0aD0iMSIgaGVpZ2h0PSIxIiB4bWxucz0iaHR0cDovL3d3dy53My5vcmcvMjAwMC9zdmciPjwvc3ZnPg==\" style=\"--smush-placeholder-width: 300px; --smush-placeholder-aspect-ratio: 300\/200;\" \/><\/div><\/a>\n\t\t\t\t<div class=\"elementor-post__text\">\n\t\t\t\t<h4 class=\"elementor-post__title\">\n\t\t\t<a href=\"https:\/\/www.fotolibera.com\/mif\/2025\/07\/06\/sotto-la-superficie\/\" >\n\t\t\t\tSotto la superficie\t\t\t<\/a>\n\t\t<\/h4>\n\t\t\t\t<div class=\"elementor-post__excerpt\">\n\t\t\t<p>In un contesto contemporaneo in cui la fotografia \u00e8 spesso rivolta verso l\u2019esterno, utilizzata per comunicare<br \/> un\u2019immagine idealizzata di s\u00e9, della propria vita e del mondo, questo laboratorio nasce con l\u2019intento di<br \/> proporre una prospettiva alternativa: una fotografia\t\t<\/div>\n\t\t\t\t\t<div class=\"elementor-post__read-more-wrapper\">\n\t\t\n\t\t<a class=\"elementor-post__read-more\" href=\"https:\/\/www.fotolibera.com\/mif\/2025\/07\/06\/sotto-la-superficie\/\" aria-label=\"Leggi tutto Sotto la superficie\" tabindex=\"-1\" >\n\t\t\tLeggi Tutto \u00bb\t\t<\/a>\n\n\t\t\t\t\t<\/div>\n\t\t\t\t<\/div>\n\t\t\t\t\t<\/div>\n\t\t<\/article>\n\t\t\t\t<article class=\"elementor-post elementor-grid-item post-2396 post type-post status-publish format-standard has-post-thumbnail hentry category-165 category-biblioteca-civica-a-manzoni category-mostre category-mostre-2025 tag-fotolibera tag-il-paesaggio-delle-cose-perdute tag-luciano-ravasio tag-merate tag-mif\" role=\"listitem\">\n\t\t\t<div class=\"elementor-post__card\">\n\t\t\t\t<a class=\"elementor-post__thumbnail__link\" href=\"https:\/\/www.fotolibera.com\/mif\/2025\/07\/04\/il-paesaggio-delle-cose-perdute\/\" tabindex=\"-1\" ><div class=\"elementor-post__thumbnail\"><img decoding=\"async\" width=\"300\" height=\"203\" data-src=\"https:\/\/www.fotolibera.com\/mif\/wp-content\/uploads\/2025\/07\/Senza-titolo_203-300x203.jpg\" class=\"attachment-medium size-medium wp-image-3000 lazyload\" alt=\"\" data-srcset=\"https:\/\/www.fotolibera.com\/mif\/wp-content\/uploads\/2025\/07\/Senza-titolo_203-300x203.jpg 300w, https:\/\/www.fotolibera.com\/mif\/wp-content\/uploads\/2025\/07\/Senza-titolo_203-768x520.jpg 768w, https:\/\/www.fotolibera.com\/mif\/wp-content\/uploads\/2025\/07\/Senza-titolo_203-700x474.jpg 700w, https:\/\/www.fotolibera.com\/mif\/wp-content\/uploads\/2025\/07\/Senza-titolo_203.jpg 1024w\" data-sizes=\"(max-width: 300px) 100vw, 300px\" src=\"data:image\/svg+xml;base64,PHN2ZyB3aWR0aD0iMSIgaGVpZ2h0PSIxIiB4bWxucz0iaHR0cDovL3d3dy53My5vcmcvMjAwMC9zdmciPjwvc3ZnPg==\" style=\"--smush-placeholder-width: 300px; --smush-placeholder-aspect-ratio: 300\/203;\" \/><\/div><\/a>\n\t\t\t\t<div class=\"elementor-post__text\">\n\t\t\t\t<h4 class=\"elementor-post__title\">\n\t\t\t<a href=\"https:\/\/www.fotolibera.com\/mif\/2025\/07\/04\/il-paesaggio-delle-cose-perdute\/\" >\n\t\t\t\tIl Paesaggio delle Cose Perdute\t\t\t<\/a>\n\t\t<\/h4>\n\t\t\t\t<div class=\"elementor-post__excerpt\">\n\t\t\t<p>Nel silenzio del margine, all\u2019interno di contesti appartenenti al Terzo paesaggio, come definito da Gilles Cl\u00e9ment, luoghi incolti, sfuggiti al controllo e alla destinazione funzionale, emergono oggetti dimenticati, biglietti smarriti, frammenti di vita anonima.<br \/> Nasce di conseguenza una mia\t\t<\/div>\n\t\t\t\t\t<div class=\"elementor-post__read-more-wrapper\">\n\t\t\n\t\t<a class=\"elementor-post__read-more\" href=\"https:\/\/www.fotolibera.com\/mif\/2025\/07\/04\/il-paesaggio-delle-cose-perdute\/\" aria-label=\"Leggi tutto Il Paesaggio delle Cose Perdute\" tabindex=\"-1\" >\n\t\t\tLeggi Tutto \u00bb\t\t<\/a>\n\n\t\t\t\t\t<\/div>\n\t\t\t\t<\/div>\n\t\t\t\t\t<\/div>\n\t\t<\/article>\n\t\t\t\t<article class=\"elementor-post elementor-grid-item post-2406 post type-post status-publish format-standard has-post-thumbnail hentry category-165 category-mostre category-mostre-2025 category-villa-confalonieri tag-fotolibera tag-innocence-lost tag-merate tag-mif\" role=\"listitem\">\n\t\t\t<div class=\"elementor-post__card\">\n\t\t\t\t<a class=\"elementor-post__thumbnail__link\" href=\"https:\/\/www.fotolibera.com\/mif\/2025\/07\/02\/atlante-del-terzo-eden\/\" tabindex=\"-1\" ><div class=\"elementor-post__thumbnail\"><img decoding=\"async\" width=\"300\" height=\"240\" data-src=\"https:\/\/www.fotolibera.com\/mif\/wp-content\/uploads\/2025\/07\/03-Giacomo-Fusaro-300x240.jpg\" class=\"attachment-medium size-medium wp-image-2407 lazyload\" alt=\"\" data-srcset=\"https:\/\/www.fotolibera.com\/mif\/wp-content\/uploads\/2025\/07\/03-Giacomo-Fusaro-300x240.jpg 300w, https:\/\/www.fotolibera.com\/mif\/wp-content\/uploads\/2025\/07\/03-Giacomo-Fusaro-768x614.jpg 768w, https:\/\/www.fotolibera.com\/mif\/wp-content\/uploads\/2025\/07\/03-Giacomo-Fusaro-700x560.jpg 700w, https:\/\/www.fotolibera.com\/mif\/wp-content\/uploads\/2025\/07\/03-Giacomo-Fusaro.jpg 1024w\" data-sizes=\"(max-width: 300px) 100vw, 300px\" src=\"data:image\/svg+xml;base64,PHN2ZyB3aWR0aD0iMSIgaGVpZ2h0PSIxIiB4bWxucz0iaHR0cDovL3d3dy53My5vcmcvMjAwMC9zdmciPjwvc3ZnPg==\" style=\"--smush-placeholder-width: 300px; --smush-placeholder-aspect-ratio: 300\/240;\" \/><\/div><\/a>\n\t\t\t\t<div class=\"elementor-post__text\">\n\t\t\t\t<h4 class=\"elementor-post__title\">\n\t\t\t<a href=\"https:\/\/www.fotolibera.com\/mif\/2025\/07\/02\/atlante-del-terzo-eden\/\" >\n\t\t\t\tAtlante del Terzo Eden\t\t\t<\/a>\n\t\t<\/h4>\n\t\t\t\t<div class=\"elementor-post__excerpt\">\n\t\t\t<p>Il primo Eden appartiene al mito: quello perfetto, in cui l\u2019uomo viveva in simbiosi con la Natura ed era parte del tutto, di un sistema circolare e in equilibrio; quello che abbiamo dimenticato di aver conosciuto.<\/p>\t\t<\/div>\n\t\t\t\t\t<div class=\"elementor-post__read-more-wrapper\">\n\t\t\n\t\t<a class=\"elementor-post__read-more\" href=\"https:\/\/www.fotolibera.com\/mif\/2025\/07\/02\/atlante-del-terzo-eden\/\" aria-label=\"Leggi tutto Atlante del Terzo Eden\" tabindex=\"-1\" >\n\t\t\tLeggi Tutto \u00bb\t\t<\/a>\n\n\t\t\t\t\t<\/div>\n\t\t\t\t<\/div>\n\t\t\t\t\t<\/div>\n\t\t<\/article>\n\t\t\t\t<article class=\"elementor-post elementor-grid-item post-2398 post type-post status-publish format-standard has-post-thumbnail hentry category-165 category-centro-sociale-anziani-merate category-mostre category-mostre-2025 tag-fotolibera tag-merate tag-mif tag-parco-del-curone\" role=\"listitem\">\n\t\t\t<div class=\"elementor-post__card\">\n\t\t\t\t<a class=\"elementor-post__thumbnail__link\" href=\"https:\/\/www.fotolibera.com\/mif\/2025\/07\/02\/il-giro-del-parco-in-80-scatti\/\" tabindex=\"-1\" ><div class=\"elementor-post__thumbnail\"><img decoding=\"async\" width=\"300\" height=\"200\" data-src=\"https:\/\/www.fotolibera.com\/mif\/wp-content\/uploads\/2025\/07\/I4A8595-copia-300x200.jpg\" class=\"attachment-medium size-medium wp-image-2399 lazyload\" alt=\"\" data-srcset=\"https:\/\/www.fotolibera.com\/mif\/wp-content\/uploads\/2025\/07\/I4A8595-copia-300x200.jpg 300w, https:\/\/www.fotolibera.com\/mif\/wp-content\/uploads\/2025\/07\/I4A8595-copia-768x512.jpg 768w, https:\/\/www.fotolibera.com\/mif\/wp-content\/uploads\/2025\/07\/I4A8595-copia-700x467.jpg 700w, https:\/\/www.fotolibera.com\/mif\/wp-content\/uploads\/2025\/07\/I4A8595-copia.jpg 1024w\" data-sizes=\"(max-width: 300px) 100vw, 300px\" src=\"data:image\/svg+xml;base64,PHN2ZyB3aWR0aD0iMSIgaGVpZ2h0PSIxIiB4bWxucz0iaHR0cDovL3d3dy53My5vcmcvMjAwMC9zdmciPjwvc3ZnPg==\" style=\"--smush-placeholder-width: 300px; --smush-placeholder-aspect-ratio: 300\/200;\" \/><\/div><\/a>\n\t\t\t\t<div class=\"elementor-post__text\">\n\t\t\t\t<h4 class=\"elementor-post__title\">\n\t\t\t<a href=\"https:\/\/www.fotolibera.com\/mif\/2025\/07\/02\/il-giro-del-parco-in-80-scatti\/\" >\n\t\t\t\tIl Giro del Parco in 80 Scatti\t\t\t<\/a>\n\t\t<\/h4>\n\t\t\t\t<div class=\"elementor-post__excerpt\">\n\t\t\t<p>Parafrasando l&#8217;opera del 1873, &#8220;Le tour du monde en quatre vingts jours&#8221; di Jules Verne, Fotolibera \u00e8 lieta di ripresentare la mostra fotografica &#8220;il giro del parco in 80 scatti&#8221;, che esprime la nostra personale interpretazione fotografica relativa al territorio\t\t<\/div>\n\t\t\t\t\t<div class=\"elementor-post__read-more-wrapper\">\n\t\t\n\t\t<a class=\"elementor-post__read-more\" href=\"https:\/\/www.fotolibera.com\/mif\/2025\/07\/02\/il-giro-del-parco-in-80-scatti\/\" aria-label=\"Leggi tutto Il Giro del Parco in 80 Scatti\" tabindex=\"-1\" >\n\t\t\tLeggi Tutto \u00bb\t\t<\/a>\n\n\t\t\t\t\t<\/div>\n\t\t\t\t<\/div>\n\t\t\t\t\t<\/div>\n\t\t<\/article>\n\t\t\t\t<article class=\"elementor-post elementor-grid-item post-2390 post type-post status-publish format-standard has-post-thumbnail hentry category-165 category-atrio-palazzo-comunale category-mostre category-mostre-2025 tag-alchimie-di-luce-e-pigmento tag-aldo-mapelli tag-fotolibera tag-gomma-bicromatata\" role=\"listitem\">\n\t\t\t<div class=\"elementor-post__card\">\n\t\t\t\t<a class=\"elementor-post__thumbnail__link\" href=\"https:\/\/www.fotolibera.com\/mif\/2025\/06\/30\/alchimie-di-luce-e-pigmento\/\" tabindex=\"-1\" ><div class=\"elementor-post__thumbnail\"><img decoding=\"async\" width=\"300\" height=\"215\" data-src=\"https:\/\/www.fotolibera.com\/mif\/wp-content\/uploads\/2025\/06\/Aldo-Mapelli-tit-Divieto-stampa-alla-gomma-bicromatata-300x215.jpg\" class=\"attachment-medium size-medium wp-image-2550 lazyload\" alt=\"\" data-srcset=\"https:\/\/www.fotolibera.com\/mif\/wp-content\/uploads\/2025\/06\/Aldo-Mapelli-tit-Divieto-stampa-alla-gomma-bicromatata-300x215.jpg 300w, https:\/\/www.fotolibera.com\/mif\/wp-content\/uploads\/2025\/06\/Aldo-Mapelli-tit-Divieto-stampa-alla-gomma-bicromatata-768x550.jpg 768w, https:\/\/www.fotolibera.com\/mif\/wp-content\/uploads\/2025\/06\/Aldo-Mapelli-tit-Divieto-stampa-alla-gomma-bicromatata-700x501.jpg 700w, https:\/\/www.fotolibera.com\/mif\/wp-content\/uploads\/2025\/06\/Aldo-Mapelli-tit-Divieto-stampa-alla-gomma-bicromatata.jpg 1024w\" data-sizes=\"(max-width: 300px) 100vw, 300px\" src=\"data:image\/svg+xml;base64,PHN2ZyB3aWR0aD0iMSIgaGVpZ2h0PSIxIiB4bWxucz0iaHR0cDovL3d3dy53My5vcmcvMjAwMC9zdmciPjwvc3ZnPg==\" style=\"--smush-placeholder-width: 300px; --smush-placeholder-aspect-ratio: 300\/215;\" \/><\/div><\/a>\n\t\t\t\t<div class=\"elementor-post__text\">\n\t\t\t\t<h4 class=\"elementor-post__title\">\n\t\t\t<a href=\"https:\/\/www.fotolibera.com\/mif\/2025\/06\/30\/alchimie-di-luce-e-pigmento\/\" >\n\t\t\t\tAlchimie di Luce e Pigmento\t\t\t<\/a>\n\t\t<\/h4>\n\t\t\t\t<div class=\"elementor-post__excerpt\">\n\t\t\t<p>La gomma bicromata \u00e8 un processo che sfida la percezione stessa dell\u2019immagine. Qui, la fotografia<br \/> non \u00e8 pi\u00f9 solo luce catturata, ma materia trasformata. I pigmenti si mescolano alla chimica, dando<br \/> vita a opere che oscillano tra il\t\t<\/div>\n\t\t\t\t\t<div class=\"elementor-post__read-more-wrapper\">\n\t\t\n\t\t<a class=\"elementor-post__read-more\" href=\"https:\/\/www.fotolibera.com\/mif\/2025\/06\/30\/alchimie-di-luce-e-pigmento\/\" aria-label=\"Leggi tutto Alchimie di Luce e Pigmento\" tabindex=\"-1\" >\n\t\t\tLeggi Tutto \u00bb\t\t<\/a>\n\n\t\t\t\t\t<\/div>\n\t\t\t\t<\/div>\n\t\t\t\t\t<\/div>\n\t\t<\/article>\n\t\t\t\t<article class=\"elementor-post elementor-grid-item post-2367 post type-post status-publish format-standard has-post-thumbnail hentry category-165 category-mostre category-mostre-2025 category-villa-confalonieri tag-fotolibera tag-merate tag-mif\" role=\"listitem\">\n\t\t\t<div class=\"elementor-post__card\">\n\t\t\t\t<a class=\"elementor-post__thumbnail__link\" href=\"https:\/\/www.fotolibera.com\/mif\/2025\/06\/28\/memorie-di-adriano\/\" tabindex=\"-1\" ><div class=\"elementor-post__thumbnail\"><img decoding=\"async\" width=\"300\" height=\"169\" data-src=\"https:\/\/www.fotolibera.com\/mif\/wp-content\/uploads\/2025\/06\/imm_005-300x169.jpg\" class=\"attachment-medium size-medium wp-image-2369 lazyload\" alt=\"\" data-srcset=\"https:\/\/www.fotolibera.com\/mif\/wp-content\/uploads\/2025\/06\/imm_005-300x169.jpg 300w, https:\/\/www.fotolibera.com\/mif\/wp-content\/uploads\/2025\/06\/imm_005-768x432.jpg 768w, https:\/\/www.fotolibera.com\/mif\/wp-content\/uploads\/2025\/06\/imm_005-700x394.jpg 700w, https:\/\/www.fotolibera.com\/mif\/wp-content\/uploads\/2025\/06\/imm_005-539x303.jpg 539w, https:\/\/www.fotolibera.com\/mif\/wp-content\/uploads\/2025\/06\/imm_005.jpg 1024w\" data-sizes=\"(max-width: 300px) 100vw, 300px\" src=\"data:image\/svg+xml;base64,PHN2ZyB3aWR0aD0iMSIgaGVpZ2h0PSIxIiB4bWxucz0iaHR0cDovL3d3dy53My5vcmcvMjAwMC9zdmciPjwvc3ZnPg==\" style=\"--smush-placeholder-width: 300px; --smush-placeholder-aspect-ratio: 300\/169;\" \/><\/div><\/a>\n\t\t\t\t<div class=\"elementor-post__text\">\n\t\t\t\t<h4 class=\"elementor-post__title\">\n\t\t\t<a href=\"https:\/\/www.fotolibera.com\/mif\/2025\/06\/28\/memorie-di-adriano\/\" >\n\t\t\t\tMemorie di Adriano\t\t\t<\/a>\n\t\t<\/h4>\n\t\t\t\t<div class=\"elementor-post__excerpt\">\n\t\t\t<p>Memorie di Adriano tratta di una bellezza \u201cstorica\u201d: l\u2019ideale<br \/> classico di bellezza, perfezione e armonia che sopravvive ai<br \/> secoli ed ora \u00e8 intoccabile ingiudicabile.<br \/> La cornice di rimandi che circonda queste immagini \u00e8 carica del concetto di\t\t<\/div>\n\t\t\t\t\t<div class=\"elementor-post__read-more-wrapper\">\n\t\t\n\t\t<a class=\"elementor-post__read-more\" href=\"https:\/\/www.fotolibera.com\/mif\/2025\/06\/28\/memorie-di-adriano\/\" aria-label=\"Leggi tutto Memorie di Adriano\" tabindex=\"-1\" >\n\t\t\tLeggi Tutto \u00bb\t\t<\/a>\n\n\t\t\t\t\t<\/div>\n\t\t\t\t<\/div>\n\t\t\t\t\t<\/div>\n\t\t<\/article>\n\t\t\t\t<article class=\"elementor-post elementor-grid-item post-2361 post type-post status-publish format-standard has-post-thumbnail hentry category-165 category-mostre category-mostre-2025 category-villa-confalonieri tag-fotolibera tag-letizia-ronconi tag-merate tag-mif\" role=\"listitem\">\n\t\t\t<div class=\"elementor-post__card\">\n\t\t\t\t<a class=\"elementor-post__thumbnail__link\" href=\"https:\/\/www.fotolibera.com\/mif\/2025\/06\/28\/erba-e-vaniglia\/\" tabindex=\"-1\" ><div class=\"elementor-post__thumbnail\"><img decoding=\"async\" width=\"300\" height=\"200\" data-src=\"https:\/\/www.fotolibera.com\/mif\/wp-content\/uploads\/2025\/06\/01b-300x200.jpg\" class=\"attachment-medium size-medium wp-image-2362 lazyload\" alt=\"\" data-srcset=\"https:\/\/www.fotolibera.com\/mif\/wp-content\/uploads\/2025\/06\/01b-300x200.jpg 300w, https:\/\/www.fotolibera.com\/mif\/wp-content\/uploads\/2025\/06\/01b-768x513.jpg 768w, https:\/\/www.fotolibera.com\/mif\/wp-content\/uploads\/2025\/06\/01b-700x468.jpg 700w, https:\/\/www.fotolibera.com\/mif\/wp-content\/uploads\/2025\/06\/01b.jpg 1024w\" data-sizes=\"(max-width: 300px) 100vw, 300px\" src=\"data:image\/svg+xml;base64,PHN2ZyB3aWR0aD0iMSIgaGVpZ2h0PSIxIiB4bWxucz0iaHR0cDovL3d3dy53My5vcmcvMjAwMC9zdmciPjwvc3ZnPg==\" style=\"--smush-placeholder-width: 300px; --smush-placeholder-aspect-ratio: 300\/200;\" \/><\/div><\/a>\n\t\t\t\t<div class=\"elementor-post__text\">\n\t\t\t\t<h4 class=\"elementor-post__title\">\n\t\t\t<a href=\"https:\/\/www.fotolibera.com\/mif\/2025\/06\/28\/erba-e-vaniglia\/\" >\n\t\t\t\tErba e Vaniglia\t\t\t<\/a>\n\t\t<\/h4>\n\t\t\t\t<div class=\"elementor-post__excerpt\">\n\t\t\t<p>La carta dei vecchi libri ha una maggiore quantit\u00e0 di cellulosa e lignina rispetto a quelli di oggi.<br \/> Queste sostanze, degradandosi con il tempo assieme alla colla, fanno ingiallire la carta e rilasciano nell\u2019aria composti organici dagli aromi dolci,\t\t<\/div>\n\t\t\t\t\t<div class=\"elementor-post__read-more-wrapper\">\n\t\t\n\t\t<a class=\"elementor-post__read-more\" href=\"https:\/\/www.fotolibera.com\/mif\/2025\/06\/28\/erba-e-vaniglia\/\" aria-label=\"Leggi tutto Erba e Vaniglia\" tabindex=\"-1\" >\n\t\t\tLeggi Tutto \u00bb\t\t<\/a>\n\n\t\t\t\t\t<\/div>\n\t\t\t\t<\/div>\n\t\t\t\t\t<\/div>\n\t\t<\/article>\n\t\t\t\t<article class=\"elementor-post elementor-grid-item post-2347 post type-post status-publish format-standard has-post-thumbnail hentry category-165 category-mostre category-mostre-2025 category-villa-confalonieri tag-diventeranno-famosi tag-fondazione-3m tag-fotolibera tag-merate tag-mif tag-roberto-mutti\" role=\"listitem\">\n\t\t\t<div class=\"elementor-post__card\">\n\t\t\t\t<a class=\"elementor-post__thumbnail__link\" href=\"https:\/\/www.fotolibera.com\/mif\/2025\/06\/28\/diventeranno-famosi\/\" tabindex=\"-1\" ><div class=\"elementor-post__thumbnail\"><img decoding=\"async\" width=\"300\" height=\"236\" data-src=\"https:\/\/www.fotolibera.com\/mif\/wp-content\/uploads\/2025\/06\/bevilacqua-300x236.jpg\" class=\"attachment-medium size-medium wp-image-2584 lazyload\" alt=\"\" data-srcset=\"https:\/\/www.fotolibera.com\/mif\/wp-content\/uploads\/2025\/06\/bevilacqua-300x236.jpg 300w, https:\/\/www.fotolibera.com\/mif\/wp-content\/uploads\/2025\/06\/bevilacqua-768x605.jpg 768w, https:\/\/www.fotolibera.com\/mif\/wp-content\/uploads\/2025\/06\/bevilacqua-700x552.jpg 700w, https:\/\/www.fotolibera.com\/mif\/wp-content\/uploads\/2025\/06\/bevilacqua.jpg 1000w\" data-sizes=\"(max-width: 300px) 100vw, 300px\" src=\"data:image\/svg+xml;base64,PHN2ZyB3aWR0aD0iMSIgaGVpZ2h0PSIxIiB4bWxucz0iaHR0cDovL3d3dy53My5vcmcvMjAwMC9zdmciPjwvc3ZnPg==\" style=\"--smush-placeholder-width: 300px; --smush-placeholder-aspect-ratio: 300\/236;\" \/><\/div><\/a>\n\t\t\t\t<div class=\"elementor-post__text\">\n\t\t\t\t<h4 class=\"elementor-post__title\">\n\t\t\t<a href=\"https:\/\/www.fotolibera.com\/mif\/2025\/06\/28\/diventeranno-famosi\/\" >\n\t\t\t\tDiventeranno Famosi\t\t\t<\/a>\n\t\t<\/h4>\n\t\t\t\t<div class=\"elementor-post__excerpt\">\n\t\t\t<p>\u201cDiventeranno famosi\u201d \u00e8 il titolo di questa mostra che raccoglie le fotografie di autori che sono stati pubblicati sulla rivista \u201cFerrania\u201d per la qualit\u00e0 delle loro opere grazie alle quali si sarebbero poi affermati in campo nazionale e talvolta internazionale.\t\t<\/div>\n\t\t\t\t\t<div class=\"elementor-post__read-more-wrapper\">\n\t\t\n\t\t<a class=\"elementor-post__read-more\" href=\"https:\/\/www.fotolibera.com\/mif\/2025\/06\/28\/diventeranno-famosi\/\" aria-label=\"Leggi tutto Diventeranno Famosi\" tabindex=\"-1\" >\n\t\t\tLeggi Tutto \u00bb\t\t<\/a>\n\n\t\t\t\t\t<\/div>\n\t\t\t\t<\/div>\n\t\t\t\t\t<\/div>\n\t\t<\/article>\n\t\t\t\t<article class=\"elementor-post elementor-grid-item post-2338 post type-post status-publish format-standard has-post-thumbnail hentry category-165 category-mostre category-mostre-2025 category-villa-confalonieri tag-fotolibera tag-merate tag-mi-piace-il-tempo-fermo tag-mif tag-silvia-foti\" role=\"listitem\">\n\t\t\t<div class=\"elementor-post__card\">\n\t\t\t\t<a class=\"elementor-post__thumbnail__link\" href=\"https:\/\/www.fotolibera.com\/mif\/2025\/06\/28\/mi-piace-il-tempo-fermo\/\" tabindex=\"-1\" ><div class=\"elementor-post__thumbnail\"><img decoding=\"async\" width=\"300\" height=\"197\" data-src=\"https:\/\/www.fotolibera.com\/mif\/wp-content\/uploads\/2025\/06\/ponte-barcelonetaa-300x197.jpg\" class=\"attachment-medium size-medium wp-image-2339 lazyload\" alt=\"\" data-srcset=\"https:\/\/www.fotolibera.com\/mif\/wp-content\/uploads\/2025\/06\/ponte-barcelonetaa-300x197.jpg 300w, https:\/\/www.fotolibera.com\/mif\/wp-content\/uploads\/2025\/06\/ponte-barcelonetaa-768x506.jpg 768w, https:\/\/www.fotolibera.com\/mif\/wp-content\/uploads\/2025\/06\/ponte-barcelonetaa-700x461.jpg 700w, https:\/\/www.fotolibera.com\/mif\/wp-content\/uploads\/2025\/06\/ponte-barcelonetaa.jpg 1024w\" data-sizes=\"(max-width: 300px) 100vw, 300px\" src=\"data:image\/svg+xml;base64,PHN2ZyB3aWR0aD0iMSIgaGVpZ2h0PSIxIiB4bWxucz0iaHR0cDovL3d3dy53My5vcmcvMjAwMC9zdmciPjwvc3ZnPg==\" style=\"--smush-placeholder-width: 300px; --smush-placeholder-aspect-ratio: 300\/197;\" \/><\/div><\/a>\n\t\t\t\t<div class=\"elementor-post__text\">\n\t\t\t\t<h4 class=\"elementor-post__title\">\n\t\t\t<a href=\"https:\/\/www.fotolibera.com\/mif\/2025\/06\/28\/mi-piace-il-tempo-fermo\/\" >\n\t\t\t\tMi piace il Tempo Fermo\t\t\t<\/a>\n\t\t<\/h4>\n\t\t\t\t<div class=\"elementor-post__excerpt\">\n\t\t\t<p>Ho, come tanti, una vita facile. Quello che mi serve, la tecnica giusta, la ricetta ideale, ci\u00f2 che non ricordo e ancora non so sono talmente a portata di mano da darmi la sensazione che non ci sia fine a\t\t<\/div>\n\t\t\t\t\t<div class=\"elementor-post__read-more-wrapper\">\n\t\t\n\t\t<a class=\"elementor-post__read-more\" href=\"https:\/\/www.fotolibera.com\/mif\/2025\/06\/28\/mi-piace-il-tempo-fermo\/\" aria-label=\"Leggi tutto Mi piace il Tempo Fermo\" tabindex=\"-1\" >\n\t\t\tLeggi Tutto \u00bb\t\t<\/a>\n\n\t\t\t\t\t<\/div>\n\t\t\t\t<\/div>\n\t\t\t\t\t<\/div>\n\t\t<\/article>\n\t\t\t\t<article class=\"elementor-post elementor-grid-item post-2323 post type-post status-publish format-standard has-post-thumbnail hentry category-165 category-mostre category-mostre-2025 category-villa-confalonieri tag-fotolibera tag-merate tag-mif tag-paolo-novelli tag-persone-e-cose tag-roberto-mutti\" role=\"listitem\">\n\t\t\t<div class=\"elementor-post__card\">\n\t\t\t\t<a class=\"elementor-post__thumbnail__link\" href=\"https:\/\/www.fotolibera.com\/mif\/2025\/06\/26\/persone-e-cose\/\" tabindex=\"-1\" ><div class=\"elementor-post__thumbnail\"><img decoding=\"async\" width=\"300\" height=\"197\" data-src=\"https:\/\/www.fotolibera.com\/mif\/wp-content\/uploads\/2025\/06\/Novelli_1-300x197.png\" class=\"attachment-medium size-medium wp-image-2326 lazyload\" alt=\"\" data-srcset=\"https:\/\/www.fotolibera.com\/mif\/wp-content\/uploads\/2025\/06\/Novelli_1-300x197.png 300w, https:\/\/www.fotolibera.com\/mif\/wp-content\/uploads\/2025\/06\/Novelli_1.png 660w\" data-sizes=\"(max-width: 300px) 100vw, 300px\" src=\"data:image\/svg+xml;base64,PHN2ZyB3aWR0aD0iMSIgaGVpZ2h0PSIxIiB4bWxucz0iaHR0cDovL3d3dy53My5vcmcvMjAwMC9zdmciPjwvc3ZnPg==\" style=\"--smush-placeholder-width: 300px; --smush-placeholder-aspect-ratio: 300\/197;\" \/><\/div><\/a>\n\t\t\t\t<div class=\"elementor-post__text\">\n\t\t\t\t<h4 class=\"elementor-post__title\">\n\t\t\t<a href=\"https:\/\/www.fotolibera.com\/mif\/2025\/06\/26\/persone-e-cose\/\" >\n\t\t\t\tPersone e Cose\t\t\t<\/a>\n\t\t<\/h4>\n\t\t\t\t<div class=\"elementor-post__excerpt\">\n\t\t\t<p>Persone e cose \u00e8 l\u2019unica ricerca in cui la figura umana assurge al ruolo di protagonista che in altri \u00e8 affidato a porte, finestre, lampioni, monumenti, interni di tunnel, paesaggi nebbiosi. In questo, come peraltro in tutti i lavori di\t\t<\/div>\n\t\t\t\t\t<div class=\"elementor-post__read-more-wrapper\">\n\t\t\n\t\t<a class=\"elementor-post__read-more\" href=\"https:\/\/www.fotolibera.com\/mif\/2025\/06\/26\/persone-e-cose\/\" aria-label=\"Leggi tutto Persone e Cose\" tabindex=\"-1\" >\n\t\t\tLeggi Tutto \u00bb\t\t<\/a>\n\n\t\t\t\t\t<\/div>\n\t\t\t\t<\/div>\n\t\t\t\t\t<\/div>\n\t\t<\/article>\n\t\t\t\t<\/div>\n\t\t\n\t\t\t\t\t\t<\/div>\n\t\t\t\t<\/div>\n\t\t\t\t<div class=\"elementor-element elementor-element-85de1f2 elementor-widget elementor-widget-spacer\" data-id=\"85de1f2\" data-element_type=\"widget\" data-widget_type=\"spacer.default\">\n\t\t\t\t<div class=\"elementor-widget-container\">\n\t\t\t\t\t\t\t<div class=\"elementor-spacer\">\n\t\t\t<div class=\"elementor-spacer-inner\"><\/div>\n\t\t<\/div>\n\t\t\t\t\t\t<\/div>\n\t\t\t\t<\/div>\n\t\t\t\t\t<\/div>\n\t\t<\/div>\n\t\t\t\t\t<\/div>\n\t\t<\/section>\n\t\t\t\t<section style=\"background-image:inherit;\" class=\"parallax_section_holder elementor-section elementor-top-section elementor-element elementor-element-f58edee elementor-section-full_width parallax_section_holder elementor-section-height-default elementor-section-height-default qode_elementor_container_no lazyload\" data-speed=\"0\" data-id=\"f58edee\" data-element_type=\"section\" data-settings=\"{&quot;qode_parallax_image&quot;:{&quot;url&quot;:&quot;https:\\\/\\\/www.fotolibera.com\\\/mif\\\/wp-content\\\/uploads\\\/2025\\\/07\\\/ridimmutti.jpg&quot;,&quot;id&quot;:2497,&quot;size&quot;:&quot;&quot;,&quot;alt&quot;:&quot;&quot;,&quot;source&quot;:&quot;library&quot;},&quot;background_background&quot;:&quot;classic&quot;}\" data-bg-image=\"url(https:\/\/www.fotolibera.com\/mif\/wp-content\/uploads\/2025\/07\/ridimmutti.jpg)\">\n\t\t\t\t\t\t<div class=\"elementor-container elementor-column-gap-no\">\n\t\t\t\t\t<div class=\"elementor-column elementor-col-100 elementor-top-column elementor-element elementor-element-42c669e\" data-id=\"42c669e\" data-element_type=\"column\">\n\t\t\t<div class=\"elementor-widget-wrap elementor-element-populated\">\n\t\t\t\t\t\t<div class=\"elementor-element elementor-element-3ab4491 elementor-widget elementor-widget-heading\" data-id=\"3ab4491\" data-element_type=\"widget\" data-widget_type=\"heading.default\">\n\t\t\t\t<div class=\"elementor-widget-container\">\n\t\t\t\t\t<h2 class=\"elementor-heading-title elementor-size-default\">3\u00b0 Portfolio in Villa<\/h2>\t\t\t\t<\/div>\n\t\t\t\t<\/div>\n\t\t\t\t<div class=\"elementor-element elementor-element-2ca7911 elementor-widget elementor-widget-text-editor\" data-id=\"2ca7911\" data-element_type=\"widget\" data-widget_type=\"text-editor.default\">\n\t\t\t\t<div class=\"elementor-widget-container\">\n\t\t\t\t\t\t\t\t\t<h2 style=\"text-align: center;\"><span style=\"color: #ffffff;\"><strong>Domenica 12 Ottobre 2025 &#8211; Villa Confalonieri<\/strong><\/span><\/h2>\t\t\t\t\t\t\t\t<\/div>\n\t\t\t\t<\/div>\n\t\t\t\t<div class=\"elementor-element elementor-element-bc663df elementor-widget elementor-widget-text-editor\" data-id=\"bc663df\" data-element_type=\"widget\" data-widget_type=\"text-editor.default\">\n\t\t\t\t<div class=\"elementor-widget-container\">\n\t\t\t\t\t\t\t\t\t<h3 style=\"text-align: center;\"><span style=\"color: #ffffff;\">Lettori:<\/span><\/h3>\t\t\t\t\t\t\t\t<\/div>\n\t\t\t\t<\/div>\n\t\t\t\t<div class=\"elementor-element elementor-element-b8e44f8 elementor-widget elementor-widget-text-editor\" data-id=\"b8e44f8\" data-element_type=\"widget\" data-widget_type=\"text-editor.default\">\n\t\t\t\t<div class=\"elementor-widget-container\">\n\t\t\t\t\t\t\t\t\t<h2 style=\"text-align: center;\"><span style=\"color: #ffffff;\">Isabella Tholozan<\/span><\/h2><h2 style=\"text-align: center;\"><span style=\"color: #ffffff;\">Luigi Erba<\/span><\/h2><h2 style=\"text-align: center;\"><span style=\"color: #ffffff;\">Luigi Cavadini<\/span><\/h2><h2 style=\"text-align: center;\"><span style=\"color: #ffffff;\">Mauro Conti<\/span><\/h2><h2 style=\"text-align: center;\"><span style=\"color: #ffffff;\">Vincenzo Gerbasi<\/span><\/h2>\t\t\t\t\t\t\t\t<\/div>\n\t\t\t\t<\/div>\n\t\t\t\t<div class=\"elementor-element elementor-element-26cb5fa elementor-widget elementor-widget-text-editor\" data-id=\"26cb5fa\" data-element_type=\"widget\" data-widget_type=\"text-editor.default\">\n\t\t\t\t<div class=\"elementor-widget-container\">\n\t\t\t\t\t\t\t\t\t<h2 style=\"text-align: center;\"><strong><span style=\"color: #ffffff;\">Prenota la tua lettura<\/span><\/strong><\/h2>\t\t\t\t\t\t\t\t<\/div>\n\t\t\t\t<\/div>\n\t\t\t\t<div class=\"elementor-element elementor-element-59485fb elementor-button-info elementor-align-center elementor-widget elementor-widget-button\" data-id=\"59485fb\" data-element_type=\"widget\" data-widget_type=\"button.default\">\n\t\t\t\t<div class=\"elementor-widget-container\">\n\t\t\t\t\t\t\t\t\t<div class=\"elementor-button-wrapper\">\n\t\t\t\t\t<a class=\"elementor-button elementor-button-link elementor-size-sm\" href=\"https:\/\/www.fotolibera.com\/mif\/portfolio-in-villa\/\" rel=\"nofollow\">\n\t\t\t\t\t\t<span class=\"elementor-button-content-wrapper\">\n\t\t\t\t\t\t\t\t\t<span class=\"elementor-button-text\">PARTECIPA<\/span>\n\t\t\t\t\t<\/span>\n\t\t\t\t\t<\/a>\n\t\t\t\t<\/div>\n\t\t\t\t\t\t\t\t<\/div>\n\t\t\t\t<\/div>\n\t\t\t\t\t<\/div>\n\t\t<\/div>\n\t\t\t\t\t<\/div>\n\t\t<\/section>\n\t\t\t\t<section class=\"elementor-section elementor-top-section elementor-element elementor-element-e627a04 elementor-section-full_width elementor-section-content-middle elementor-section-height-min-height elementor-section-height-default elementor-section-items-middle parallax_section_no qode_elementor_container_no\" data-id=\"e627a04\" data-element_type=\"section\" data-settings=\"{&quot;motion_fx_motion_fx_scrolling&quot;:&quot;yes&quot;,&quot;motion_fx_devices&quot;:[&quot;desktop&quot;,&quot;tablet&quot;,&quot;mobile&quot;]}\">\n\t\t\t\t\t\t<div class=\"elementor-container elementor-column-gap-custom\">\n\t\t\t\t\t<div class=\"elementor-column elementor-col-100 elementor-top-column elementor-element elementor-element-d1bdd90\" data-id=\"d1bdd90\" data-element_type=\"column\">\n\t\t\t<div class=\"elementor-widget-wrap elementor-element-populated\">\n\t\t\t\t\t\t<div class=\"elementor-element elementor-element-3560dc6 elementor-widget elementor-widget-spacer\" data-id=\"3560dc6\" data-element_type=\"widget\" data-widget_type=\"spacer.default\">\n\t\t\t\t<div class=\"elementor-widget-container\">\n\t\t\t\t\t\t\t<div class=\"elementor-spacer\">\n\t\t\t<div class=\"elementor-spacer-inner\"><\/div>\n\t\t<\/div>\n\t\t\t\t\t\t<\/div>\n\t\t\t\t<\/div>\n\t\t\t\t<div class=\"elementor-element elementor-element-594502d elementor-widget__width-initial elementor-skin-carousel elementor-widget elementor-widget-media-carousel\" data-id=\"594502d\" data-element_type=\"widget\" data-settings=\"{&quot;slides_to_scroll&quot;:&quot;1&quot;,&quot;space_between&quot;:{&quot;unit&quot;:&quot;px&quot;,&quot;size&quot;:13,&quot;sizes&quot;:[]},&quot;slides_per_view&quot;:&quot;10&quot;,&quot;skin&quot;:&quot;carousel&quot;,&quot;effect&quot;:&quot;slide&quot;,&quot;speed&quot;:500,&quot;autoplay&quot;:&quot;yes&quot;,&quot;autoplay_speed&quot;:5000,&quot;loop&quot;:&quot;yes&quot;,&quot;pause_on_hover&quot;:&quot;yes&quot;,&quot;pause_on_interaction&quot;:&quot;yes&quot;,&quot;space_between_tablet&quot;:{&quot;unit&quot;:&quot;px&quot;,&quot;size&quot;:10,&quot;sizes&quot;:[]},&quot;space_between_mobile&quot;:{&quot;unit&quot;:&quot;px&quot;,&quot;size&quot;:10,&quot;sizes&quot;:[]}}\" data-widget_type=\"media-carousel.default\">\n\t\t\t\t<div class=\"elementor-widget-container\">\n\t\t\t\t\t\t\t\t\t<div class=\"elementor-swiper\">\n\t\t\t\t\t<div class=\"elementor-main-swiper swiper\" role=\"region\" aria-roledescription=\"carousel\" aria-label=\"Slides\">\n\t\t\t\t<div class=\"swiper-wrapper\">\n\t\t\t\t\t\t\t\t\t\t\t<div class=\"swiper-slide\" role=\"group\" aria-roledescription=\"slide\">\n\t\t\t\t\t\t\t\t\t<div class=\"elementor-carousel-image lazyload\" role=\"img\" aria-label=\"Progetto senza titolo (2)\" style=\"background-image:inherit\" data-bg-image=\"url(&#039;https:\/\/www.fotolibera.com\/mif\/wp-content\/uploads\/2024\/07\/Progetto-senza-titolo-2-1.png&#039;)\">\n\n\t\t\t\n\t\t\t\t\t<\/div>\n\t\t\t\t\t\t\t\t<\/div>\n\t\t\t\t\t\t\t\t\t\t\t<div class=\"swiper-slide\" role=\"group\" aria-roledescription=\"slide\">\n\t\t\t\t\t\t\t\t\t<div class=\"elementor-carousel-image lazyload\" role=\"img\" aria-label=\"19\" style=\"background-image:inherit\" data-bg-image=\"url(&#039;https:\/\/www.fotolibera.com\/mif\/wp-content\/uploads\/2024\/06\/19.png&#039;)\">\n\n\t\t\t\n\t\t\t\t\t<\/div>\n\t\t\t\t\t\t\t\t<\/div>\n\t\t\t\t\t\t\t\t\t\t\t<div class=\"swiper-slide\" role=\"group\" aria-roledescription=\"slide\">\n\t\t\t\t\t\t\t\t\t<div class=\"elementor-carousel-image lazyload\" role=\"img\" aria-label=\"17\" style=\"background-image:inherit\" data-bg-image=\"url(&#039;https:\/\/www.fotolibera.com\/mif\/wp-content\/uploads\/2024\/06\/17.png&#039;)\">\n\n\t\t\t\n\t\t\t\t\t<\/div>\n\t\t\t\t\t\t\t\t<\/div>\n\t\t\t\t\t\t\t\t\t\t\t<div class=\"swiper-slide\" role=\"group\" aria-roledescription=\"slide\">\n\t\t\t\t\t\t\t\t\t<div class=\"elementor-carousel-image lazyload\" role=\"img\" aria-label=\"12\" style=\"background-image:inherit\" data-bg-image=\"url(&#039;https:\/\/www.fotolibera.com\/mif\/wp-content\/uploads\/2024\/06\/12.png&#039;)\">\n\n\t\t\t\n\t\t\t\t\t<\/div>\n\t\t\t\t\t\t\t\t<\/div>\n\t\t\t\t\t\t\t\t\t\t\t<div class=\"swiper-slide\" role=\"group\" aria-roledescription=\"slide\">\n\t\t\t\t\t\t\t\t\t<div class=\"elementor-carousel-image lazyload\" role=\"img\" aria-label=\"11\" style=\"background-image:inherit\" data-bg-image=\"url(&#039;https:\/\/www.fotolibera.com\/mif\/wp-content\/uploads\/2024\/06\/11.png&#039;)\">\n\n\t\t\t\n\t\t\t\t\t<\/div>\n\t\t\t\t\t\t\t\t<\/div>\n\t\t\t\t\t\t\t\t\t\t\t<div class=\"swiper-slide\" role=\"group\" aria-roledescription=\"slide\">\n\t\t\t\t\t\t\t\t\t<div class=\"elementor-carousel-image lazyload\" role=\"img\" aria-label=\"10\" style=\"background-image:inherit\" data-bg-image=\"url(&#039;https:\/\/www.fotolibera.com\/mif\/wp-content\/uploads\/2024\/06\/10.png&#039;)\">\n\n\t\t\t\n\t\t\t\t\t<\/div>\n\t\t\t\t\t\t\t\t<\/div>\n\t\t\t\t\t\t\t\t\t\t\t<div class=\"swiper-slide\" role=\"group\" aria-roledescription=\"slide\">\n\t\t\t\t\t\t\t\t\t<div class=\"elementor-carousel-image lazyload\" role=\"img\" aria-label=\"9\" style=\"background-image:inherit\" data-bg-image=\"url(&#039;https:\/\/www.fotolibera.com\/mif\/wp-content\/uploads\/2024\/06\/9.png&#039;)\">\n\n\t\t\t\n\t\t\t\t\t<\/div>\n\t\t\t\t\t\t\t\t<\/div>\n\t\t\t\t\t\t\t\t\t\t\t<div class=\"swiper-slide\" role=\"group\" aria-roledescription=\"slide\">\n\t\t\t\t\t\t\t\t\t<div class=\"elementor-carousel-image lazyload\" role=\"img\" aria-label=\"8\" style=\"background-image:inherit\" data-bg-image=\"url(&#039;https:\/\/www.fotolibera.com\/mif\/wp-content\/uploads\/2024\/06\/8.png&#039;)\">\n\n\t\t\t\n\t\t\t\t\t<\/div>\n\t\t\t\t\t\t\t\t<\/div>\n\t\t\t\t\t\t\t\t\t\t\t<div class=\"swiper-slide\" role=\"group\" aria-roledescription=\"slide\">\n\t\t\t\t\t\t\t\t\t<div class=\"elementor-carousel-image lazyload\" role=\"img\" aria-label=\"Progetto senza titolo (4)\" style=\"background-image:inherit\" data-bg-image=\"url(&#039;https:\/\/www.fotolibera.com\/mif\/wp-content\/uploads\/2025\/07\/Progetto-senza-titolo-4.png&#039;)\">\n\n\t\t\t\n\t\t\t\t\t<\/div>\n\t\t\t\t\t\t\t\t<\/div>\n\t\t\t\t\t\t\t\t\t\t\t<div class=\"swiper-slide\" role=\"group\" aria-roledescription=\"slide\">\n\t\t\t\t\t\t\t\t\t<div class=\"elementor-carousel-image lazyload\" role=\"img\" aria-label=\"7\" style=\"background-image:inherit\" data-bg-image=\"url(&#039;https:\/\/www.fotolibera.com\/mif\/wp-content\/uploads\/2024\/06\/7.png&#039;)\">\n\n\t\t\t\n\t\t\t\t\t<\/div>\n\t\t\t\t\t\t\t\t<\/div>\n\t\t\t\t\t\t\t\t\t\t\t<div class=\"swiper-slide\" role=\"group\" aria-roledescription=\"slide\">\n\t\t\t\t\t\t\t\t\t<div class=\"elementor-carousel-image lazyload\" role=\"img\" aria-label=\"6\" style=\"background-image:inherit\" data-bg-image=\"url(&#039;https:\/\/www.fotolibera.com\/mif\/wp-content\/uploads\/2024\/06\/6-1.png&#039;)\">\n\n\t\t\t\n\t\t\t\t\t<\/div>\n\t\t\t\t\t\t\t\t<\/div>\n\t\t\t\t\t\t\t\t\t\t\t<div class=\"swiper-slide\" role=\"group\" aria-roledescription=\"slide\">\n\t\t\t\t\t\t\t\t\t<div class=\"elementor-carousel-image lazyload\" role=\"img\" aria-label=\"3\" style=\"background-image:inherit\" data-bg-image=\"url(&#039;https:\/\/www.fotolibera.com\/mif\/wp-content\/uploads\/2024\/06\/3-2.png&#039;)\">\n\n\t\t\t\n\t\t\t\t\t<\/div>\n\t\t\t\t\t\t\t\t<\/div>\n\t\t\t\t\t\t\t\t\t\t\t<div class=\"swiper-slide\" role=\"group\" aria-roledescription=\"slide\">\n\t\t\t\t\t\t\t\t\t<div class=\"elementor-carousel-image lazyload\" role=\"img\" aria-label=\"2\" style=\"background-image:inherit\" data-bg-image=\"url(&#039;https:\/\/www.fotolibera.com\/mif\/wp-content\/uploads\/2024\/06\/2-2.png&#039;)\">\n\n\t\t\t\n\t\t\t\t\t<\/div>\n\t\t\t\t\t\t\t\t<\/div>\n\t\t\t\t\t\t\t\t\t\t\t<div class=\"swiper-slide\" role=\"group\" aria-roledescription=\"slide\">\n\t\t\t\t\t\t\t\t\t<div class=\"elementor-carousel-image lazyload\" role=\"img\" aria-label=\"1\" style=\"background-image:inherit\" data-bg-image=\"url(&#039;https:\/\/www.fotolibera.com\/mif\/wp-content\/uploads\/2024\/06\/1-2.png&#039;)\">\n\n\t\t\t\n\t\t\t\t\t<\/div>\n\t\t\t\t\t\t\t\t<\/div>\n\t\t\t\t\t\t\t\t\t\t\t<div class=\"swiper-slide\" role=\"group\" aria-roledescription=\"slide\">\n\t\t\t\t\t\t\t\t\t<div class=\"elementor-carousel-image lazyload\" role=\"img\" aria-label=\"Progetto senza titolo (2)\" style=\"background-image:inherit\" data-bg-image=\"url(&#039;https:\/\/www.fotolibera.com\/mif\/wp-content\/uploads\/2024\/06\/Progetto-senza-titolo-2.png&#039;)\">\n\n\t\t\t\n\t\t\t\t\t<\/div>\n\t\t\t\t\t\t\t\t<\/div>\n\t\t\t\t\t\t\t\t\t\t\t<div class=\"swiper-slide\" role=\"group\" aria-roledescription=\"slide\">\n\t\t\t\t\t\t\t\t\t<div class=\"elementor-carousel-image lazyload\" role=\"img\" aria-label=\"10\" style=\"background-image:inherit\" data-bg-image=\"url(&#039;https:\/\/www.fotolibera.com\/mif\/wp-content\/uploads\/2024\/06\/10.png&#039;)\">\n\n\t\t\t\n\t\t\t\t\t<\/div>\n\t\t\t\t\t\t\t\t<\/div>\n\t\t\t\t\t\t\t\t\t\t\t<div class=\"swiper-slide\" role=\"group\" aria-roledescription=\"slide\">\n\t\t\t\t\t\t\t\t\t<div class=\"elementor-carousel-image lazyload\" role=\"img\" aria-label=\"13\" style=\"background-image:inherit\" data-bg-image=\"url(&#039;https:\/\/www.fotolibera.com\/mif\/wp-content\/uploads\/2024\/06\/13.png&#039;)\">\n\n\t\t\t\n\t\t\t\t\t<\/div>\n\t\t\t\t\t\t\t\t<\/div>\n\t\t\t\t\t\t\t\t\t\t\t<div class=\"swiper-slide\" role=\"group\" aria-roledescription=\"slide\">\n\t\t\t\t\t\t\t\t\t<div class=\"elementor-carousel-image lazyload\" role=\"img\" aria-label=\"22\" style=\"background-image:inherit\" data-bg-image=\"url(&#039;https:\/\/www.fotolibera.com\/mif\/wp-content\/uploads\/2024\/06\/22.png&#039;)\">\n\n\t\t\t\n\t\t\t\t\t<\/div>\n\t\t\t\t\t\t\t\t<\/div>\n\t\t\t\t\t\t\t\t\t\t\t<div class=\"swiper-slide\" role=\"group\" aria-roledescription=\"slide\">\n\t\t\t\t\t\t\t\t\t<div class=\"elementor-carousel-image lazyload\" role=\"img\" aria-label=\"18\" style=\"background-image:inherit\" data-bg-image=\"url(&#039;https:\/\/www.fotolibera.com\/mif\/wp-content\/uploads\/2024\/06\/18.png&#039;)\">\n\n\t\t\t\n\t\t\t\t\t<\/div>\n\t\t\t\t\t\t\t\t<\/div>\n\t\t\t\t\t\t\t\t\t\t\t<div class=\"swiper-slide\" role=\"group\" aria-roledescription=\"slide\">\n\t\t\t\t\t\t\t\t\t<div class=\"elementor-carousel-image lazyload\" role=\"img\" aria-label=\"Progetto senza titolo (2)\" style=\"background-image:inherit\" data-bg-image=\"url(&#039;https:\/\/www.fotolibera.com\/mif\/wp-content\/uploads\/2025\/07\/Progetto-senza-titolo-2.png&#039;)\">\n\n\t\t\t\n\t\t\t\t\t<\/div>\n\t\t\t\t\t\t\t\t<\/div>\n\t\t\t\t\t\t\t\t\t\t\t<div class=\"swiper-slide\" role=\"group\" aria-roledescription=\"slide\">\n\t\t\t\t\t\t\t\t\t<div class=\"elementor-carousel-image lazyload\" role=\"img\" aria-label=\"Progetto senza titolo (3)\" style=\"background-image:inherit\" data-bg-image=\"url(&#039;https:\/\/www.fotolibera.com\/mif\/wp-content\/uploads\/2025\/07\/Progetto-senza-titolo-3.png&#039;)\">\n\n\t\t\t\n\t\t\t\t\t<\/div>\n\t\t\t\t\t\t\t\t<\/div>\n\t\t\t\t\t\t\t\t\t<\/div>\n\t\t\t\t\t\t\t\t\t\t\t\t\t\t\t\t\t\t\t\t\t<\/div>\n\t\t\t\t<\/div>\n\t\t\t\t\t\t\t\t<\/div>\n\t\t\t\t<\/div>\n\t\t\t\t\t<\/div>\n\t\t<\/div>\n\t\t\t\t\t<\/div>\n\t\t<\/section>\n\t\t\t\t<section class=\"elementor-section elementor-top-section elementor-element elementor-element-cc96c24 elementor-section-boxed elementor-section-height-default elementor-section-height-default parallax_section_no qode_elementor_container_no\" data-id=\"cc96c24\" data-element_type=\"section\">\n\t\t\t\t\t\t<div class=\"elementor-container elementor-column-gap-default\">\n\t\t\t\t\t<div class=\"elementor-column elementor-col-100 elementor-top-column elementor-element elementor-element-45771fc\" data-id=\"45771fc\" data-element_type=\"column\">\n\t\t\t<div class=\"elementor-widget-wrap elementor-element-populated\">\n\t\t\t\t\t\t<div class=\"elementor-element elementor-element-91b273b elementor-widget-divider--view-line elementor-widget elementor-widget-divider\" data-id=\"91b273b\" data-element_type=\"widget\" data-widget_type=\"divider.default\">\n\t\t\t\t<div class=\"elementor-widget-container\">\n\t\t\t\t\t\t\t<div class=\"elementor-divider\">\n\t\t\t<span class=\"elementor-divider-separator\">\n\t\t\t\t\t\t<\/span>\n\t\t<\/div>\n\t\t\t\t\t\t<\/div>\n\t\t\t\t<\/div>\n\t\t\t\t\t<\/div>\n\t\t<\/div>\n\t\t\t\t\t<\/div>\n\t\t<\/section>\n\t\t\t\t<\/div>\n\t\t","protected":false},"excerpt":{"rendered":"<p>Merate Incontra la Fotografia\u00a0 Dal 04 Ottobre al 26 Ottobre 2025 Merate incontra la fotografia dal 2014 ad oggi, ha attratto un pubblico sempre pi\u00f9 attento e sensibile alla visione fotografica del mondo, attraverso la presenza di autori e mostre di alto livello, ma anche&#8230;<\/p>\n","protected":false},"author":1,"featured_media":0,"parent":0,"menu_order":0,"comment_status":"closed","ping_status":"closed","template":"full_width.php","meta":{"footnotes":""},"class_list":["post-258","page","type-page","status-publish","hentry"],"yoast_head":"<!-- This site is optimized with the Yoast SEO plugin v25.8 - https:\/\/yoast.com\/wordpress\/plugins\/seo\/ -->\n<title>Home - MIF<\/title>\n<meta name=\"description\" content=\"Home page della manifestazione Merate Incontra la Fotografia otganizzata da FotoLibera A.PS. e Passione Fotografia Galbiate\" \/>\n<meta name=\"robots\" content=\"index, follow, max-snippet:-1, max-image-preview:large, max-video-preview:-1\" \/>\n<link rel=\"canonical\" href=\"https:\/\/www.fotolibera.com\/mif\/\" \/>\n<meta property=\"og:locale\" content=\"it_IT\" \/>\n<meta property=\"og:type\" content=\"article\" \/>\n<meta property=\"og:title\" content=\"Home - MIF\" \/>\n<meta property=\"og:description\" content=\"Home page della manifestazione Merate Incontra la Fotografia otganizzata da FotoLibera A.PS. e Passione Fotografia Galbiate\" \/>\n<meta property=\"og:url\" content=\"https:\/\/www.fotolibera.com\/mif\/\" \/>\n<meta property=\"og:site_name\" content=\"MIF\" \/>\n<meta property=\"article:publisher\" content=\"https:\/\/www.facebook.com\/MIFMerate\/\" \/>\n<meta property=\"article:modified_time\" content=\"2025-07-21T18:24:30+00:00\" \/>\n<meta property=\"og:image\" content=\"https:\/\/www.fotolibera.com\/mif\/wp-content\/uploads\/2024\/06\/6-1.png\" \/>\n\t<meta property=\"og:image:width\" content=\"358\" \/>\n\t<meta property=\"og:image:height\" content=\"229\" \/>\n\t<meta property=\"og:image:type\" content=\"image\/png\" \/>\n<meta name=\"twitter:card\" content=\"summary_large_image\" \/>\n<meta name=\"twitter:label1\" content=\"Tempo di lettura stimato\" \/>\n\t<meta name=\"twitter:data1\" content=\"14 minuti\" \/>\n<script type=\"application\/ld+json\" class=\"yoast-schema-graph\">{\"@context\":\"https:\/\/schema.org\",\"@graph\":[{\"@type\":\"WebPage\",\"@id\":\"https:\/\/www.fotolibera.com\/mif\/\",\"url\":\"https:\/\/www.fotolibera.com\/mif\/\",\"name\":\"Home - MIF\",\"isPartOf\":{\"@id\":\"https:\/\/www.fotolibera.com\/mif\/#website\"},\"primaryImageOfPage\":{\"@id\":\"https:\/\/www.fotolibera.com\/mif\/#primaryimage\"},\"image\":{\"@id\":\"https:\/\/www.fotolibera.com\/mif\/#primaryimage\"},\"thumbnailUrl\":\"https:\/\/www.fotolibera.com\/mif\/wp-content\/uploads\/2024\/06\/M.I.F.png\",\"datePublished\":\"2020-04-16T10:55:19+00:00\",\"dateModified\":\"2025-07-21T18:24:30+00:00\",\"description\":\"Home page della manifestazione Merate Incontra la Fotografia otganizzata da FotoLibera A.PS. e Passione Fotografia Galbiate\",\"breadcrumb\":{\"@id\":\"https:\/\/www.fotolibera.com\/mif\/#breadcrumb\"},\"inLanguage\":\"it-IT\",\"potentialAction\":[{\"@type\":\"ReadAction\",\"target\":[\"https:\/\/www.fotolibera.com\/mif\/\"]}]},{\"@type\":\"ImageObject\",\"inLanguage\":\"it-IT\",\"@id\":\"https:\/\/www.fotolibera.com\/mif\/#primaryimage\",\"url\":\"https:\/\/www.fotolibera.com\/mif\/wp-content\/uploads\/2024\/06\/M.I.F.png\",\"contentUrl\":\"https:\/\/www.fotolibera.com\/mif\/wp-content\/uploads\/2024\/06\/M.I.F.png\",\"width\":689,\"height\":97},{\"@type\":\"BreadcrumbList\",\"@id\":\"https:\/\/www.fotolibera.com\/mif\/#breadcrumb\",\"itemListElement\":[{\"@type\":\"ListItem\",\"position\":1,\"name\":\"Home\",\"item\":\"https:\/\/www.fotolibera.com\/mif\/\"},{\"@type\":\"ListItem\",\"position\":2,\"name\":\"Home\"}]},{\"@type\":\"WebSite\",\"@id\":\"https:\/\/www.fotolibera.com\/mif\/#website\",\"url\":\"https:\/\/www.fotolibera.com\/mif\/\",\"name\":\"MIF\",\"description\":\"Merate Incontra la Fotografia\",\"publisher\":{\"@id\":\"https:\/\/www.fotolibera.com\/mif\/#organization\"},\"potentialAction\":[{\"@type\":\"SearchAction\",\"target\":{\"@type\":\"EntryPoint\",\"urlTemplate\":\"https:\/\/www.fotolibera.com\/mif\/?s={search_term_string}\"},\"query-input\":{\"@type\":\"PropertyValueSpecification\",\"valueRequired\":true,\"valueName\":\"search_term_string\"}}],\"inLanguage\":\"it-IT\"},{\"@type\":\"Organization\",\"@id\":\"https:\/\/www.fotolibera.com\/mif\/#organization\",\"name\":\"Fotolibera A.P.S\",\"url\":\"https:\/\/www.fotolibera.com\/mif\/\",\"logo\":{\"@type\":\"ImageObject\",\"inLanguage\":\"it-IT\",\"@id\":\"https:\/\/www.fotolibera.com\/mif\/#\/schema\/logo\/image\/\",\"url\":\"https:\/\/www.fotolibera.com\/mif\/wp-content\/uploads\/2023\/07\/logo1.png\",\"contentUrl\":\"https:\/\/www.fotolibera.com\/mif\/wp-content\/uploads\/2023\/07\/logo1.png\",\"width\":350,\"height\":100,\"caption\":\"Fotolibera A.P.S\"},\"image\":{\"@id\":\"https:\/\/www.fotolibera.com\/mif\/#\/schema\/logo\/image\/\"},\"sameAs\":[\"https:\/\/www.facebook.com\/MIFMerate\/\"]}]}<\/script>\n<!-- \/ Yoast SEO plugin. -->","yoast_head_json":{"title":"Home - MIF","description":"Home page della manifestazione Merate Incontra la Fotografia otganizzata da FotoLibera A.PS. e Passione Fotografia Galbiate","robots":{"index":"index","follow":"follow","max-snippet":"max-snippet:-1","max-image-preview":"max-image-preview:large","max-video-preview":"max-video-preview:-1"},"canonical":"https:\/\/www.fotolibera.com\/mif\/","og_locale":"it_IT","og_type":"article","og_title":"Home - MIF","og_description":"Home page della manifestazione Merate Incontra la Fotografia otganizzata da FotoLibera A.PS. e Passione Fotografia Galbiate","og_url":"https:\/\/www.fotolibera.com\/mif\/","og_site_name":"MIF","article_publisher":"https:\/\/www.facebook.com\/MIFMerate\/","article_modified_time":"2025-07-21T18:24:30+00:00","og_image":[{"width":358,"height":229,"url":"https:\/\/www.fotolibera.com\/mif\/wp-content\/uploads\/2024\/06\/6-1.png","type":"image\/png"}],"twitter_card":"summary_large_image","twitter_misc":{"Tempo di lettura stimato":"14 minuti"},"schema":{"@context":"https:\/\/schema.org","@graph":[{"@type":"WebPage","@id":"https:\/\/www.fotolibera.com\/mif\/","url":"https:\/\/www.fotolibera.com\/mif\/","name":"Home - MIF","isPartOf":{"@id":"https:\/\/www.fotolibera.com\/mif\/#website"},"primaryImageOfPage":{"@id":"https:\/\/www.fotolibera.com\/mif\/#primaryimage"},"image":{"@id":"https:\/\/www.fotolibera.com\/mif\/#primaryimage"},"thumbnailUrl":"https:\/\/www.fotolibera.com\/mif\/wp-content\/uploads\/2024\/06\/M.I.F.png","datePublished":"2020-04-16T10:55:19+00:00","dateModified":"2025-07-21T18:24:30+00:00","description":"Home page della manifestazione Merate Incontra la Fotografia otganizzata da FotoLibera A.PS. e Passione Fotografia Galbiate","breadcrumb":{"@id":"https:\/\/www.fotolibera.com\/mif\/#breadcrumb"},"inLanguage":"it-IT","potentialAction":[{"@type":"ReadAction","target":["https:\/\/www.fotolibera.com\/mif\/"]}]},{"@type":"ImageObject","inLanguage":"it-IT","@id":"https:\/\/www.fotolibera.com\/mif\/#primaryimage","url":"https:\/\/www.fotolibera.com\/mif\/wp-content\/uploads\/2024\/06\/M.I.F.png","contentUrl":"https:\/\/www.fotolibera.com\/mif\/wp-content\/uploads\/2024\/06\/M.I.F.png","width":689,"height":97},{"@type":"BreadcrumbList","@id":"https:\/\/www.fotolibera.com\/mif\/#breadcrumb","itemListElement":[{"@type":"ListItem","position":1,"name":"Home","item":"https:\/\/www.fotolibera.com\/mif\/"},{"@type":"ListItem","position":2,"name":"Home"}]},{"@type":"WebSite","@id":"https:\/\/www.fotolibera.com\/mif\/#website","url":"https:\/\/www.fotolibera.com\/mif\/","name":"MIF","description":"Merate Incontra la Fotografia","publisher":{"@id":"https:\/\/www.fotolibera.com\/mif\/#organization"},"potentialAction":[{"@type":"SearchAction","target":{"@type":"EntryPoint","urlTemplate":"https:\/\/www.fotolibera.com\/mif\/?s={search_term_string}"},"query-input":{"@type":"PropertyValueSpecification","valueRequired":true,"valueName":"search_term_string"}}],"inLanguage":"it-IT"},{"@type":"Organization","@id":"https:\/\/www.fotolibera.com\/mif\/#organization","name":"Fotolibera A.P.S","url":"https:\/\/www.fotolibera.com\/mif\/","logo":{"@type":"ImageObject","inLanguage":"it-IT","@id":"https:\/\/www.fotolibera.com\/mif\/#\/schema\/logo\/image\/","url":"https:\/\/www.fotolibera.com\/mif\/wp-content\/uploads\/2023\/07\/logo1.png","contentUrl":"https:\/\/www.fotolibera.com\/mif\/wp-content\/uploads\/2023\/07\/logo1.png","width":350,"height":100,"caption":"Fotolibera A.P.S"},"image":{"@id":"https:\/\/www.fotolibera.com\/mif\/#\/schema\/logo\/image\/"},"sameAs":["https:\/\/www.facebook.com\/MIFMerate\/"]}]}},"_links":{"self":[{"href":"https:\/\/www.fotolibera.com\/mif\/wp-json\/wp\/v2\/pages\/258","targetHints":{"allow":["GET"]}}],"collection":[{"href":"https:\/\/www.fotolibera.com\/mif\/wp-json\/wp\/v2\/pages"}],"about":[{"href":"https:\/\/www.fotolibera.com\/mif\/wp-json\/wp\/v2\/types\/page"}],"author":[{"embeddable":true,"href":"https:\/\/www.fotolibera.com\/mif\/wp-json\/wp\/v2\/users\/1"}],"replies":[{"embeddable":true,"href":"https:\/\/www.fotolibera.com\/mif\/wp-json\/wp\/v2\/comments?post=258"}],"version-history":[{"count":307,"href":"https:\/\/www.fotolibera.com\/mif\/wp-json\/wp\/v2\/pages\/258\/revisions"}],"predecessor-version":[{"id":2949,"href":"https:\/\/www.fotolibera.com\/mif\/wp-json\/wp\/v2\/pages\/258\/revisions\/2949"}],"wp:attachment":[{"href":"https:\/\/www.fotolibera.com\/mif\/wp-json\/wp\/v2\/media?parent=258"}],"curies":[{"name":"wp","href":"https:\/\/api.w.org\/{rel}","templated":true}]}}